{"id":1400,"date":"2021-02-27T20:55:17","date_gmt":"2021-02-27T19:55:17","guid":{"rendered":"http:\/\/szonyimuzeum.hu\/?page_id=1400"},"modified":"2025-11-08T19:32:35","modified_gmt":"2025-11-08T18:32:35","slug":"korabbi-esemenyek","status":"publish","type":"page","link":"https:\/\/szonyimuzeum.hu\/en\/korabbi-esemenyek\/","title":{"rendered":"Past events"},"content":{"rendered":"<div data-elementor-type=\"wp-page\" data-elementor-id=\"1400\" class=\"elementor elementor-1400\" data-elementor-post-type=\"page\">\n\t\t\t\t\t\t<section class=\"elementor-section elementor-top-section elementor-element elementor-element-236abc3d elementor-section-boxed elementor-section-height-default elementor-section-height-default\" data-id=\"236abc3d\" data-element_type=\"section\" id=\"top\" data-settings=\"{&quot;background_background&quot;:&quot;classic&quot;,&quot;shape_divider_bottom&quot;:&quot;wave-brush&quot;}\">\n\t\t\t\t\t\t\t<div class=\"elementor-background-overlay\"><\/div>\n\t\t\t\t\t\t<div class=\"elementor-shape elementor-shape-bottom\" data-negative=\"false\">\n\t\t\t<svg xmlns=\"http:\/\/www.w3.org\/2000\/svg\" viewbox=\"0 0 283.5 27.8\" preserveaspectratio=\"none\">\n\t<path class=\"elementor-shape-fill\" d=\"M283.5,9.7c0,0-7.3,4.3-14,4.6c-6.8,0.3-12.6,0-20.9-1.5c-11.3-2-33.1-10.1-44.7-5.7\ts-12.1,4.6-18,7.4c-6.6,3.2-20,9.6-36.6,9.3C131.6,23.5,99.5,7.2,86.3,8c-1.4,0.1-6.6,0.8-10.5,2c-3.8,1.2-9.4,3.8-17,4.7\tc-3.2,0.4-8.3,1.1-14.2,0.9c-1.5-0.1-6.3-0.4-12-1.6c-5.7-1.2-11-3.1-15.8-3.7C6.5,9.2,0,10.8,0,10.8V0h283.5V9.7z M260.8,11.3\tc-0.7-1-2-0.4-4.3-0.4c-2.3,0-6.1-1.2-5.8-1.1c0.3,0.1,3.1,1.5,6,1.9C259.7,12.2,261.4,12.3,260.8,11.3z M242.4,8.6\tc0,0-2.4-0.2-5.6-0.9c-3.2-0.8-10.3-2.8-15.1-3.5c-8.2-1.1-15.8,0-15.1,0.1c0.8,0.1,9.6-0.6,17.6,1.1c3.3,0.7,9.3,2.2,12.4,2.7\tC239.9,8.7,242.4,8.6,242.4,8.6z M185.2,8.5c1.7-0.7-13.3,4.7-18.5,6.1c-2.1,0.6-6.2,1.6-10,2c-3.9,0.4-8.9,0.4-8.8,0.5\tc0,0.2,5.8,0.8,11.2,0c5.4-0.8,5.2-1.1,7.6-1.6C170.5,14.7,183.5,9.2,185.2,8.5z M199.1,6.9c0.2,0-0.8-0.4-4.8,1.1\tc-4,1.5-6.7,3.5-6.9,3.7c-0.2,0.1,3.5-1.8,6.6-3C197,7.5,199,6.9,199.1,6.9z M283,6c-0.1,0.1-1.9,1.1-4.8,2.5s-6.9,2.8-6.7,2.7\tc0.2,0,3.5-0.6,7.4-2.5C282.8,6.8,283.1,5.9,283,6z M31.3,11.6c0.1-0.2-1.9-0.2-4.5-1.2s-5.4-1.6-7.8-2C15,7.6,7.3,8.5,7.7,8.6\tC8,8.7,15.9,8.3,20.2,9.3c2.2,0.5,2.4,0.5,5.7,1.6S31.2,11.9,31.3,11.6z M73,9.2c0.4-0.1,3.5-1.6,8.4-2.6c4.9-1.1,8.9-0.5,8.9-0.8\tc0-0.3-1-0.9-6.2-0.3S72.6,9.3,73,9.2z M71.6,6.7C71.8,6.8,75,5.4,77.3,5c2.3-0.3,1.9-0.5,1.9-0.6c0-0.1-1.1-0.2-2.7,0.2\tC74.8,5.1,71.4,6.6,71.6,6.7z M93.6,4.4c0.1,0.2,3.5,0.8,5.6,1.8c2.1,1,1.8,0.6,1.9,0.5c0.1-0.1-0.8-0.8-2.4-1.3\tC97.1,4.8,93.5,4.2,93.6,4.4z M65.4,11.1c-0.1,0.3,0.3,0.5,1.9-0.2s2.6-1.3,2.2-1.2s-0.9,0.4-2.5,0.8C65.3,10.9,65.5,10.8,65.4,11.1\tz M34.5,12.4c-0.2,0,2.1,0.8,3.3,0.9c1.2,0.1,2,0.1,2-0.2c0-0.3-0.1-0.5-1.6-0.4C36.6,12.8,34.7,12.4,34.5,12.4z M152.2,21.1\tc-0.1,0.1-2.4-0.3-7.5-0.3c-5,0-13.6-2.4-17.2-3.5c-3.6-1.1,10,3.9,16.5,4.1C150.5,21.6,152.3,21,152.2,21.1z\"\/>\n\t<path class=\"elementor-shape-fill\" d=\"M269.6,18c-0.1-0.1-4.6,0.3-7.2,0c-7.3-0.7-17-3.2-16.6-2.9c0.4,0.3,13.7,3.1,17,3.3\tC267.7,18.8,269.7,18,269.6,18z\"\/>\n\t<path class=\"elementor-shape-fill\" d=\"M227.4,9.8c-0.2-0.1-4.5-1-9.5-1.2c-5-0.2-12.7,0.6-12.3,0.5c0.3-0.1,5.9-1.8,13.3-1.2\tS227.6,9.9,227.4,9.8z\"\/>\n\t<path class=\"elementor-shape-fill\" d=\"M204.5,13.4c-0.1-0.1,2-1,3.2-1.1c1.2-0.1,2,0,2,0.3c0,0.3-0.1,0.5-1.6,0.4\tC206.4,12.9,204.6,13.5,204.5,13.4z\"\/>\n\t<path class=\"elementor-shape-fill\" d=\"M201,10.6c0-0.1-4.4,1.2-6.3,2.2c-1.9,0.9-6.2,3.1-6.1,3.1c0.1,0.1,4.2-1.6,6.3-2.6\tS201,10.7,201,10.6z\"\/>\n\t<path class=\"elementor-shape-fill\" d=\"M154.5,26.7c-0.1-0.1-4.6,0.3-7.2,0c-7.3-0.7-17-3.2-16.6-2.9c0.4,0.3,13.7,3.1,17,3.3\tC152.6,27.5,154.6,26.8,154.5,26.7z\"\/>\n\t<path class=\"elementor-shape-fill\" d=\"M41.9,19.3c0,0,1.2-0.3,2.9-0.1c1.7,0.2,5.8,0.9,8.2,0.7c4.2-0.4,7.4-2.7,7-2.6\tc-0.4,0-4.3,2.2-8.6,1.9c-1.8-0.1-5.1-0.5-6.7-0.4S41.9,19.3,41.9,19.3z\"\/>\n\t<path class=\"elementor-shape-fill\" d=\"M75.5,12.6c0.2,0.1,2-0.8,4.3-1.1c2.3-0.2,2.1-0.3,2.1-0.5c0-0.1-1.8-0.4-3.4,0\tC76.9,11.5,75.3,12.5,75.5,12.6z\"\/>\n\t<path class=\"elementor-shape-fill\" d=\"M15.6,13.2c0-0.1,4.3,0,6.7,0.5c2.4,0.5,5,1.9,5,2c0,0.1-2.7-0.8-5.1-1.4\tC19.9,13.7,15.7,13.3,15.6,13.2z\"\/>\n<\/svg>\t\t<\/div>\n\t\t\t\t\t<div class=\"elementor-container elementor-column-gap-default\">\n\t\t\t\t\t<div class=\"elementor-column elementor-col-100 elementor-top-column elementor-element elementor-element-6ad475c5\" data-id=\"6ad475c5\" data-element_type=\"column\">\n\t\t\t<div class=\"elementor-widget-wrap elementor-element-populated\">\n\t\t\t\t\t\t<div class=\"elementor-element elementor-element-53721f0 elementor-widget elementor-widget-heading\" data-id=\"53721f0\" data-element_type=\"widget\" data-widget_type=\"heading.default\">\n\t\t\t\t<div class=\"elementor-widget-container\">\n\t\t\t\t\t<h2 class=\"elementor-heading-title elementor-size-default\">Past events<\/h2>\t\t\t\t<\/div>\n\t\t\t\t<\/div>\n\t\t\t\t\t<\/div>\n\t\t<\/div>\n\t\t\t\t\t<\/div>\n\t\t<\/section>\n\t\t<div class=\"elementor-element elementor-element-6b3f380 e-flex e-con-boxed e-con e-parent\" data-id=\"6b3f380\" data-element_type=\"container\">\n\t\t\t\t\t<div class=\"e-con-inner\">\n\t\t<div class=\"elementor-element elementor-element-5ad8553 e-con-full e-flex e-con e-child\" data-id=\"5ad8553\" data-element_type=\"container\">\n\t\t\t\t<div class=\"elementor-element elementor-element-1557f84 elementor-widget elementor-widget-text-editor\" data-id=\"1557f84\" data-element_type=\"widget\" data-widget_type=\"text-editor.default\">\n\t\t\t\t<div class=\"elementor-widget-container\">\n\t\t\t\t\t\t\t\t\t<p><span style=\"color: #7393b3;\"><strong>24 May 2025 - 2 November 2025.<\/strong><\/span><\/p>\n<div dir=\"ltr\"><strong>At home,\u00a0<em>Sweet<\/em>\u00a0home<br \/><\/strong><strong>Intimate spaces, talkative objects - intimism in the art of Istv\u00e1n Sz\u0151nyi<\/strong><\/div>\n<div dir=\"ltr\">\u00a0<\/div>\n<div dir=\"ltr\">Thematic exhibition series of Istv\u00e1n Sz\u0151nyi's graphic works\u00a0<em>fourth<\/em>\u00a0came to the exhibition.\u00a0<em>Village life<\/em>,\u00a0<em>Life on the waterfront<\/em>, and the\u00a0<em>Father and daughter<\/em>\u00a0After temporary exhibitions, the current theme is Istv\u00e1n Sz\u0151nyi's home, the interior and exterior spaces surrounding him, and mainly his home in Zebeg\u00e9ny.<\/div>\n<div dir=\"ltr\">\u00a0<\/div>\n<p><!-- \/wp:paragraph --><!-- wp:paragraph --><\/p>\n<p><!-- \/wp:paragraph --><\/p>\n<p><!-- wp:audio --><\/p>\t\t\t\t\t\t\t\t<\/div>\n\t\t\t\t<\/div>\n\t\t\t\t<\/div>\n\t\t<div class=\"elementor-element elementor-element-10a7c0b e-con-full e-flex e-con e-child\" data-id=\"10a7c0b\" data-element_type=\"container\">\n\t\t\t\t<div class=\"elementor-element elementor-element-a323874 elementor-widget elementor-widget-gallery\" data-id=\"a323874\" data-element_type=\"widget\" data-settings=\"{&quot;gallery_layout&quot;:&quot;justified&quot;,&quot;lazyload&quot;:&quot;yes&quot;,&quot;ideal_row_height&quot;:{&quot;unit&quot;:&quot;px&quot;,&quot;size&quot;:200,&quot;sizes&quot;:[]},&quot;ideal_row_height_laptop&quot;:{&quot;unit&quot;:&quot;px&quot;,&quot;size&quot;:150,&quot;sizes&quot;:[]},&quot;ideal_row_height_tablet&quot;:{&quot;unit&quot;:&quot;px&quot;,&quot;size&quot;:150,&quot;sizes&quot;:[]},&quot;ideal_row_height_mobile&quot;:{&quot;unit&quot;:&quot;px&quot;,&quot;size&quot;:150,&quot;sizes&quot;:[]},&quot;gap&quot;:{&quot;unit&quot;:&quot;px&quot;,&quot;size&quot;:10,&quot;sizes&quot;:[]},&quot;gap_laptop&quot;:{&quot;unit&quot;:&quot;px&quot;,&quot;size&quot;:10,&quot;sizes&quot;:[]},&quot;gap_tablet&quot;:{&quot;unit&quot;:&quot;px&quot;,&quot;size&quot;:10,&quot;sizes&quot;:[]},&quot;gap_mobile&quot;:{&quot;unit&quot;:&quot;px&quot;,&quot;size&quot;:10,&quot;sizes&quot;:[]},&quot;link_to&quot;:&quot;file&quot;,&quot;overlay_background&quot;:&quot;yes&quot;,&quot;content_hover_animation&quot;:&quot;fade-in&quot;}\" data-widget_type=\"gallery.default\">\n\t\t\t\t<div class=\"elementor-widget-container\">\n\t\t\t\t\t\t\t<div class=\"elementor-gallery__container\">\n\t\t\t\t\t\t\t<a class=\"e-gallery-item elementor-gallery-item elementor-animated-content\" href=\"https:\/\/szonyimuzeum.hu\/wp-content\/uploads\/2025\/11\/IMG_0193.jpg\">\n\t\t\t\t\t<div class=\"e-gallery-image elementor-gallery-item__image\" data-thumbnail=\"https:\/\/szonyimuzeum.hu\/wp-content\/uploads\/2025\/11\/IMG_0193.jpg\" data-width=\"226\" data-height=\"320\" aria-label=\"\" role=\"img\" ><\/div>\n\t\t\t\t\t\t\t\t\t\t\t<div class=\"elementor-gallery-item__overlay\"><\/div>\n\t\t\t\t\t\t\t\t\t\t\t\t\t\t<\/a>\n\t\t\t\t\t\t\t<a class=\"e-gallery-item elementor-gallery-item elementor-animated-content\" href=\"https:\/\/szonyimuzeum.hu\/wp-content\/uploads\/2025\/11\/IMG_1332.jpg\">\n\t\t\t\t\t<div class=\"e-gallery-image elementor-gallery-item__image\" data-thumbnail=\"https:\/\/szonyimuzeum.hu\/wp-content\/uploads\/2025\/11\/IMG_1332.jpg\" data-width=\"320\" data-height=\"320\" aria-label=\"\" role=\"img\" ><\/div>\n\t\t\t\t\t\t\t\t\t\t\t<div class=\"elementor-gallery-item__overlay\"><\/div>\n\t\t\t\t\t\t\t\t\t\t\t\t\t\t<\/a>\n\t\t\t\t\t\t\t<a class=\"e-gallery-item elementor-gallery-item elementor-animated-content\" href=\"https:\/\/szonyimuzeum.hu\/wp-content\/uploads\/2025\/07\/01_Otthon-edes-otthon.jpg\">\n\t\t\t\t\t<div class=\"e-gallery-image elementor-gallery-item__image\" data-thumbnail=\"https:\/\/szonyimuzeum.hu\/wp-content\/uploads\/2025\/07\/01_Otthon-edes-otthon.jpg\" data-width=\"640\" data-height=\"480\" aria-label=\"\" role=\"img\" ><\/div>\n\t\t\t\t\t\t\t\t\t\t\t<div class=\"elementor-gallery-item__overlay\"><\/div>\n\t\t\t\t\t\t\t\t\t\t\t\t\t\t<\/a>\n\t\t\t\t\t\t\t<a class=\"e-gallery-item elementor-gallery-item elementor-animated-content\" href=\"https:\/\/szonyimuzeum.hu\/wp-content\/uploads\/2025\/07\/IMG_4541.jpg\">\n\t\t\t\t\t<div class=\"e-gallery-image elementor-gallery-item__image\" data-thumbnail=\"https:\/\/szonyimuzeum.hu\/wp-content\/uploads\/2025\/07\/IMG_4541.jpg\" data-width=\"640\" data-height=\"480\" aria-label=\"\" role=\"img\" ><\/div>\n\t\t\t\t\t\t\t\t\t\t\t<div class=\"elementor-gallery-item__overlay\"><\/div>\n\t\t\t\t\t\t\t\t\t\t\t\t\t\t<\/a>\n\t\t\t\t\t<\/div>\n\t\t\t\t\t<\/div>\n\t\t\t\t<\/div>\n\t\t\t\t<\/div>\n\t\t\t\t\t<\/div>\n\t\t\t\t<\/div>\n\t\t<div class=\"elementor-element elementor-element-35b06db e-flex e-con-boxed e-con e-parent\" data-id=\"35b06db\" data-element_type=\"container\">\n\t\t\t\t\t<div class=\"e-con-inner\">\n\t\t<div class=\"elementor-element elementor-element-c7d5104 e-con-full e-flex e-con e-child\" data-id=\"c7d5104\" data-element_type=\"container\">\n\t\t\t\t<div class=\"elementor-element elementor-element-931ac8c elementor-widget elementor-widget-text-editor\" data-id=\"931ac8c\" data-element_type=\"widget\" data-widget_type=\"text-editor.default\">\n\t\t\t\t<div class=\"elementor-widget-container\">\n\t\t\t\t\t\t\t\t\t<p><span style=\"color: #7393b3;\"><strong>28 November 2024 - 28 February 2025.<\/strong><\/span><\/p>\n<p class=\"has-text-color has-link-color\"><strong>GLI ANNI ROMANI DI SZ\u0150NYI \/ THE ROMANIAN YEARS OF SZ\u0150NYI An exhibition of Sz\u0151nyi's works opened at the end of November at the Hungarian Academy in Rome, in the former Palazzo Falconieri.\u00a0<\/strong><\/p>\n<div id=\"m_-7421574547664907169AppleMailSignature\" dir=\"ltr\">The exhibition was prepared and organised by our museum on the spot, using material from its own collection and from a private collection. The museum's four-strong team arrived in Rome before the Sz\u0151nyi works were exhibited, where we were eagerly awaiting the arrival of the paintings. The exhibition of Sz\u0151nyi's works from his last trip to Rome and the last year of his life afterwards was held in one of the most impressive spaces of the Academy building, the first floor of the Hall of Fame. It was here that we began to build the exhibition, which consists of forty works, mostly prints and one panel painting. The graphic works include individual gouaches, pen and ink drawings and etchings, with subjects depicting small towns, beaches and harbours around Rome.\u00a0<\/div>\n<div id=\"m_-7421574547664907169AppleMailSignature\" dir=\"ltr\">We worked at night, mainly to have time to explore Rome during the day. By midnight, all the artwork had been put up on the walls, and the next day we were left with the photographs that document Sz\u0151nyi's years in Rome. The photographs, taken in 1929, were taken by Sz\u0151nyi himself of his family and of the artists and their families who had been sent to Rome on state scholarships.<\/div>\n<div id=\"m_-7421574547664907169AppleMailSignature\" dir=\"ltr\">The photos are located in the lobby between the Ceremonial Staircase and the Ceremonial Corridor, helping to set the mood for the exhibition. Once everything was in place, we were satisfied that the marble-tiled space, with its mosaic floors, huge ceilings and huge windows overlooking the Tiber River, was a worthy setting for Sz\u0151nyi's work.\u00a0<\/div>\n<div dir=\"ltr\">\u00a0<\/div>\n<div dir=\"ltr\"><a href=\"https:\/\/szonyimuzeum.hu\/en\/gli-anni-romani-di-szonyi\/\">Istv\u00e1n Sz\u0151nyi's Roman years - exhibition<\/a><\/div>\n<p><!-- \/wp:paragraph --><!-- wp:paragraph --><\/p>\n<p><!-- \/wp:paragraph --><\/p>\n<p><!-- wp:audio --><\/p>\t\t\t\t\t\t\t\t<\/div>\n\t\t\t\t<\/div>\n\t\t\t\t<\/div>\n\t\t<div class=\"elementor-element elementor-element-0348f6a e-con-full e-flex e-con e-child\" data-id=\"0348f6a\" data-element_type=\"container\">\n\t\t\t\t<div class=\"elementor-element elementor-element-7181b1c elementor-widget elementor-widget-gallery\" data-id=\"7181b1c\" data-element_type=\"widget\" data-settings=\"{&quot;gallery_layout&quot;:&quot;justified&quot;,&quot;lazyload&quot;:&quot;yes&quot;,&quot;ideal_row_height&quot;:{&quot;unit&quot;:&quot;px&quot;,&quot;size&quot;:200,&quot;sizes&quot;:[]},&quot;ideal_row_height_laptop&quot;:{&quot;unit&quot;:&quot;px&quot;,&quot;size&quot;:150,&quot;sizes&quot;:[]},&quot;ideal_row_height_tablet&quot;:{&quot;unit&quot;:&quot;px&quot;,&quot;size&quot;:150,&quot;sizes&quot;:[]},&quot;ideal_row_height_mobile&quot;:{&quot;unit&quot;:&quot;px&quot;,&quot;size&quot;:150,&quot;sizes&quot;:[]},&quot;gap&quot;:{&quot;unit&quot;:&quot;px&quot;,&quot;size&quot;:10,&quot;sizes&quot;:[]},&quot;gap_laptop&quot;:{&quot;unit&quot;:&quot;px&quot;,&quot;size&quot;:10,&quot;sizes&quot;:[]},&quot;gap_tablet&quot;:{&quot;unit&quot;:&quot;px&quot;,&quot;size&quot;:10,&quot;sizes&quot;:[]},&quot;gap_mobile&quot;:{&quot;unit&quot;:&quot;px&quot;,&quot;size&quot;:10,&quot;sizes&quot;:[]},&quot;link_to&quot;:&quot;file&quot;,&quot;overlay_background&quot;:&quot;yes&quot;,&quot;content_hover_animation&quot;:&quot;fade-in&quot;}\" data-widget_type=\"gallery.default\">\n\t\t\t\t<div class=\"elementor-widget-container\">\n\t\t\t\t\t\t\t<div class=\"elementor-gallery__container\">\n\t\t\t\t\t\t\t<a class=\"e-gallery-item elementor-gallery-item elementor-animated-content\" href=\"https:\/\/szonyimuzeum.hu\/wp-content\/uploads\/2025\/11\/IMG_1325.jpg\">\n\t\t\t\t\t<div class=\"e-gallery-image elementor-gallery-item__image\" data-thumbnail=\"https:\/\/szonyimuzeum.hu\/wp-content\/uploads\/2025\/11\/IMG_1325.jpg\" data-width=\"262\" data-height=\"320\" aria-label=\"\" role=\"img\" ><\/div>\n\t\t\t\t\t\t\t\t\t\t\t<div class=\"elementor-gallery-item__overlay\"><\/div>\n\t\t\t\t\t\t\t\t\t\t\t\t\t\t<\/a>\n\t\t\t\t\t\t\t<a class=\"e-gallery-item elementor-gallery-item elementor-animated-content\" href=\"https:\/\/szonyimuzeum.hu\/wp-content\/uploads\/2025\/11\/IMG_1324.jpg\">\n\t\t\t\t\t<div class=\"e-gallery-image elementor-gallery-item__image\" data-thumbnail=\"https:\/\/szonyimuzeum.hu\/wp-content\/uploads\/2025\/11\/IMG_1324.jpg\" data-width=\"240\" data-height=\"320\" aria-label=\"\" role=\"img\" ><\/div>\n\t\t\t\t\t\t\t\t\t\t\t<div class=\"elementor-gallery-item__overlay\"><\/div>\n\t\t\t\t\t\t\t\t\t\t\t\t\t\t<\/a>\n\t\t\t\t\t\t\t<a class=\"e-gallery-item elementor-gallery-item elementor-animated-content\" href=\"https:\/\/szonyimuzeum.hu\/wp-content\/uploads\/2025\/11\/IMG_1327.jpg\">\n\t\t\t\t\t<div class=\"e-gallery-image elementor-gallery-item__image\" data-thumbnail=\"https:\/\/szonyimuzeum.hu\/wp-content\/uploads\/2025\/11\/IMG_1327.jpg\" data-width=\"320\" data-height=\"240\" aria-label=\"\" role=\"img\" ><\/div>\n\t\t\t\t\t\t\t\t\t\t\t<div class=\"elementor-gallery-item__overlay\"><\/div>\n\t\t\t\t\t\t\t\t\t\t\t\t\t\t<\/a>\n\t\t\t\t\t\t\t<a class=\"e-gallery-item elementor-gallery-item elementor-animated-content\" href=\"https:\/\/szonyimuzeum.hu\/wp-content\/uploads\/2025\/11\/IMG_1328.jpg\">\n\t\t\t\t\t<div class=\"e-gallery-image elementor-gallery-item__image\" data-thumbnail=\"https:\/\/szonyimuzeum.hu\/wp-content\/uploads\/2025\/11\/IMG_1328.jpg\" data-width=\"320\" data-height=\"254\" aria-label=\"\" role=\"img\" ><\/div>\n\t\t\t\t\t\t\t\t\t\t\t<div class=\"elementor-gallery-item__overlay\"><\/div>\n\t\t\t\t\t\t\t\t\t\t\t\t\t\t<\/a>\n\t\t\t\t\t\t\t<a class=\"e-gallery-item elementor-gallery-item elementor-animated-content\" href=\"https:\/\/szonyimuzeum.hu\/wp-content\/uploads\/2025\/11\/IMG_1329.jpg\">\n\t\t\t\t\t<div class=\"e-gallery-image elementor-gallery-item__image\" data-thumbnail=\"https:\/\/szonyimuzeum.hu\/wp-content\/uploads\/2025\/11\/IMG_1329.jpg\" data-width=\"320\" data-height=\"248\" aria-label=\"\" role=\"img\" ><\/div>\n\t\t\t\t\t\t\t\t\t\t\t<div class=\"elementor-gallery-item__overlay\"><\/div>\n\t\t\t\t\t\t\t\t\t\t\t\t\t\t<\/a>\n\t\t\t\t\t\t\t<a class=\"e-gallery-item elementor-gallery-item elementor-animated-content\" href=\"https:\/\/szonyimuzeum.hu\/wp-content\/uploads\/2025\/11\/IMG_1330.jpg\">\n\t\t\t\t\t<div class=\"e-gallery-image elementor-gallery-item__image\" data-thumbnail=\"https:\/\/szonyimuzeum.hu\/wp-content\/uploads\/2025\/11\/IMG_1330.jpg\" data-width=\"320\" data-height=\"244\" aria-label=\"\" role=\"img\" ><\/div>\n\t\t\t\t\t\t\t\t\t\t\t<div class=\"elementor-gallery-item__overlay\"><\/div>\n\t\t\t\t\t\t\t\t\t\t\t\t\t\t<\/a>\n\t\t\t\t\t<\/div>\n\t\t\t\t\t<\/div>\n\t\t\t\t<\/div>\n\t\t\t\t<\/div>\n\t\t\t\t\t<\/div>\n\t\t\t\t<\/div>\n\t\t<div class=\"elementor-element elementor-element-39d05c5 e-flex e-con-boxed e-con e-parent\" data-id=\"39d05c5\" data-element_type=\"container\">\n\t\t\t\t\t<div class=\"e-con-inner\">\n\t\t<div class=\"elementor-element elementor-element-6e2c127 e-con-full e-flex e-con e-child\" data-id=\"6e2c127\" data-element_type=\"container\">\n\t\t\t\t<div class=\"elementor-element elementor-element-7b94698 elementor-widget elementor-widget-text-editor\" data-id=\"7b94698\" data-element_type=\"widget\" data-widget_type=\"text-editor.default\">\n\t\t\t\t<div class=\"elementor-widget-container\">\n\t\t\t\t\t\t\t\t\t<p><span style=\"color: #7393b3;\"><strong>Saturday, 5 October 2024<\/strong><\/span><\/p>\n<p class=\"has-text-color has-link-color\"><strong>The centenary of Zsuzsa Sz\u0151nyi's birth commemorated in Zebeg\u00e9ny<\/strong><\/p>\n<p><!-- \/wp:paragraph --><!-- wp:paragraph --><\/p>\n<p><a href=\"https:\/\/www.vaticannews.va\/hu\/vilag\/news\/2024-10\/szonyi-zsuzsa-szuletesenek-centenarium-zebegeny-danko-dalma.html\" target=\"_blank\" rel=\"noreferrer noopener\">The centenary of the birth of Zsuzsa Sz\u0151nyi commemorated in Zebeg\u00e9ny - Vatican News<\/a><\/p>\n<p><!-- \/wp:paragraph --><!-- wp:paragraph --><\/p>\n<p>Vikt\u00f3ria Somogyi, editor of Vatican Radio, interviewed Dalma Dank\u00f3, museum director, on the occasion of the Zsuzsa Sz\u0151nyi Centenary Memorial Day. The interview was also broadcast on Catholic Radio.<\/p>\n<p><!-- \/wp:paragraph --><\/p>\n<p><!-- wp:audio --><\/p>\n<figure class=\"wp-block-audio\"><audio src=\"https:\/\/www.katolikusradio.hu\/archivum.php?firstaudioid=5&amp;mev=2024&amp;mho=10&amp;mnap=14&amp;mora=05&amp;mperc=40\" controls=\"controls\" data-mce-fragment=\"1\"><\/audio><\/figure>\t\t\t\t\t\t\t\t<\/div>\n\t\t\t\t<\/div>\n\t\t\t\t<\/div>\n\t\t<div class=\"elementor-element elementor-element-d0ea350 e-con-full e-flex e-con e-child\" data-id=\"d0ea350\" data-element_type=\"container\">\n\t\t\t\t<div class=\"elementor-element elementor-element-74c36fe elementor-widget elementor-widget-gallery\" data-id=\"74c36fe\" data-element_type=\"widget\" data-settings=\"{&quot;columns&quot;:1,&quot;lazyload&quot;:&quot;yes&quot;,&quot;gallery_layout&quot;:&quot;grid&quot;,&quot;columns_tablet&quot;:2,&quot;columns_mobile&quot;:1,&quot;gap&quot;:{&quot;unit&quot;:&quot;px&quot;,&quot;size&quot;:10,&quot;sizes&quot;:[]},&quot;gap_laptop&quot;:{&quot;unit&quot;:&quot;px&quot;,&quot;size&quot;:10,&quot;sizes&quot;:[]},&quot;gap_tablet&quot;:{&quot;unit&quot;:&quot;px&quot;,&quot;size&quot;:10,&quot;sizes&quot;:[]},&quot;gap_mobile&quot;:{&quot;unit&quot;:&quot;px&quot;,&quot;size&quot;:10,&quot;sizes&quot;:[]},&quot;link_to&quot;:&quot;file&quot;,&quot;aspect_ratio&quot;:&quot;3:2&quot;,&quot;overlay_background&quot;:&quot;yes&quot;,&quot;content_hover_animation&quot;:&quot;fade-in&quot;}\" data-widget_type=\"gallery.default\">\n\t\t\t\t<div class=\"elementor-widget-container\">\n\t\t\t\t\t\t\t<div class=\"elementor-gallery__container\">\n\t\t\t\t\t\t\t<a class=\"e-gallery-item elementor-gallery-item elementor-animated-content\" href=\"https:\/\/szonyimuzeum.hu\/wp-content\/uploads\/2024\/10\/IMG_5869.jpg\">\n\t\t\t\t\t<div class=\"e-gallery-image elementor-gallery-item__image\" data-thumbnail=\"https:\/\/szonyimuzeum.hu\/wp-content\/uploads\/2024\/10\/IMG_5869-576x700.jpg\" data-width=\"576\" data-height=\"700\" aria-label=\"\" role=\"img\" ><\/div>\n\t\t\t\t\t\t\t\t\t\t\t<div class=\"elementor-gallery-item__overlay\"><\/div>\n\t\t\t\t\t\t\t\t\t\t\t\t\t\t<\/a>\n\t\t\t\t\t\t\t<a class=\"e-gallery-item elementor-gallery-item elementor-animated-content\" href=\"https:\/\/szonyimuzeum.hu\/wp-content\/uploads\/2024\/10\/IMG_5887-scaled.jpg\">\n\t\t\t\t\t<div class=\"e-gallery-image elementor-gallery-item__image\" data-thumbnail=\"https:\/\/szonyimuzeum.hu\/wp-content\/uploads\/2024\/10\/IMG_5887-700x525.jpg\" data-width=\"700\" data-height=\"525\" aria-label=\"\" role=\"img\" ><\/div>\n\t\t\t\t\t\t\t\t\t\t\t<div class=\"elementor-gallery-item__overlay\"><\/div>\n\t\t\t\t\t\t\t\t\t\t\t\t\t\t<\/a>\n\t\t\t\t\t<\/div>\n\t\t\t\t\t<\/div>\n\t\t\t\t<\/div>\n\t\t\t\t<\/div>\n\t\t\t\t\t<\/div>\n\t\t\t\t<\/div>\n\t\t<div class=\"elementor-element elementor-element-84536a0 e-flex e-con-boxed e-con e-parent\" data-id=\"84536a0\" data-element_type=\"container\">\n\t\t\t\t\t<div class=\"e-con-inner\">\n\t\t<div class=\"elementor-element elementor-element-7c29507 e-con-full e-flex e-con e-child\" data-id=\"7c29507\" data-element_type=\"container\">\n\t\t\t\t<div class=\"elementor-element elementor-element-c981559 elementor-widget elementor-widget-text-editor\" data-id=\"c981559\" data-element_type=\"widget\" data-widget_type=\"text-editor.default\">\n\t\t\t\t<div class=\"elementor-widget-container\">\n\t\t\t\t\t\t\t\t\t<p><span style=\"color: #7393b3;\"><strong>October 2024<\/strong><\/span><\/p>\n<p>A <strong>Hungarian Chronicle magazine<\/strong> in its latest issue about Zebeg\u00e9ny, you can discover the thousand faces of the village and read more about the Istv\u00e1n Sz\u0151nyi Memorial Museum, which will be featured in the TV programme of the same name.<\/p>\t\t\t\t\t\t\t\t<\/div>\n\t\t\t\t<\/div>\n\t\t\t\t<\/div>\n\t\t<div class=\"elementor-element elementor-element-9b83f4c e-con-full e-flex e-con e-child\" data-id=\"9b83f4c\" data-element_type=\"container\">\n\t\t\t\t<div class=\"elementor-element elementor-element-90ec3fb elementor-widget elementor-widget-gallery\" data-id=\"90ec3fb\" data-element_type=\"widget\" data-settings=\"{&quot;gallery_layout&quot;:&quot;justified&quot;,&quot;lazyload&quot;:&quot;yes&quot;,&quot;ideal_row_height&quot;:{&quot;unit&quot;:&quot;px&quot;,&quot;size&quot;:200,&quot;sizes&quot;:[]},&quot;ideal_row_height_laptop&quot;:{&quot;unit&quot;:&quot;px&quot;,&quot;size&quot;:150,&quot;sizes&quot;:[]},&quot;ideal_row_height_tablet&quot;:{&quot;unit&quot;:&quot;px&quot;,&quot;size&quot;:150,&quot;sizes&quot;:[]},&quot;ideal_row_height_mobile&quot;:{&quot;unit&quot;:&quot;px&quot;,&quot;size&quot;:150,&quot;sizes&quot;:[]},&quot;gap&quot;:{&quot;unit&quot;:&quot;px&quot;,&quot;size&quot;:10,&quot;sizes&quot;:[]},&quot;gap_laptop&quot;:{&quot;unit&quot;:&quot;px&quot;,&quot;size&quot;:10,&quot;sizes&quot;:[]},&quot;gap_tablet&quot;:{&quot;unit&quot;:&quot;px&quot;,&quot;size&quot;:10,&quot;sizes&quot;:[]},&quot;gap_mobile&quot;:{&quot;unit&quot;:&quot;px&quot;,&quot;size&quot;:10,&quot;sizes&quot;:[]},&quot;link_to&quot;:&quot;file&quot;,&quot;overlay_background&quot;:&quot;yes&quot;,&quot;content_hover_animation&quot;:&quot;fade-in&quot;}\" data-widget_type=\"gallery.default\">\n\t\t\t\t<div class=\"elementor-widget-container\">\n\t\t\t\t\t\t\t<div class=\"elementor-gallery__container\">\n\t\t\t\t\t\t\t<a class=\"e-gallery-item elementor-gallery-item elementor-animated-content\" href=\"https:\/\/szonyimuzeum.hu\/wp-content\/uploads\/2024\/10\/IMG_7030-scaled.jpg\">\n\t\t\t\t\t<div class=\"e-gallery-image elementor-gallery-item__image\" data-thumbnail=\"https:\/\/szonyimuzeum.hu\/wp-content\/uploads\/2024\/10\/IMG_7030-700x525.jpg\" data-width=\"700\" data-height=\"525\" aria-label=\"\" role=\"img\" ><\/div>\n\t\t\t\t\t\t\t\t\t\t\t<div class=\"elementor-gallery-item__overlay\"><\/div>\n\t\t\t\t\t\t\t\t\t\t\t\t\t\t<\/a>\n\t\t\t\t\t\t\t<a class=\"e-gallery-item elementor-gallery-item elementor-animated-content\" href=\"https:\/\/szonyimuzeum.hu\/wp-content\/uploads\/2024\/10\/IMG_7032-scaled.jpg\">\n\t\t\t\t\t<div class=\"e-gallery-image elementor-gallery-item__image\" data-thumbnail=\"https:\/\/szonyimuzeum.hu\/wp-content\/uploads\/2024\/10\/IMG_7032-700x525.jpg\" data-width=\"700\" data-height=\"525\" aria-label=\"\" role=\"img\" ><\/div>\n\t\t\t\t\t\t\t\t\t\t\t<div class=\"elementor-gallery-item__overlay\"><\/div>\n\t\t\t\t\t\t\t\t\t\t\t\t\t\t<\/a>\n\t\t\t\t\t\t\t<a class=\"e-gallery-item elementor-gallery-item elementor-animated-content\" href=\"https:\/\/szonyimuzeum.hu\/wp-content\/uploads\/2024\/10\/IMG_7035-scaled.jpg\">\n\t\t\t\t\t<div class=\"e-gallery-image elementor-gallery-item__image\" data-thumbnail=\"https:\/\/szonyimuzeum.hu\/wp-content\/uploads\/2024\/10\/IMG_7035-700x514.jpg\" data-width=\"700\" data-height=\"514\" aria-label=\"\" role=\"img\" ><\/div>\n\t\t\t\t\t\t\t\t\t\t\t<div class=\"elementor-gallery-item__overlay\"><\/div>\n\t\t\t\t\t\t\t\t\t\t\t\t\t\t<\/a>\n\t\t\t\t\t\t\t<a class=\"e-gallery-item elementor-gallery-item elementor-animated-content\" href=\"https:\/\/szonyimuzeum.hu\/wp-content\/uploads\/2024\/10\/IMG_7036-scaled.jpg\">\n\t\t\t\t\t<div class=\"e-gallery-image elementor-gallery-item__image\" data-thumbnail=\"https:\/\/szonyimuzeum.hu\/wp-content\/uploads\/2024\/10\/IMG_7036-700x514.jpg\" data-width=\"700\" data-height=\"514\" aria-label=\"\" role=\"img\" ><\/div>\n\t\t\t\t\t\t\t\t\t\t\t<div class=\"elementor-gallery-item__overlay\"><\/div>\n\t\t\t\t\t\t\t\t\t\t\t\t\t\t<\/a>\n\t\t\t\t\t<\/div>\n\t\t\t\t\t<\/div>\n\t\t\t\t<\/div>\n\t\t\t\t<\/div>\n\t\t\t\t\t<\/div>\n\t\t\t\t<\/div>\n\t\t<div class=\"elementor-element elementor-element-953922f e-flex e-con-boxed e-con e-parent\" data-id=\"953922f\" data-element_type=\"container\">\n\t\t\t\t\t<div class=\"e-con-inner\">\n\t\t<div class=\"elementor-element elementor-element-bfa90bb e-con-full e-flex e-con e-child\" data-id=\"bfa90bb\" data-element_type=\"container\">\n\t\t\t\t<div class=\"elementor-element elementor-element-a784646 elementor-widget elementor-widget-text-editor\" data-id=\"a784646\" data-element_type=\"widget\" data-widget_type=\"text-editor.default\">\n\t\t\t\t<div class=\"elementor-widget-container\">\n\t\t\t\t\t\t\t\t\t<p><span style=\"color: #7393b3;\"><strong>Saturday, 5 October 2024<\/strong><\/span><\/p>\n<p>The Zsuzsa Sz\u0151nyi and M\u00e1ty\u00e1s Triznya Memorial Room has been renovated<\/p>\t\t\t\t\t\t\t\t<\/div>\n\t\t\t\t<\/div>\n\t\t\t\t<\/div>\n\t\t<div class=\"elementor-element elementor-element-7b4194a e-con-full e-flex e-con e-child\" data-id=\"7b4194a\" data-element_type=\"container\">\n\t\t\t\t<div class=\"elementor-element elementor-element-5480de4 elementor-widget elementor-widget-gallery\" data-id=\"5480de4\" data-element_type=\"widget\" data-settings=\"{&quot;gallery_layout&quot;:&quot;justified&quot;,&quot;lazyload&quot;:&quot;yes&quot;,&quot;ideal_row_height&quot;:{&quot;unit&quot;:&quot;px&quot;,&quot;size&quot;:200,&quot;sizes&quot;:[]},&quot;ideal_row_height_laptop&quot;:{&quot;unit&quot;:&quot;px&quot;,&quot;size&quot;:150,&quot;sizes&quot;:[]},&quot;ideal_row_height_tablet&quot;:{&quot;unit&quot;:&quot;px&quot;,&quot;size&quot;:150,&quot;sizes&quot;:[]},&quot;ideal_row_height_mobile&quot;:{&quot;unit&quot;:&quot;px&quot;,&quot;size&quot;:150,&quot;sizes&quot;:[]},&quot;gap&quot;:{&quot;unit&quot;:&quot;px&quot;,&quot;size&quot;:10,&quot;sizes&quot;:[]},&quot;gap_laptop&quot;:{&quot;unit&quot;:&quot;px&quot;,&quot;size&quot;:10,&quot;sizes&quot;:[]},&quot;gap_tablet&quot;:{&quot;unit&quot;:&quot;px&quot;,&quot;size&quot;:10,&quot;sizes&quot;:[]},&quot;gap_mobile&quot;:{&quot;unit&quot;:&quot;px&quot;,&quot;size&quot;:10,&quot;sizes&quot;:[]},&quot;link_to&quot;:&quot;file&quot;,&quot;overlay_background&quot;:&quot;yes&quot;,&quot;content_hover_animation&quot;:&quot;fade-in&quot;}\" data-widget_type=\"gallery.default\">\n\t\t\t\t<div class=\"elementor-widget-container\">\n\t\t\t\t\t\t\t<div class=\"elementor-gallery__container\">\n\t\t\t\t\t\t\t<a class=\"e-gallery-item elementor-gallery-item elementor-animated-content\" href=\"https:\/\/szonyimuzeum.hu\/wp-content\/uploads\/2024\/10\/IMG_6549-scaled.jpg\">\n\t\t\t\t\t<div class=\"e-gallery-image elementor-gallery-item__image\" data-thumbnail=\"https:\/\/szonyimuzeum.hu\/wp-content\/uploads\/2024\/10\/IMG_6549-700x525.jpg\" data-width=\"700\" data-height=\"525\" aria-label=\"\" role=\"img\" ><\/div>\n\t\t\t\t\t\t\t\t\t\t\t<div class=\"elementor-gallery-item__overlay\"><\/div>\n\t\t\t\t\t\t\t\t\t\t\t\t\t\t<\/a>\n\t\t\t\t\t\t\t<a class=\"e-gallery-item elementor-gallery-item elementor-animated-content\" href=\"https:\/\/szonyimuzeum.hu\/wp-content\/uploads\/2024\/10\/IMG_6577-1-scaled.jpg\">\n\t\t\t\t\t<div class=\"e-gallery-image elementor-gallery-item__image\" data-thumbnail=\"https:\/\/szonyimuzeum.hu\/wp-content\/uploads\/2024\/10\/IMG_6577-1-700x536.jpg\" data-width=\"700\" data-height=\"536\" aria-label=\"\" role=\"img\" ><\/div>\n\t\t\t\t\t\t\t\t\t\t\t<div class=\"elementor-gallery-item__overlay\"><\/div>\n\t\t\t\t\t\t\t\t\t\t\t\t\t\t<\/a>\n\t\t\t\t\t\t\t<a class=\"e-gallery-item elementor-gallery-item elementor-animated-content\" href=\"https:\/\/szonyimuzeum.hu\/wp-content\/uploads\/2024\/10\/IMG_6594-scaled.jpg\">\n\t\t\t\t\t<div class=\"e-gallery-image elementor-gallery-item__image\" data-thumbnail=\"https:\/\/szonyimuzeum.hu\/wp-content\/uploads\/2024\/10\/IMG_6594-700x545.jpg\" data-width=\"700\" data-height=\"545\" aria-label=\"\" role=\"img\" ><\/div>\n\t\t\t\t\t\t\t\t\t\t\t<div class=\"elementor-gallery-item__overlay\"><\/div>\n\t\t\t\t\t\t\t\t\t\t\t\t\t\t<\/a>\n\t\t\t\t\t\t\t<a class=\"e-gallery-item elementor-gallery-item elementor-animated-content\" href=\"https:\/\/szonyimuzeum.hu\/wp-content\/uploads\/2024\/10\/IMG_6597-scaled.jpg\">\n\t\t\t\t\t<div class=\"e-gallery-image elementor-gallery-item__image\" data-thumbnail=\"https:\/\/szonyimuzeum.hu\/wp-content\/uploads\/2024\/10\/IMG_6597-700x525.jpg\" data-width=\"700\" data-height=\"525\" aria-label=\"\" role=\"img\" ><\/div>\n\t\t\t\t\t\t\t\t\t\t\t<div class=\"elementor-gallery-item__overlay\"><\/div>\n\t\t\t\t\t\t\t\t\t\t\t\t\t\t<\/a>\n\t\t\t\t\t<\/div>\n\t\t\t\t\t<\/div>\n\t\t\t\t<\/div>\n\t\t\t\t<\/div>\n\t\t\t\t\t<\/div>\n\t\t\t\t<\/div>\n\t\t<div class=\"elementor-element elementor-element-fb7b690 e-flex e-con-boxed e-con e-parent\" data-id=\"fb7b690\" data-element_type=\"container\">\n\t\t\t\t\t<div class=\"e-con-inner\">\n\t\t<div class=\"elementor-element elementor-element-4b7e226 e-con-full e-flex e-con e-child\" data-id=\"4b7e226\" data-element_type=\"container\">\n\t\t\t\t<div class=\"elementor-element elementor-element-1fb8ac2 elementor-widget elementor-widget-text-editor\" data-id=\"1fb8ac2\" data-element_type=\"widget\" data-widget_type=\"text-editor.default\">\n\t\t\t\t<div class=\"elementor-widget-container\">\n\t\t\t\t\t\t\t\t\t<p><span style=\"color: #7393b3;\"><strong>5-6 October 2024 (Saturday-Sunday)<\/strong><\/span><\/p>\n<p><strong>The two-day Sz\u0151nyi Weekend was a fitting end to the quadrennial year with a series of events.<\/strong><\/p>\n<p>On Saturday, October 5, we remembered Zsuzsa Sz\u0151nyi, daughter of Istv\u00e1n Sz\u0151nyi and Melinda Bart\u00f3ky, who was born a hundred years ago and died ten years ago. After a toast by Mayor Ervin Ferenczy Ern\u0151 Ferenczy, the commemoration began with a moving message from Rome by the editor-in-chief of Vatican Radio, Jesuit pastor L\u00e1szl\u00f3 V\u00e9rtesaljai, followed by Vikt\u00f3ria Somogyi, a staff member of Vatican Radio, who spoke about her personal memories and her relationship with Zsuzsa, who lived in Rome for almost 50 years and worked for the radio from the age of 65 to 80.<\/p>\n<p>Zsuzsa Sz\u0151nyi and her husband M\u00e1ty\u00e1s Triznya left Hungary in 1949 and settled in Rome. For decades, they hosted the best of Hungarian cultural and artistic life in their home, in their literary salon known as Triznya's Tavern. S\u00e1ndor M\u00e1rai, J\u00e1nos Pilinszky, Ferenc Fejt\u0151, Magda Szab\u00f3, P\u00e9ter Esterh\u00e1zy, Ferenc M\u00e1dl, Viktor Orb\u00e1n, Asztrik V\u00e1rszegi, Ferenc Juh\u00e1sz, Ferenc Szab\u00f3, Cs. L\u00e1szl\u00f3 Szab\u00f3, L\u00e1szl\u00f3 Sz\u00f6r\u00e9nyi, Mikl\u00f3s Hubay, Zolt\u00e1n Kall\u00f3s, S\u00e1ndor Cso\u00f3ri and many others. Many of the guests and friends who have visited the tavern over the past half century have come to remember Zsuzsa Sz\u0151nyi, the fairy from Aventino, together. Among those remembering were the actors Anna Kubik, Anna Nagy and Kata Husz\u00e1rik, Mikl\u00f3s Beer, retired Bishop of V\u00e1c, Father Imre L\u00e1szl\u00f3 N\u00e9met, graphic designer Gy\u00f6rgy Szokoly, literary historians Zolt\u00e1n Hafner and Judit R\u00f3na, Barna Kabay and Katalin Pet\u00e9nyi, the makers of the portrait film Miracle in Milan and Rome, and P\u00e9ter Muszatics, director of the portrait film The Fairy of Aventine. The films about Zsuzsa Sz\u0151nyi were screened during the commemoration. L\u00e1szl\u00f3 Simon, the former director of the Pest County Museums Directorate, and his successor, M\u00e1rton K\u00e1lnoky-Gy\u00f6ngy\u00f6ssy, who also chaired the discussion, were present and participated in the afternoon round table discussion. In addition to Vikt\u00f3ria Somogyi, R\u00f3zsa K\u00f6p\u00f6czi and Zsuzsa Klemmn\u00e9 N\u00e9meth, former directors of the Istv\u00e1n Sz\u0151nyi Memorial Museum, gave a presentation at the Memorial Day. In the afternoon, we walked with the commemorators to the cemetery, where we laid wreaths and flowers on the grave of Zsuzsa Sz\u0151nyi, and the day ended with a mass celebrated by Bishop Mikl\u00f3s Beer in the Roman Catholic Church of Our Lady of Snow in memory of Zsuzsa Sz\u0151nyi.<\/p>\n<p>On Sunday 6 October, the second day of the Sz\u0151nyi Weekend, we commemorated the centenary of Istv\u00e1n Sz\u0151nyi's arrival in Zebeg\u00e9ny. The programmes, which started in the afternoon, focused on the presentation of eight Sz\u0151nyi paintings recently received from the Museum of Fine Arts - Hungarian National Gallery. Blanka Blah\u00f3 opened the events with a flute performance, followed by a guided tour by Iv\u00e1n Kamar\u00e1s, an actor, of one of the newly exhibited works, Sz\u0151nyi's self-portrait, Hegytet\u0151n (On the Mountain Roof). After a brief biographical summary, he presented the emblematic work, which won first prize at the 1925 Nude exhibition at the Kunsthalle in Budapest, with his own thoughts, personal connections and stories, and with parallels to his fellow artists, in front of the painting in the upstairs studio.  The visitors, who persevered despite the cool weather, were then treated to a guided tour by 11-year-old Miksa Sz\u00fccs. The young museum lover spoke of his own observations, thoughts and feelings as he toured the museum, inspired by the cosy rooms of the Memorial House and some of the painter's works of art that were particularly dear to him. We learned how Miksa and his family would sit on the sofa in the Sz\u0151nyis' former bedroom, watching TV together by the warmth of the tiled stove, why he loves the \"cute\" cows in Sz\u0151nyi's paintings so much, and why the painter's unique technique makes the picture of the village \"move\" even though there is not a single person in it.<\/p>\n<p>The series of unusual image analyses was concluded by a witty and quiz-filled presentation by Tam\u00e1s Solymos, psychologist and consultant in the field of visual expression psychology, who introduced us to a relatively new discipline. It turned out that Sz\u0151nyi was a \"perfectly fine\", well-balanced, humane, brave man who was in control of his emotions. His works are essentially serene and harmonious, the work of an artist who was reserved and somewhat repressed in his emotions. Sz\u0151nyi felt at home in Zebeg\u00e9ny, and the idyllic environment he created around himself was conveyed through his lyrical, complexly composed works of art, which had a unique atmosphere and mood.<\/p>\n<p>On Sunday, creative activities continued throughout the programme. We could paint portraits of each other and imagine ourselves in a landscape or environment that was ideal for us, based on the available, well-known works of art. During the two-day event, the guests could taste a lot of delicacies, courtesy of the municipality and the kitchen of the Sunflower Nursery School in Zebeg\u00e9ny, which helped to alleviate the discomfort caused by the cold weather. We thank them and all the speakers, participants and guests for joining us in remembering Istv\u00e1n and Zsuzsa Sz\u0151nyi and what Zebeg\u00e9ny meant to them.<\/p>\t\t\t\t\t\t\t\t<\/div>\n\t\t\t\t<\/div>\n\t\t\t\t<\/div>\n\t\t<div class=\"elementor-element elementor-element-9d68bc5 e-con-full e-flex e-con e-child\" data-id=\"9d68bc5\" data-element_type=\"container\">\n\t\t\t\t<div class=\"elementor-element elementor-element-4d41e5f elementor-widget elementor-widget-gallery\" data-id=\"4d41e5f\" data-element_type=\"widget\" data-settings=\"{&quot;gallery_layout&quot;:&quot;justified&quot;,&quot;lazyload&quot;:&quot;yes&quot;,&quot;ideal_row_height&quot;:{&quot;unit&quot;:&quot;px&quot;,&quot;size&quot;:200,&quot;sizes&quot;:[]},&quot;ideal_row_height_laptop&quot;:{&quot;unit&quot;:&quot;px&quot;,&quot;size&quot;:150,&quot;sizes&quot;:[]},&quot;ideal_row_height_tablet&quot;:{&quot;unit&quot;:&quot;px&quot;,&quot;size&quot;:150,&quot;sizes&quot;:[]},&quot;ideal_row_height_mobile&quot;:{&quot;unit&quot;:&quot;px&quot;,&quot;size&quot;:150,&quot;sizes&quot;:[]},&quot;gap&quot;:{&quot;unit&quot;:&quot;px&quot;,&quot;size&quot;:10,&quot;sizes&quot;:[]},&quot;gap_laptop&quot;:{&quot;unit&quot;:&quot;px&quot;,&quot;size&quot;:10,&quot;sizes&quot;:[]},&quot;gap_tablet&quot;:{&quot;unit&quot;:&quot;px&quot;,&quot;size&quot;:10,&quot;sizes&quot;:[]},&quot;gap_mobile&quot;:{&quot;unit&quot;:&quot;px&quot;,&quot;size&quot;:10,&quot;sizes&quot;:[]},&quot;link_to&quot;:&quot;file&quot;,&quot;overlay_background&quot;:&quot;yes&quot;,&quot;content_hover_animation&quot;:&quot;fade-in&quot;}\" data-widget_type=\"gallery.default\">\n\t\t\t\t<div class=\"elementor-widget-container\">\n\t\t\t\t\t\t\t<div class=\"elementor-gallery__container\">\n\t\t\t\t\t\t\t<a class=\"e-gallery-item elementor-gallery-item elementor-animated-content\" href=\"https:\/\/szonyimuzeum.hu\/wp-content\/uploads\/2024\/10\/IMG_5869.jpg\">\n\t\t\t\t\t<div class=\"e-gallery-image elementor-gallery-item__image\" data-thumbnail=\"https:\/\/szonyimuzeum.hu\/wp-content\/uploads\/2024\/10\/IMG_5869-576x700.jpg\" data-width=\"576\" data-height=\"700\" aria-label=\"\" role=\"img\" ><\/div>\n\t\t\t\t\t\t\t\t\t\t\t<div class=\"elementor-gallery-item__overlay\"><\/div>\n\t\t\t\t\t\t\t\t\t\t\t\t\t\t<\/a>\n\t\t\t\t\t\t\t<a class=\"e-gallery-item elementor-gallery-item elementor-animated-content\" href=\"https:\/\/szonyimuzeum.hu\/wp-content\/uploads\/2024\/10\/IMG_5887-scaled.jpg\">\n\t\t\t\t\t<div class=\"e-gallery-image elementor-gallery-item__image\" data-thumbnail=\"https:\/\/szonyimuzeum.hu\/wp-content\/uploads\/2024\/10\/IMG_5887-700x525.jpg\" data-width=\"700\" data-height=\"525\" aria-label=\"\" role=\"img\" ><\/div>\n\t\t\t\t\t\t\t\t\t\t\t<div class=\"elementor-gallery-item__overlay\"><\/div>\n\t\t\t\t\t\t\t\t\t\t\t\t\t\t<\/a>\n\t\t\t\t\t\t\t<a class=\"e-gallery-item elementor-gallery-item elementor-animated-content\" href=\"https:\/\/szonyimuzeum.hu\/wp-content\/uploads\/2024\/10\/IMG_5859-scaled.jpg\">\n\t\t\t\t\t<div class=\"e-gallery-image elementor-gallery-item__image\" data-thumbnail=\"https:\/\/szonyimuzeum.hu\/wp-content\/uploads\/2024\/10\/IMG_5859-700x525.jpg\" data-width=\"700\" data-height=\"525\" aria-label=\"\" role=\"img\" ><\/div>\n\t\t\t\t\t\t\t\t\t\t\t<div class=\"elementor-gallery-item__overlay\"><\/div>\n\t\t\t\t\t\t\t\t\t\t\t\t\t\t<\/a>\n\t\t\t\t\t\t\t<a class=\"e-gallery-item elementor-gallery-item elementor-animated-content\" href=\"https:\/\/szonyimuzeum.hu\/wp-content\/uploads\/2024\/10\/IMG_6549-scaled.jpg\">\n\t\t\t\t\t<div class=\"e-gallery-image elementor-gallery-item__image\" data-thumbnail=\"https:\/\/szonyimuzeum.hu\/wp-content\/uploads\/2024\/10\/IMG_6549-700x525.jpg\" data-width=\"700\" data-height=\"525\" aria-label=\"\" role=\"img\" ><\/div>\n\t\t\t\t\t\t\t\t\t\t\t<div class=\"elementor-gallery-item__overlay\"><\/div>\n\t\t\t\t\t\t\t\t\t\t\t\t\t\t<\/a>\n\t\t\t\t\t\t\t<a class=\"e-gallery-item elementor-gallery-item elementor-animated-content\" href=\"https:\/\/szonyimuzeum.hu\/wp-content\/uploads\/2024\/10\/IMG_6577-scaled.jpg\">\n\t\t\t\t\t<div class=\"e-gallery-image elementor-gallery-item__image\" data-thumbnail=\"https:\/\/szonyimuzeum.hu\/wp-content\/uploads\/2024\/10\/IMG_6577-700x536.jpg\" data-width=\"700\" data-height=\"536\" aria-label=\"\" role=\"img\" ><\/div>\n\t\t\t\t\t\t\t\t\t\t\t<div class=\"elementor-gallery-item__overlay\"><\/div>\n\t\t\t\t\t\t\t\t\t\t\t\t\t\t<\/a>\n\t\t\t\t\t\t\t<a class=\"e-gallery-item elementor-gallery-item elementor-animated-content\" href=\"https:\/\/szonyimuzeum.hu\/wp-content\/uploads\/2024\/10\/IMG_6172-scaled.jpg\">\n\t\t\t\t\t<div class=\"e-gallery-image elementor-gallery-item__image\" data-thumbnail=\"https:\/\/szonyimuzeum.hu\/wp-content\/uploads\/2024\/10\/IMG_6172-525x700.jpg\" data-width=\"525\" data-height=\"700\" aria-label=\"\" role=\"img\" ><\/div>\n\t\t\t\t\t\t\t\t\t\t\t<div class=\"elementor-gallery-item__overlay\"><\/div>\n\t\t\t\t\t\t\t\t\t\t\t\t\t\t<\/a>\n\t\t\t\t\t\t\t<a class=\"e-gallery-item elementor-gallery-item elementor-animated-content\" href=\"https:\/\/szonyimuzeum.hu\/wp-content\/uploads\/2024\/10\/IMG_6241-scaled.jpg\">\n\t\t\t\t\t<div class=\"e-gallery-image elementor-gallery-item__image\" data-thumbnail=\"https:\/\/szonyimuzeum.hu\/wp-content\/uploads\/2024\/10\/IMG_6241-700x525.jpg\" data-width=\"700\" data-height=\"525\" aria-label=\"\" role=\"img\" ><\/div>\n\t\t\t\t\t\t\t\t\t\t\t<div class=\"elementor-gallery-item__overlay\"><\/div>\n\t\t\t\t\t\t\t\t\t\t\t\t\t\t<\/a>\n\t\t\t\t\t\t\t<a class=\"e-gallery-item elementor-gallery-item elementor-animated-content\" href=\"https:\/\/szonyimuzeum.hu\/wp-content\/uploads\/2024\/10\/IMG_6313-scaled.jpg\">\n\t\t\t\t\t<div class=\"e-gallery-image elementor-gallery-item__image\" data-thumbnail=\"https:\/\/szonyimuzeum.hu\/wp-content\/uploads\/2024\/10\/IMG_6313-525x700.jpg\" data-width=\"525\" data-height=\"700\" aria-label=\"\" role=\"img\" ><\/div>\n\t\t\t\t\t\t\t\t\t\t\t<div class=\"elementor-gallery-item__overlay\"><\/div>\n\t\t\t\t\t\t\t\t\t\t\t\t\t\t<\/a>\n\t\t\t\t\t<\/div>\n\t\t\t\t\t<\/div>\n\t\t\t\t<\/div>\n\t\t\t\t<\/div>\n\t\t\t\t\t<\/div>\n\t\t\t\t<\/div>\n\t\t<div class=\"elementor-element elementor-element-5e4aa26 e-flex e-con-boxed e-con e-parent\" data-id=\"5e4aa26\" data-element_type=\"container\">\n\t\t\t\t\t<div class=\"e-con-inner\">\n\t\t<div class=\"elementor-element elementor-element-5d4e8a8 e-con-full e-flex e-con e-child\" data-id=\"5d4e8a8\" data-element_type=\"container\">\n\t\t\t\t<div class=\"elementor-element elementor-element-1000d44 elementor-widget elementor-widget-text-editor\" data-id=\"1000d44\" data-element_type=\"widget\" data-widget_type=\"text-editor.default\">\n\t\t\t\t<div class=\"elementor-widget-container\">\n\t\t\t\t\t\t\t\t\t<p><span style=\"color: #7393b3;\"><strong>5-6 October 2024 (Saturday-Sunday)<\/strong><\/span><\/p>\n<p><strong>On 5-6 October, we celebrate this year's quadrennial with two days of commemorations.<\/strong><\/p>\n<p><!-- \/wp:paragraph --><!-- wp:paragraph --><\/p>\n<p>We commemorate Istv\u00e1n Sz\u0151nyi, born 130 years ago, his daughter Zsuzsa Sz\u0151nyi, born 100 years ago, who passed away 10 years ago, and we also commemorate the fact that the painter arrived in Zebeg\u00e9ny 100 years ago, a place that was decisive for his life and his art.<\/p>\n<p><!-- \/wp:paragraph --><!-- wp:paragraph --><\/p>\n<p><strong>Saturday 5 October from 11 am<\/strong> We are holding the Zsuzsa Sz\u0151nyi Centenary Memorial Day. With lectures, film screenings and round-table discussions, we will recall the memory of Zsuzsa Sz\u0151nyi, who for fifty years ran the literary salon in Rome, which she started together with her husband, M\u00e1ty\u00e1s Triznya, and which became known as the Triznya Pub. Zsuzsa spent the most beautiful years of her childhood, and perhaps of her life, in Zebeg\u00e9ny, which is commemorated in several of her films and books. Her life, her captivating personality, her work as a writer and her relationship with Zebeg\u00e9ny are told by her friends, acquaintances and admirers. In the afternoon, the museum programme will end with a curatorial guided tour of the temporary exhibition Father and Daughter, followed at 6 p.m. by a Mass in honour of Zsuzsa Sz\u0151nyi in the Roman Catholic Church of Our Lady of the Snow, celebrated by retired Bishop Mikl\u00f3s Beer, Bishop of V\u00e1c County, at the Havas Boldogasszony Roman Catholic Church. <strong>Sunday 6 October from 14:00<\/strong> the museum programmes start. On 17 January, the 130th anniversary of Istv\u00e1n Sz\u0151nyi's birth, we commemorated him with a wreath-laying ceremony, a painting exhibition and an interactive exhibition. The focus of this year's celebrations will be on Sz\u0151nyi's early and very important works, eight of which were recently received from the Museum of Fine Arts on permanent deposit. Some of the works in storage have already been on display in Zebeg\u00e9ny, so you could say they have returned home. The other paintings are new, the most important of which is <strong>On the mountain<\/strong> in which the artist paints himself doubled up with the Danube in the background. This rare and important work of art is not the work of an art historian, but of a <strong>Iv\u00e1n Kamar\u00e1s actor<\/strong> presents to the public.  Other new paintings will also be presented in an unusual way. <strong>Miksa Sz\u00fccs<\/strong> talks about his favourite paintings, <strong>Tam\u00e1s Solymos<\/strong> a psychologist and consultant in the psychology of visual expression, will explain in a scientifically entertaining way how the personality of an artist can become an open book for the viewer by analysing the details of his paintings. <br \/>In addition to the painting exhibitions, there will be quizzes, motif-finding and creative activities for children and adults alike. Those who wish can place themselves in a period or landscape of their choice, just as Sz\u0151nyi did in Zebeg\u00e9ny. You can try self-portrait painting, but enterprising couples, family members and friends can also paint each other's portraits. On both days of the Sz\u0151nyi Weekend, which will also include other surprises, we welcome all those interested.<\/p>\n<p><!-- \/wp:paragraph --><\/p>\t\t\t\t\t\t\t\t<\/div>\n\t\t\t\t<\/div>\n\t\t\t\t<\/div>\n\t\t<div class=\"elementor-element elementor-element-d0f4a5a e-con-full e-flex e-con e-child\" data-id=\"d0f4a5a\" data-element_type=\"container\">\n\t\t\t\t<div class=\"elementor-element elementor-element-84d3201 elementor-widget elementor-widget-gallery\" data-id=\"84d3201\" data-element_type=\"widget\" data-settings=\"{&quot;gallery_layout&quot;:&quot;masonry&quot;,&quot;columns&quot;:2,&quot;lazyload&quot;:&quot;yes&quot;,&quot;columns_tablet&quot;:2,&quot;columns_mobile&quot;:1,&quot;gap&quot;:{&quot;unit&quot;:&quot;px&quot;,&quot;size&quot;:10,&quot;sizes&quot;:[]},&quot;gap_laptop&quot;:{&quot;unit&quot;:&quot;px&quot;,&quot;size&quot;:10,&quot;sizes&quot;:[]},&quot;gap_tablet&quot;:{&quot;unit&quot;:&quot;px&quot;,&quot;size&quot;:10,&quot;sizes&quot;:[]},&quot;gap_mobile&quot;:{&quot;unit&quot;:&quot;px&quot;,&quot;size&quot;:10,&quot;sizes&quot;:[]},&quot;link_to&quot;:&quot;file&quot;,&quot;overlay_background&quot;:&quot;yes&quot;,&quot;content_hover_animation&quot;:&quot;fade-in&quot;}\" data-widget_type=\"gallery.default\">\n\t\t\t\t<div class=\"elementor-widget-container\">\n\t\t\t\t\t\t\t<div class=\"elementor-gallery__container\">\n\t\t\t\t\t\t\t<a class=\"e-gallery-item elementor-gallery-item elementor-animated-content\" href=\"https:\/\/szonyimuzeum.hu\/wp-content\/uploads\/2024\/09\/SZOROLAP_1.jpg\">\n\t\t\t\t\t<div class=\"e-gallery-image elementor-gallery-item__image\" data-thumbnail=\"https:\/\/szonyimuzeum.hu\/wp-content\/uploads\/2024\/09\/SZOROLAP_1-495x700.jpg\" data-width=\"495\" data-height=\"700\" aria-label=\"\" role=\"img\" ><\/div>\n\t\t\t\t\t\t\t\t\t\t\t<div class=\"elementor-gallery-item__overlay\"><\/div>\n\t\t\t\t\t\t\t\t\t\t\t\t\t\t<\/a>\n\t\t\t\t\t\t\t<a class=\"e-gallery-item elementor-gallery-item elementor-animated-content\" href=\"https:\/\/szonyimuzeum.hu\/wp-content\/uploads\/2024\/09\/SZOROLAP_2.jpg\">\n\t\t\t\t\t<div class=\"e-gallery-image elementor-gallery-item__image\" data-thumbnail=\"https:\/\/szonyimuzeum.hu\/wp-content\/uploads\/2024\/09\/SZOROLAP_2-495x700.jpg\" data-width=\"495\" data-height=\"700\" aria-label=\"\" role=\"img\" ><\/div>\n\t\t\t\t\t\t\t\t\t\t\t<div class=\"elementor-gallery-item__overlay\"><\/div>\n\t\t\t\t\t\t\t\t\t\t\t\t\t\t<\/a>\n\t\t\t\t\t\t\t<a class=\"e-gallery-item elementor-gallery-item elementor-animated-content\" href=\"https:\/\/szonyimuzeum.hu\/wp-content\/uploads\/2024\/09\/Szonyi-hetvege-2-scaled.jpg\">\n\t\t\t\t\t<div class=\"e-gallery-image elementor-gallery-item__image\" data-thumbnail=\"https:\/\/szonyimuzeum.hu\/wp-content\/uploads\/2024\/09\/Szonyi-hetvege-2-530x700.jpg\" data-width=\"530\" data-height=\"700\" aria-label=\"\" role=\"img\" ><\/div>\n\t\t\t\t\t\t\t\t\t\t\t<div class=\"elementor-gallery-item__overlay\"><\/div>\n\t\t\t\t\t\t\t\t\t\t\t\t\t\t<\/a>\n\t\t\t\t\t\t\t<a class=\"e-gallery-item elementor-gallery-item elementor-animated-content\" href=\"https:\/\/szonyimuzeum.hu\/wp-content\/uploads\/2024\/09\/Szonyi-hetvege-3.jpg\">\n\t\t\t\t\t<div class=\"e-gallery-image elementor-gallery-item__image\" data-thumbnail=\"https:\/\/szonyimuzeum.hu\/wp-content\/uploads\/2024\/09\/Szonyi-hetvege-3-700x498.jpg\" data-width=\"700\" data-height=\"498\" aria-label=\"\" role=\"img\" ><\/div>\n\t\t\t\t\t\t\t\t\t\t\t<div class=\"elementor-gallery-item__overlay\"><\/div>\n\t\t\t\t\t\t\t\t\t\t\t\t\t\t<\/a>\n\t\t\t\t\t\t\t<a class=\"e-gallery-item elementor-gallery-item elementor-animated-content\" href=\"https:\/\/szonyimuzeum.hu\/wp-content\/uploads\/2024\/09\/Szonyi-hetvege-1.jpg\">\n\t\t\t\t\t<div class=\"e-gallery-image elementor-gallery-item__image\" data-thumbnail=\"https:\/\/szonyimuzeum.hu\/wp-content\/uploads\/2024\/09\/Szonyi-hetvege-1-467x700.jpg\" data-width=\"467\" data-height=\"700\" aria-label=\"\" role=\"img\" ><\/div>\n\t\t\t\t\t\t\t\t\t\t\t<div class=\"elementor-gallery-item__overlay\"><\/div>\n\t\t\t\t\t\t\t\t\t\t\t\t\t\t<\/a>\n\t\t\t\t\t<\/div>\n\t\t\t\t\t<\/div>\n\t\t\t\t<\/div>\n\t\t\t\t<\/div>\n\t\t\t\t\t<\/div>\n\t\t\t\t<\/div>\n\t\t<div class=\"elementor-element elementor-element-672a468 e-flex e-con-boxed e-con e-parent\" data-id=\"672a468\" data-element_type=\"container\">\n\t\t\t\t\t<div class=\"e-con-inner\">\n\t\t<div class=\"elementor-element elementor-element-c5dbede e-con-full e-flex e-con e-child\" data-id=\"c5dbede\" data-element_type=\"container\">\n\t\t\t\t<div class=\"elementor-element elementor-element-a460724 elementor-widget elementor-widget-text-editor\" data-id=\"a460724\" data-element_type=\"widget\" data-widget_type=\"text-editor.default\">\n\t\t\t\t<div class=\"elementor-widget-container\">\n\t\t\t\t\t\t\t\t\t<!-- wp:paragraph {\"style\":{\"color\":{\"text\":\"#7393b3\"},\"elements\":{\"link\":{\"color\":{\"text\":\"#7393b3\"}}},\"typography\":{\"fontSize\":\"33px\"}}} -->\n<p><span style=\"color: #7393b3;\"><strong>September 2024<\/strong><\/span><\/p>\n<p class=\"has-text-color has-link-color\"><strong>Creativity<\/strong><\/p>\n<!-- \/wp:paragraph --><!-- wp:paragraph -->\n<p>Learn Istv\u00e1n Sz\u0151nyi's egg tempera technique and paint your own Garden Bench.<br \/>During the session, you can recreate Istv\u00e1n Sz\u0151nyi's famous paintings in your own interpretation, including the iconic Garden Bench, a model of which can still be seen in the Sz\u0151nyi Garden. Enjoy the liberating and calming effect of the creation in the most authentic setting, the wild grape-strewn veranda of the Sz\u0151nyi House. Let yourself go, relax and discover your creative side.<\/p>\n<!-- \/wp:paragraph --><!-- wp:paragraph -->\n<p><strong>Dates:<\/strong>\u00a0<br \/>7 September (Saturday), 11:00, 14:00<br \/>14 September (Saturday), 11:00, 14:00<br \/>28 September (Saturday), 11:00, 14:00<br \/><strong>Duration:<\/strong>\u00a0approx. 90 minutes<br \/><strong>Participation fee:<\/strong>\u00a03.800 Ft<\/p>\n<!-- \/wp:paragraph --><!-- wp:paragraph {\"style\":{\"elements\":{\"link\":{\"color\":{\"text\":\"var:preset|color|black\"}}}},\"textColor\":\"black\"} -->\n<p class=\"has-black-color has-text-color has-link-color\">Registration is required to participate in the session!<br \/><strong>Application and registration:<\/strong>\u00a0szonyimuzeum1@gmail.com<br \/>Please register your interest by midnight the day before the session!<br \/>We can accept a limited number of applicants.<\/p>\n<!-- \/wp:paragraph -->\t\t\t\t\t\t\t\t<\/div>\n\t\t\t\t<\/div>\n\t\t\t\t<\/div>\n\t\t<div class=\"elementor-element elementor-element-6959419 e-con-full e-flex e-con e-child\" data-id=\"6959419\" data-element_type=\"container\">\n\t\t\t\t<div class=\"elementor-element elementor-element-9832496 elementor-widget elementor-widget-gallery\" data-id=\"9832496\" data-element_type=\"widget\" data-settings=\"{&quot;gallery_layout&quot;:&quot;masonry&quot;,&quot;columns&quot;:1,&quot;lazyload&quot;:&quot;yes&quot;,&quot;columns_tablet&quot;:2,&quot;columns_mobile&quot;:1,&quot;gap&quot;:{&quot;unit&quot;:&quot;px&quot;,&quot;size&quot;:10,&quot;sizes&quot;:[]},&quot;gap_laptop&quot;:{&quot;unit&quot;:&quot;px&quot;,&quot;size&quot;:10,&quot;sizes&quot;:[]},&quot;gap_tablet&quot;:{&quot;unit&quot;:&quot;px&quot;,&quot;size&quot;:10,&quot;sizes&quot;:[]},&quot;gap_mobile&quot;:{&quot;unit&quot;:&quot;px&quot;,&quot;size&quot;:10,&quot;sizes&quot;:[]},&quot;link_to&quot;:&quot;file&quot;,&quot;overlay_background&quot;:&quot;yes&quot;,&quot;content_hover_animation&quot;:&quot;fade-in&quot;}\" data-widget_type=\"gallery.default\">\n\t\t\t\t<div class=\"elementor-widget-container\">\n\t\t\t\t\t\t\t<div class=\"elementor-gallery__container\">\n\t\t\t\t\t\t\t<a class=\"e-gallery-item elementor-gallery-item elementor-animated-content\" href=\"https:\/\/szonyimuzeum.hu\/wp-content\/uploads\/2024\/08\/Alkoss-szabadon-2-scaled.jpg\">\n\t\t\t\t\t<div class=\"e-gallery-image elementor-gallery-item__image\" data-thumbnail=\"https:\/\/szonyimuzeum.hu\/wp-content\/uploads\/2024\/08\/Alkoss-szabadon-2-700x525.jpg\" data-width=\"700\" data-height=\"525\" aria-label=\"\" role=\"img\" ><\/div>\n\t\t\t\t\t\t\t\t\t\t\t<div class=\"elementor-gallery-item__overlay\"><\/div>\n\t\t\t\t\t\t\t\t\t\t\t\t\t\t<\/a>\n\t\t\t\t\t\t\t<a class=\"e-gallery-item elementor-gallery-item elementor-animated-content\" href=\"https:\/\/szonyimuzeum.hu\/wp-content\/uploads\/2024\/08\/IMG_3666.jpg\">\n\t\t\t\t\t<div class=\"e-gallery-image elementor-gallery-item__image\" data-thumbnail=\"https:\/\/szonyimuzeum.hu\/wp-content\/uploads\/2024\/08\/IMG_3666-700x591.jpg\" data-width=\"700\" data-height=\"591\" aria-label=\"\" role=\"img\" ><\/div>\n\t\t\t\t\t\t\t\t\t\t\t<div class=\"elementor-gallery-item__overlay\"><\/div>\n\t\t\t\t\t\t\t\t\t\t\t\t\t\t<\/a>\n\t\t\t\t\t<\/div>\n\t\t\t\t\t<\/div>\n\t\t\t\t<\/div>\n\t\t\t\t<\/div>\n\t\t\t\t\t<\/div>\n\t\t\t\t<\/div>\n\t\t<div class=\"elementor-element elementor-element-1e09825 e-flex e-con-boxed e-con e-parent\" data-id=\"1e09825\" data-element_type=\"container\">\n\t\t\t\t\t<div class=\"e-con-inner\">\n\t\t<div class=\"elementor-element elementor-element-7c66122 e-con-full e-flex e-con e-child\" data-id=\"7c66122\" data-element_type=\"container\">\n\t\t\t\t<div class=\"elementor-element elementor-element-3ec6e17 elementor-widget elementor-widget-text-editor\" data-id=\"3ec6e17\" data-element_type=\"widget\" data-widget_type=\"text-editor.default\">\n\t\t\t\t<div class=\"elementor-widget-container\">\n\t\t\t\t\t\t\t\t\t<!-- wp:paragraph {\"style\":{\"color\":{\"text\":\"#7393b3\"},\"elements\":{\"link\":{\"color\":{\"text\":\"#7393b3\"}}},\"typography\":{\"fontSize\":\"34px\"}}} -->\n<p><span style=\"color: #7393b3;\"><strong>Saturday, 28 September 2024 16:00<\/strong><\/span><\/p>\n<p class=\"has-text-color has-link-color\"><strong>Let's box it up!<\/strong><\/p>\n<!-- \/wp:paragraph --><!-- wp:paragraph -->\n<p><strong>What's in the smaller and bigger boxes in the museum?<\/strong><br \/>The former home of the painter Istv\u00e1n Sz\u0151nyi and his family has been preserved almost intact for posterity. Not only their furniture, such as a cabinet with pull-out maps, or their personal objects, such as an old stereoscope that makes the image appear three-dimensional, but also the various boxes that are fascinating to open. Many things were stored in recycled boxes. In former medicine boxes, paint dust and other dyes, in cigarette boxes, thread knobs and pieces of broken glasses, in case they might be good for something else. It's not just the preserved things that are no longer in production that are interesting, but the boxes themselves, with their inscriptions about their original purpose telling us a lot about the era and the customs of the people who lived in the house. Let's discover the secrets of the Sz\u0151nyi House boxes together.<\/p>\n<!-- \/wp:paragraph --><!-- wp:paragraph -->\n<p><strong>Dates:<\/strong> Saturday, 28 September 2024 16:00<br \/><strong>Programme price: <\/strong>1.500 HUF\/person programme ticket + entrance ticket<br \/><strong>Programme duration:<\/strong> 60-90 minutes<br \/><strong>Location: <\/strong>Istv\u00e1n Sz\u0151nyi Memorial Museum, Zebeg\u00e9ny, Bart\u00f3ky J\u00f3zsef \u00fat 7.<br \/><strong>Participation in the programme is subject to pre-registration:<\/strong><br \/><strong>E-mail: <\/strong>szonyimuzeum1@gmail.com<br \/><strong>Telephone: <\/strong>06 (27) 620 161, 06 (30) 850 8808<br \/>Registration is open until 24:00 on the day before the day of the programme.<br \/>Please arrive at least 10 minutes before the programme.<br \/>The maximum number of participants per programme is 20.<\/p>\n<!-- \/wp:paragraph -->\t\t\t\t\t\t\t\t<\/div>\n\t\t\t\t<\/div>\n\t\t\t\t<\/div>\n\t\t<div class=\"elementor-element elementor-element-4aba505 e-con-full e-flex e-con e-child\" data-id=\"4aba505\" data-element_type=\"container\">\n\t\t\t\t<div class=\"elementor-element elementor-element-d31c266 elementor-widget elementor-widget-gallery\" data-id=\"d31c266\" data-element_type=\"widget\" data-settings=\"{&quot;gallery_layout&quot;:&quot;justified&quot;,&quot;lazyload&quot;:&quot;yes&quot;,&quot;ideal_row_height&quot;:{&quot;unit&quot;:&quot;px&quot;,&quot;size&quot;:200,&quot;sizes&quot;:[]},&quot;ideal_row_height_laptop&quot;:{&quot;unit&quot;:&quot;px&quot;,&quot;size&quot;:150,&quot;sizes&quot;:[]},&quot;ideal_row_height_tablet&quot;:{&quot;unit&quot;:&quot;px&quot;,&quot;size&quot;:150,&quot;sizes&quot;:[]},&quot;ideal_row_height_mobile&quot;:{&quot;unit&quot;:&quot;px&quot;,&quot;size&quot;:150,&quot;sizes&quot;:[]},&quot;gap&quot;:{&quot;unit&quot;:&quot;px&quot;,&quot;size&quot;:10,&quot;sizes&quot;:[]},&quot;gap_laptop&quot;:{&quot;unit&quot;:&quot;px&quot;,&quot;size&quot;:10,&quot;sizes&quot;:[]},&quot;gap_tablet&quot;:{&quot;unit&quot;:&quot;px&quot;,&quot;size&quot;:10,&quot;sizes&quot;:[]},&quot;gap_mobile&quot;:{&quot;unit&quot;:&quot;px&quot;,&quot;size&quot;:10,&quot;sizes&quot;:[]},&quot;link_to&quot;:&quot;file&quot;,&quot;overlay_background&quot;:&quot;yes&quot;,&quot;content_hover_animation&quot;:&quot;fade-in&quot;}\" data-widget_type=\"gallery.default\">\n\t\t\t\t<div class=\"elementor-widget-container\">\n\t\t\t\t\t\t\t<div class=\"elementor-gallery__container\">\n\t\t\t\t\t\t\t<a class=\"e-gallery-item elementor-gallery-item elementor-animated-content\" href=\"https:\/\/szonyimuzeum.hu\/wp-content\/uploads\/2024\/08\/Dobozoljunk_Programokhoz.jpg\">\n\t\t\t\t\t<div class=\"e-gallery-image elementor-gallery-item__image\" data-thumbnail=\"https:\/\/szonyimuzeum.hu\/wp-content\/uploads\/2024\/08\/Dobozoljunk_Programokhoz-495x700.jpg\" data-width=\"495\" data-height=\"700\" aria-label=\"\" role=\"img\" ><\/div>\n\t\t\t\t\t\t\t\t\t\t\t<div class=\"elementor-gallery-item__overlay\"><\/div>\n\t\t\t\t\t\t\t\t\t\t\t\t\t\t<\/a>\n\t\t\t\t\t\t\t<a class=\"e-gallery-item elementor-gallery-item elementor-animated-content\" href=\"https:\/\/szonyimuzeum.hu\/wp-content\/uploads\/2024\/07\/IMG_0892-1-scaled.jpg\">\n\t\t\t\t\t<div class=\"e-gallery-image elementor-gallery-item__image\" data-thumbnail=\"https:\/\/szonyimuzeum.hu\/wp-content\/uploads\/2024\/07\/IMG_0892-1-700x525.jpg\" data-width=\"700\" data-height=\"525\" aria-label=\"\" role=\"img\" ><\/div>\n\t\t\t\t\t\t\t\t\t\t\t<div class=\"elementor-gallery-item__overlay\"><\/div>\n\t\t\t\t\t\t\t\t\t\t\t\t\t\t<\/a>\n\t\t\t\t\t\t\t<a class=\"e-gallery-item elementor-gallery-item elementor-animated-content\" href=\"https:\/\/szonyimuzeum.hu\/wp-content\/uploads\/2024\/07\/Doboz_Napolyi-sarga-scaled.jpg\">\n\t\t\t\t\t<div class=\"e-gallery-image elementor-gallery-item__image\" data-thumbnail=\"https:\/\/szonyimuzeum.hu\/wp-content\/uploads\/2024\/07\/Doboz_Napolyi-sarga-700x599.jpg\" data-width=\"700\" data-height=\"599\" aria-label=\"\" role=\"img\" ><\/div>\n\t\t\t\t\t\t\t\t\t\t\t<div class=\"elementor-gallery-item__overlay\"><\/div>\n\t\t\t\t\t\t\t\t\t\t\t\t\t\t<\/a>\n\t\t\t\t\t\t\t<a class=\"e-gallery-item elementor-gallery-item elementor-animated-content\" href=\"https:\/\/szonyimuzeum.hu\/wp-content\/uploads\/2024\/07\/Doboz_fekete-scaled.jpg\">\n\t\t\t\t\t<div class=\"e-gallery-image elementor-gallery-item__image\" data-thumbnail=\"https:\/\/szonyimuzeum.hu\/wp-content\/uploads\/2024\/07\/Doboz_fekete-525x700.jpg\" data-width=\"525\" data-height=\"700\" aria-label=\"\" role=\"img\" ><\/div>\n\t\t\t\t\t\t\t\t\t\t\t<div class=\"elementor-gallery-item__overlay\"><\/div>\n\t\t\t\t\t\t\t\t\t\t\t\t\t\t<\/a>\n\t\t\t\t\t<\/div>\n\t\t\t\t\t<\/div>\n\t\t\t\t<\/div>\n\t\t\t\t<\/div>\n\t\t\t\t\t<\/div>\n\t\t\t\t<\/div>\n\t\t<div class=\"elementor-element elementor-element-bd56226 e-flex e-con-boxed e-con e-parent\" data-id=\"bd56226\" data-element_type=\"container\">\n\t\t\t\t\t<div class=\"e-con-inner\">\n\t\t<div class=\"elementor-element elementor-element-ea49ad2 e-con-full e-flex e-con e-child\" data-id=\"ea49ad2\" data-element_type=\"container\">\n\t\t\t\t<div class=\"elementor-element elementor-element-7990634 elementor-widget elementor-widget-text-editor\" data-id=\"7990634\" data-element_type=\"widget\" data-widget_type=\"text-editor.default\">\n\t\t\t\t<div class=\"elementor-widget-container\">\n\t\t\t\t\t\t\t\t\t<!-- wp:paragraph {\"style\":{\"color\":{\"text\":\"#7393b3\"},\"elements\":{\"link\":{\"color\":{\"text\":\"#7393b3\"}}},\"typography\":{\"fontSize\":\"34px\"}}} -->\n<p><span style=\"color: #7393b3;\"><strong>Saturday, 7 September 2024 20:00<\/strong><\/span><\/p>\n<p class=\"has-text-color has-link-color\"><strong>Night at the museum<\/strong><\/p>\n<!-- \/wp:paragraph --><!-- wp:paragraph -->\n<p>Hot summer days are best spent sipping cold drinks on the waterfront. But when the sun dips behind the horizon and the mysterious veil of NIGHT LIGHT falls over the landscape, we offer a SPECIAL CHALET to quench your thirst for CULTURE.<\/p>\n<!-- \/wp:paragraph --><!-- wp:paragraph -->\n<p><strong>AFTER DARK...<\/strong><br \/>... we take a torch around the cramped rooms, illuminating their special details,<br \/>... we immerse ourselves in the world of the master's most interesting works,<br \/>... we peep into the depths of the locked drawers...<br \/>In the silence of the night, we can hear the stories the house whispers.<br \/>Let yourself be enchanted by the secrets of the nightly tales!<br \/><br \/><strong>Dates:<\/strong> Saturday, 7 September 2024 20:00<br \/><strong>Programme price:<\/strong> 2.000 HUF\/person programme ticket + entrance ticket<br \/><strong>Programme duration:<\/strong> 90 min<br \/><strong>Location:<\/strong> Istv\u00e1n Sz\u0151nyi Memorial Museum, Zebeg\u00e9ny, Bart\u00f3ky J\u00f3zsef \u00fat 7.<br \/><strong>Participation in the programme is subject to pre-registration:<\/strong><br \/><strong>E-mail:<\/strong> szonyimuzeum1@gmail.com<br \/><strong>Telephone:<\/strong> 06 (27) 620 161, 06 (30) 850 8808<br \/>Registration is open until 24:00 on the day before the day of the programme.<br \/>Please arrive at least 15 minutes before the programme.<br \/>The maximum number of participants per programme is 20.<\/p>\n<!-- \/wp:paragraph -->\t\t\t\t\t\t\t\t<\/div>\n\t\t\t\t<\/div>\n\t\t\t\t<\/div>\n\t\t<div class=\"elementor-element elementor-element-f3429f4 e-con-full e-flex e-con e-child\" data-id=\"f3429f4\" data-element_type=\"container\">\n\t\t\t\t<div class=\"elementor-element elementor-element-a790b34 elementor-widget elementor-widget-gallery\" data-id=\"a790b34\" data-element_type=\"widget\" data-settings=\"{&quot;gallery_layout&quot;:&quot;masonry&quot;,&quot;columns&quot;:2,&quot;lazyload&quot;:&quot;yes&quot;,&quot;columns_tablet&quot;:2,&quot;columns_mobile&quot;:1,&quot;gap&quot;:{&quot;unit&quot;:&quot;px&quot;,&quot;size&quot;:10,&quot;sizes&quot;:[]},&quot;gap_laptop&quot;:{&quot;unit&quot;:&quot;px&quot;,&quot;size&quot;:10,&quot;sizes&quot;:[]},&quot;gap_tablet&quot;:{&quot;unit&quot;:&quot;px&quot;,&quot;size&quot;:10,&quot;sizes&quot;:[]},&quot;gap_mobile&quot;:{&quot;unit&quot;:&quot;px&quot;,&quot;size&quot;:10,&quot;sizes&quot;:[]},&quot;link_to&quot;:&quot;file&quot;,&quot;overlay_background&quot;:&quot;yes&quot;,&quot;content_hover_animation&quot;:&quot;fade-in&quot;}\" data-widget_type=\"gallery.default\">\n\t\t\t\t<div class=\"elementor-widget-container\">\n\t\t\t\t\t\t\t<div class=\"elementor-gallery__container\">\n\t\t\t\t\t\t\t<a class=\"e-gallery-item elementor-gallery-item elementor-animated-content\" href=\"https:\/\/szonyimuzeum.hu\/wp-content\/uploads\/2024\/07\/Plakat_Ejszaka-a-muzeumban-2024.augusztus.jpg\">\n\t\t\t\t\t<div class=\"e-gallery-image elementor-gallery-item__image\" data-thumbnail=\"https:\/\/szonyimuzeum.hu\/wp-content\/uploads\/2024\/07\/Plakat_Ejszaka-a-muzeumban-2024.augusztus-495x700.jpg\" data-width=\"495\" data-height=\"700\" aria-label=\"\" role=\"img\" ><\/div>\n\t\t\t\t\t\t\t\t\t\t\t<div class=\"elementor-gallery-item__overlay\"><\/div>\n\t\t\t\t\t\t\t\t\t\t\t\t\t\t<\/a>\n\t\t\t\t\t\t\t<a class=\"e-gallery-item elementor-gallery-item elementor-animated-content\" href=\"https:\/\/szonyimuzeum.hu\/wp-content\/uploads\/2024\/08\/IMG_3342-scaled.jpg\">\n\t\t\t\t\t<div class=\"e-gallery-image elementor-gallery-item__image\" data-thumbnail=\"https:\/\/szonyimuzeum.hu\/wp-content\/uploads\/2024\/08\/IMG_3342-700x525.jpg\" data-width=\"700\" data-height=\"525\" aria-label=\"\" role=\"img\" ><\/div>\n\t\t\t\t\t\t\t\t\t\t\t<div class=\"elementor-gallery-item__overlay\"><\/div>\n\t\t\t\t\t\t\t\t\t\t\t\t\t\t<\/a>\n\t\t\t\t\t\t\t<a class=\"e-gallery-item elementor-gallery-item elementor-animated-content\" href=\"https:\/\/szonyimuzeum.hu\/wp-content\/uploads\/2024\/07\/Zsuzsa-kancsoval.jpg\">\n\t\t\t\t\t<div class=\"e-gallery-image elementor-gallery-item__image\" data-thumbnail=\"https:\/\/szonyimuzeum.hu\/wp-content\/uploads\/2024\/07\/Zsuzsa-kancsoval-495x700.jpg\" data-width=\"495\" data-height=\"700\" aria-label=\"\" role=\"img\" ><\/div>\n\t\t\t\t\t\t\t\t\t\t\t<div class=\"elementor-gallery-item__overlay\"><\/div>\n\t\t\t\t\t\t\t\t\t\t\t\t\t\t<\/a>\n\t\t\t\t\t\t\t<a class=\"e-gallery-item elementor-gallery-item elementor-animated-content\" href=\"https:\/\/szonyimuzeum.hu\/wp-content\/uploads\/2024\/07\/Dobozoljunk_feher-dobozok-scaled.jpg\">\n\t\t\t\t\t<div class=\"e-gallery-image elementor-gallery-item__image\" data-thumbnail=\"https:\/\/szonyimuzeum.hu\/wp-content\/uploads\/2024\/07\/Dobozoljunk_feher-dobozok-546x700.jpg\" data-width=\"546\" data-height=\"700\" aria-label=\"\" role=\"img\" ><\/div>\n\t\t\t\t\t\t\t\t\t\t\t<div class=\"elementor-gallery-item__overlay\"><\/div>\n\t\t\t\t\t\t\t\t\t\t\t\t\t\t<\/a>\n\t\t\t\t\t<\/div>\n\t\t\t\t\t<\/div>\n\t\t\t\t<\/div>\n\t\t\t\t<\/div>\n\t\t\t\t\t<\/div>\n\t\t\t\t<\/div>\n\t\t<div class=\"elementor-element elementor-element-6bd10ae e-flex e-con-boxed e-con e-parent\" data-id=\"6bd10ae\" data-element_type=\"container\">\n\t\t\t\t\t<div class=\"e-con-inner\">\n\t\t<div class=\"elementor-element elementor-element-80224ac e-con-full e-flex e-con e-child\" data-id=\"80224ac\" data-element_type=\"container\">\n\t\t\t\t<div class=\"elementor-element elementor-element-e500b87 elementor-widget elementor-widget-text-editor\" data-id=\"e500b87\" data-element_type=\"widget\" data-widget_type=\"text-editor.default\">\n\t\t\t\t<div class=\"elementor-widget-container\">\n\t\t\t\t\t\t\t\t\t<p><span style=\"color: #7393b3;\"><strong>12-16 August 2024.<\/strong><\/span><\/p>\n<p class=\"has-text-color has-link-color\"><strong>We held a museum art camp for primary school children!<\/strong><\/p>\n<p><!-- \/wp:paragraph --><!-- wp:paragraph --><\/p>\n<p>Last Friday was the end of our second art camp for primary school children.\u00a0<br \/>The camp explored how the visual arts and different artistic disciplines such as music, dance, crafts, literature and theatre are interconnected.<br \/>Some examples of the week's activities include: children designing a \"fairy tale girl\", making furniture sets, a movable stage set in a shoebox, and drawing their imaginary pictures on paper, accompanied by music. We also went to the quiet, shady Danube bank in the room, where the sounds of nature were the theme of their creations.<br \/>On Friday afternoon we closed the week with an exhibition in the Sz\u0151nyi Garden theatre.<\/p>\n<p><!-- \/wp:paragraph --><!-- wp:paragraph --><\/p>\n<p>It was a great pleasure to see everyone from last year's campers come and to add new little artists to the team. <br \/>We hope to see you again next summer!<\/p>\n<p><!-- \/wp:paragraph --><\/p>\t\t\t\t\t\t\t\t<\/div>\n\t\t\t\t<\/div>\n\t\t\t\t<\/div>\n\t\t<div class=\"elementor-element elementor-element-ab0bb48 e-con-full e-flex e-con e-child\" data-id=\"ab0bb48\" data-element_type=\"container\">\n\t\t\t\t<div class=\"elementor-element elementor-element-6f4df58 elementor-widget elementor-widget-gallery\" data-id=\"6f4df58\" data-element_type=\"widget\" data-settings=\"{&quot;gallery_layout&quot;:&quot;masonry&quot;,&quot;columns&quot;:2,&quot;lazyload&quot;:&quot;yes&quot;,&quot;columns_tablet&quot;:2,&quot;columns_mobile&quot;:1,&quot;gap&quot;:{&quot;unit&quot;:&quot;px&quot;,&quot;size&quot;:10,&quot;sizes&quot;:[]},&quot;gap_laptop&quot;:{&quot;unit&quot;:&quot;px&quot;,&quot;size&quot;:10,&quot;sizes&quot;:[]},&quot;gap_tablet&quot;:{&quot;unit&quot;:&quot;px&quot;,&quot;size&quot;:10,&quot;sizes&quot;:[]},&quot;gap_mobile&quot;:{&quot;unit&quot;:&quot;px&quot;,&quot;size&quot;:10,&quot;sizes&quot;:[]},&quot;link_to&quot;:&quot;file&quot;,&quot;overlay_background&quot;:&quot;yes&quot;,&quot;content_hover_animation&quot;:&quot;fade-in&quot;}\" data-widget_type=\"gallery.default\">\n\t\t\t\t<div class=\"elementor-widget-container\">\n\t\t\t\t\t\t\t<div class=\"elementor-gallery__container\">\n\t\t\t\t\t\t\t<a class=\"e-gallery-item elementor-gallery-item elementor-animated-content\" href=\"https:\/\/szonyimuzeum.hu\/wp-content\/uploads\/2024\/08\/1-2-scaled.jpg\">\n\t\t\t\t\t<div class=\"e-gallery-image elementor-gallery-item__image\" data-thumbnail=\"https:\/\/szonyimuzeum.hu\/wp-content\/uploads\/2024\/08\/1-2-700x509.jpg\" data-width=\"700\" data-height=\"509\" aria-label=\"\" role=\"img\" ><\/div>\n\t\t\t\t\t\t\t\t\t\t\t<div class=\"elementor-gallery-item__overlay\"><\/div>\n\t\t\t\t\t\t\t\t\t\t\t\t\t\t<\/a>\n\t\t\t\t\t\t\t<a class=\"e-gallery-item elementor-gallery-item elementor-animated-content\" href=\"https:\/\/szonyimuzeum.hu\/wp-content\/uploads\/2024\/08\/9-scaled.jpg\">\n\t\t\t\t\t<div class=\"e-gallery-image elementor-gallery-item__image\" data-thumbnail=\"https:\/\/szonyimuzeum.hu\/wp-content\/uploads\/2024\/08\/9-700x521.jpg\" data-width=\"700\" data-height=\"521\" aria-label=\"\" role=\"img\" ><\/div>\n\t\t\t\t\t\t\t\t\t\t\t<div class=\"elementor-gallery-item__overlay\"><\/div>\n\t\t\t\t\t\t\t\t\t\t\t\t\t\t<\/a>\n\t\t\t\t\t\t\t<a class=\"e-gallery-item elementor-gallery-item elementor-animated-content\" href=\"https:\/\/szonyimuzeum.hu\/wp-content\/uploads\/2024\/08\/2-3_-scaled.jpg\">\n\t\t\t\t\t<div class=\"e-gallery-image elementor-gallery-item__image\" data-thumbnail=\"https:\/\/szonyimuzeum.hu\/wp-content\/uploads\/2024\/08\/2-3_-700x471.jpg\" data-width=\"700\" data-height=\"471\" aria-label=\"\" role=\"img\" ><\/div>\n\t\t\t\t\t\t\t\t\t\t\t<div class=\"elementor-gallery-item__overlay\"><\/div>\n\t\t\t\t\t\t\t\t\t\t\t\t\t\t<\/a>\n\t\t\t\t\t\t\t<a class=\"e-gallery-item elementor-gallery-item elementor-animated-content\" href=\"https:\/\/szonyimuzeum.hu\/wp-content\/uploads\/2024\/08\/5-scaled.jpg\">\n\t\t\t\t\t<div class=\"e-gallery-image elementor-gallery-item__image\" data-thumbnail=\"https:\/\/szonyimuzeum.hu\/wp-content\/uploads\/2024\/08\/5-700x511.jpg\" data-width=\"700\" data-height=\"511\" aria-label=\"\" role=\"img\" ><\/div>\n\t\t\t\t\t\t\t\t\t\t\t<div class=\"elementor-gallery-item__overlay\"><\/div>\n\t\t\t\t\t\t\t\t\t\t\t\t\t\t<\/a>\n\t\t\t\t\t\t\t<a class=\"e-gallery-item elementor-gallery-item elementor-animated-content\" href=\"https:\/\/szonyimuzeum.hu\/wp-content\/uploads\/2024\/08\/6-scaled.jpg\">\n\t\t\t\t\t<div class=\"e-gallery-image elementor-gallery-item__image\" data-thumbnail=\"https:\/\/szonyimuzeum.hu\/wp-content\/uploads\/2024\/08\/6-700x488.jpg\" data-width=\"700\" data-height=\"488\" aria-label=\"\" role=\"img\" ><\/div>\n\t\t\t\t\t\t\t\t\t\t\t<div class=\"elementor-gallery-item__overlay\"><\/div>\n\t\t\t\t\t\t\t\t\t\t\t\t\t\t<\/a>\n\t\t\t\t\t<\/div>\n\t\t\t\t\t<\/div>\n\t\t\t\t<\/div>\n\t\t\t\t<\/div>\n\t\t\t\t\t<\/div>\n\t\t\t\t<\/div>\n\t\t<div class=\"elementor-element elementor-element-89fec50 e-flex e-con-boxed e-con e-parent\" data-id=\"89fec50\" data-element_type=\"container\">\n\t\t\t\t\t<div class=\"e-con-inner\">\n\t\t<div class=\"elementor-element elementor-element-126cb86 e-con-full e-flex e-con e-child\" data-id=\"126cb86\" data-element_type=\"container\">\n\t\t\t\t<div class=\"elementor-element elementor-element-6764330 elementor-widget elementor-widget-text-editor\" data-id=\"6764330\" data-element_type=\"widget\" data-widget_type=\"text-editor.default\">\n\t\t\t\t<div class=\"elementor-widget-container\">\n\t\t\t\t\t\t\t\t\t<!-- wp:paragraph {\"style\":{\"color\":{\"text\":\"#7393b3\"},\"elements\":{\"link\":{\"color\":{\"text\":\"#7393b3\"}}},\"typography\":{\"fontSize\":\"24px\"}}} -->\n<p><span style=\"color: #7393b3;\"><strong>July 2024<\/strong><\/span><\/p>\n<p class=\"has-text-color has-link-color\"><strong>Eight Sz\u0151nyi paintings arrived at the museum<\/strong> <strong>July 2024<\/strong><\/p>\n<!-- \/wp:paragraph --><!-- wp:paragraph -->\n<p>Eight Sz\u0151nyi paintings arrived from the Museum of Fine Arts-Hungarian National Gallery to the Sz\u0151nyi Museum. All of them are very important works. One of them is the monumental On the Mountaintop, with which Sz\u0151nyi won the first prize of the Nude Exhibition of Youth, which presented 444 works at the Kunsthalle in 1925. Painted the year after he settled in Zebeg\u00e9ny, the painting is an enormous full-length self-portrait of the painter in full life size. It is one of the double portraits of himself in different roles. Two years earlier, in 1923, he painted himself with his elderly mother, where his powerful figure is in the foreground. In the same year, he painted a full-length portrait of his family, Lunch at his father's house, where Sz\u0151nyi sits with his back to his father, mother and sisters. The Boy, holding a glass of water in his right hand, is sitting with his back to the viewer, already coming out of his previous life, saying goodbye to his home and his family. In this year Sz\u0151nyi became engaged to Melinda Bart\u00f3ky, who would become his wife in 1924, their first child Zsuzsa was born and they moved to Zebeg\u00e9ny. Here Sz\u0151nyi is in the background, his dark figure barely visible, with the pregnant Melinda in pink in front of him, showing that the painter was preparing for the role of the father who would maintain the family.\u00a0<\/p>\n<!-- \/wp:paragraph --><!-- wp:paragraph -->\n<p>In 1925, in the painting On the Mountaintop, the artist paints himself doubled over the Danube. One figure is a nude, the other a half-dressed man in trousers and a hat, a village man. According to Sz\u0151nyi himself, he found in Zebeg\u00e9ny everything he needed to develop his art: the landscape, nature and the people who lived with it. While in 1923 Sz\u0151nyi painted himself as the Son, in 1924 as the Husband and future father, in 1925 as the Man, the Artist and the Man who had found his place in life.<\/p>\n<!-- \/wp:paragraph --><!-- wp:paragraph -->\n<p>The nude, as the mythological-allegorical idealised figure of neoclassical painting, is the symbol of Sz\u0151nyi's painting up to that point, his clothed other self with the same posture, retreating into the background, symbolising his new, Zebeg\u00e9nyi era. The nude, symbolising the past, stands before the clothed man, symbolising the present, painted in strong colours. The equivalence of the past with the present remains, in fact, an indication that Sz\u0151nyi, although his themes and style are about to change, his classical values and commitment remain, not completely dissolved in the new artistic expression. He takes it with him. In Zebeg\u00e9ny, nature, the landscape, the capture of simple everyday life is the new artistic challenge for him, but he does not become a naturalistic painter, he presents the experiences he has seen, the village life he has lived, in an idealised form with his artistic means. While the nudes in his earlier neoclassical paintings were more ironic and lifelike than usual, the figures in his village scenes are more ethereal, floating, and contingent as they stand in the idyllic landscape painted around them. In Zebeg\u00e9ny, Sz\u0151nyi built an idealised world around himself, rooted in reality. He was a soldier from 1914 to 1919, fought throughout World War I, and five years later found a place that he thought was worth capturing again and again. Not only the landscape, the Danube Bend, but also the natural, village life, which he thought was pure and unspoilt, and with it the unbreakable, ever-living harmony.\u00a0<\/p>\n<!-- \/wp:paragraph --><!-- wp:paragraph -->\n<p>This painting of alter egos standing on the hilltop of Zebeg\u00e9ny is rare and unique among self-portraits. This painting by Sz\u0151nyi, who depicted himself both naked and clothed, could have been the conclusion of a life's work, since it uses simple means to summarise what he has to say about himself with dramatic monumentality. The work, which could be interpreted as an artistic creed, shows no hesitation, no question marks. From the first moment he arrived in Zebeg\u00e9ny, Sz\u0151nyi felt that his presence here would have an elemental effect on his art. The more vivid, brilliant, powerful, ochre-yellowish figure of the nude alter-ego and the darker-toned robed figure are distant parallels to the knight alter-egos accompanying the coffin in medieval funeral processions. Since the time of Charles the Great, it was customary for the deceased knight to be accompanied on his final journey by two alter-egos in full armour, the one in black representing the warrior, the fighting self of the deceased, and the one in gold the hero, the heroic knight, the ideal. The one bade farewell to the Body, the other to the Soul and escorted him through the gates of eternity. Somehow, this is what Sz\u0151nyi anticipated in the double portrait he painted of himself barely a year after moving to Zebeg\u00e9ny in 1925.<\/p>\n<!-- \/wp:paragraph -->\t\t\t\t\t\t\t\t<\/div>\n\t\t\t\t<\/div>\n\t\t\t\t<\/div>\n\t\t<div class=\"elementor-element elementor-element-2844cd6 e-con-full e-flex e-con e-child\" data-id=\"2844cd6\" data-element_type=\"container\">\n\t\t\t\t<div class=\"elementor-element elementor-element-ae8aef2 elementor-widget elementor-widget-gallery\" data-id=\"ae8aef2\" data-element_type=\"widget\" data-settings=\"{&quot;gallery_layout&quot;:&quot;masonry&quot;,&quot;columns&quot;:2,&quot;lazyload&quot;:&quot;yes&quot;,&quot;columns_tablet&quot;:2,&quot;columns_mobile&quot;:1,&quot;gap&quot;:{&quot;unit&quot;:&quot;px&quot;,&quot;size&quot;:10,&quot;sizes&quot;:[]},&quot;gap_laptop&quot;:{&quot;unit&quot;:&quot;px&quot;,&quot;size&quot;:10,&quot;sizes&quot;:[]},&quot;gap_tablet&quot;:{&quot;unit&quot;:&quot;px&quot;,&quot;size&quot;:10,&quot;sizes&quot;:[]},&quot;gap_mobile&quot;:{&quot;unit&quot;:&quot;px&quot;,&quot;size&quot;:10,&quot;sizes&quot;:[]},&quot;link_to&quot;:&quot;file&quot;,&quot;overlay_background&quot;:&quot;yes&quot;,&quot;content_hover_animation&quot;:&quot;fade-in&quot;}\" data-widget_type=\"gallery.default\">\n\t\t\t\t<div class=\"elementor-widget-container\">\n\t\t\t\t\t\t\t<div class=\"elementor-gallery__container\">\n\t\t\t\t\t\t\t<a class=\"e-gallery-item elementor-gallery-item elementor-animated-content\" href=\"https:\/\/szonyimuzeum.hu\/wp-content\/uploads\/2024\/07\/Viadukt.jpg\">\n\t\t\t\t\t<div class=\"e-gallery-image elementor-gallery-item__image\" data-thumbnail=\"https:\/\/szonyimuzeum.hu\/wp-content\/uploads\/2024\/07\/Viadukt-642x700.jpg\" data-width=\"642\" data-height=\"700\" aria-label=\"\" role=\"img\" ><\/div>\n\t\t\t\t\t\t\t\t\t\t\t<div class=\"elementor-gallery-item__overlay\"><\/div>\n\t\t\t\t\t\t\t\t\t\t\t\t\t\t<\/a>\n\t\t\t\t\t\t\t<a class=\"e-gallery-item elementor-gallery-item elementor-animated-content\" href=\"https:\/\/szonyimuzeum.hu\/wp-content\/uploads\/2024\/07\/Zebegenyi-este-scaled.jpg\">\n\t\t\t\t\t<div class=\"e-gallery-image elementor-gallery-item__image\" data-thumbnail=\"https:\/\/szonyimuzeum.hu\/wp-content\/uploads\/2024\/07\/Zebegenyi-este-700x577.jpg\" data-width=\"700\" data-height=\"577\" aria-label=\"\" role=\"img\" ><\/div>\n\t\t\t\t\t\t\t\t\t\t\t<div class=\"elementor-gallery-item__overlay\"><\/div>\n\t\t\t\t\t\t\t\t\t\t\t\t\t\t<\/a>\n\t\t\t\t\t\t\t<a class=\"e-gallery-item elementor-gallery-item elementor-animated-content\" href=\"https:\/\/szonyimuzeum.hu\/wp-content\/uploads\/2024\/07\/Zsuzsa-scaled.jpg\">\n\t\t\t\t\t<div class=\"e-gallery-image elementor-gallery-item__image\" data-thumbnail=\"https:\/\/szonyimuzeum.hu\/wp-content\/uploads\/2024\/07\/Zsuzsa-528x700.jpg\" data-width=\"528\" data-height=\"700\" aria-label=\"\" role=\"img\" ><\/div>\n\t\t\t\t\t\t\t\t\t\t\t<div class=\"elementor-gallery-item__overlay\"><\/div>\n\t\t\t\t\t\t\t\t\t\t\t\t\t\t<\/a>\n\t\t\t\t\t\t\t<a class=\"e-gallery-item elementor-gallery-item elementor-animated-content\" href=\"https:\/\/szonyimuzeum.hu\/wp-content\/uploads\/2024\/07\/Este-scaled.jpg\">\n\t\t\t\t\t<div class=\"e-gallery-image elementor-gallery-item__image\" data-thumbnail=\"https:\/\/szonyimuzeum.hu\/wp-content\/uploads\/2024\/07\/Este-441x700.jpg\" data-width=\"441\" data-height=\"700\" aria-label=\"\" role=\"img\" ><\/div>\n\t\t\t\t\t\t\t\t\t\t\t<div class=\"elementor-gallery-item__overlay\"><\/div>\n\t\t\t\t\t\t\t\t\t\t\t\t\t\t<\/a>\n\t\t\t\t\t\t\t<a class=\"e-gallery-item elementor-gallery-item elementor-animated-content\" href=\"https:\/\/szonyimuzeum.hu\/wp-content\/uploads\/2024\/07\/Baratnok-scaled.jpg\">\n\t\t\t\t\t<div class=\"e-gallery-image elementor-gallery-item__image\" data-thumbnail=\"https:\/\/szonyimuzeum.hu\/wp-content\/uploads\/2024\/07\/Baratnok-700x548.jpg\" data-width=\"700\" data-height=\"548\" aria-label=\"\" role=\"img\" ><\/div>\n\t\t\t\t\t\t\t\t\t\t\t<div class=\"elementor-gallery-item__overlay\"><\/div>\n\t\t\t\t\t\t\t\t\t\t\t\t\t\t<\/a>\n\t\t\t\t\t\t\t<a class=\"e-gallery-item elementor-gallery-item elementor-animated-content\" href=\"https:\/\/szonyimuzeum.hu\/wp-content\/uploads\/2024\/07\/IMG_0408.jpg\">\n\t\t\t\t\t<div class=\"e-gallery-image elementor-gallery-item__image\" data-thumbnail=\"https:\/\/szonyimuzeum.hu\/wp-content\/uploads\/2024\/07\/IMG_0408-420x700.jpg\" data-width=\"420\" data-height=\"700\" aria-label=\"\" role=\"img\" ><\/div>\n\t\t\t\t\t\t\t\t\t\t\t<div class=\"elementor-gallery-item__overlay\"><\/div>\n\t\t\t\t\t\t\t\t\t\t\t\t\t\t<\/a>\n\t\t\t\t\t<\/div>\n\t\t\t\t\t<\/div>\n\t\t\t\t<\/div>\n\t\t\t\t<\/div>\n\t\t\t\t\t<\/div>\n\t\t\t\t<\/div>\n\t\t<div class=\"elementor-element elementor-element-8052754 e-flex e-con-boxed e-con e-parent\" data-id=\"8052754\" data-element_type=\"container\">\n\t\t\t\t\t<div class=\"e-con-inner\">\n\t\t<div class=\"elementor-element elementor-element-2005bca e-con-full e-flex e-con e-child\" data-id=\"2005bca\" data-element_type=\"container\">\n\t\t\t\t<div class=\"elementor-element elementor-element-6fa2eed elementor-widget elementor-widget-text-editor\" data-id=\"6fa2eed\" data-element_type=\"widget\" data-widget_type=\"text-editor.default\">\n\t\t\t\t<div class=\"elementor-widget-container\">\n\t\t\t\t\t\t\t\t\t<!-- wp:paragraph {\"style\":{\"color\":{\"text\":\"#7393b3\"},\"elements\":{\"link\":{\"color\":{\"text\":\"#7393b3\"}}},\"typography\":{\"fontSize\":\"29px\"}}} -->\n<p><span style=\"color: #7393b3;\"><strong>Sunday, 9 June 2024 15:00<\/strong><\/span><\/p>\n<p><strong>LIVE 130 - RAJZ and VIDEO COMPETITION EVENT ANNOUNCEMENT AND EXPLOSION OPENER<\/strong>!<\/p>\n<!-- \/wp:paragraph --><!-- wp:paragraph -->\n<p>The jury decided the winners of the \"Sz\u0151nyi 130 - Drawing and Video Contest\" are: <a href=\"https:\/\/szonyimuzeum.hu\/en\/palyazat-2024-2\/\">Winners<\/a><\/p>\n<!-- \/wp:paragraph -->\t\t\t\t\t\t\t\t<\/div>\n\t\t\t\t<\/div>\n\t\t\t\t<\/div>\n\t\t<div class=\"elementor-element elementor-element-7ab6e1b e-con-full e-flex e-con e-child\" data-id=\"7ab6e1b\" data-element_type=\"container\">\n\t\t\t\t<div class=\"elementor-element elementor-element-f7b1da3 elementor-widget elementor-widget-image\" data-id=\"f7b1da3\" data-element_type=\"widget\" data-widget_type=\"image.default\">\n\t\t\t\t<div class=\"elementor-widget-container\">\n\t\t\t\t\t\t\t\t\t\t\t\t\t\t\t<img fetchpriority=\"high\" decoding=\"async\" width=\"800\" height=\"566\" src=\"https:\/\/szonyimuzeum.hu\/wp-content\/uploads\/2024\/06\/Kozonsegdij_also-kategoria-1024x724.jpg\" class=\"attachment-large size-large wp-image-7610\" alt=\"\" srcset=\"https:\/\/szonyimuzeum.hu\/wp-content\/uploads\/2024\/06\/Kozonsegdij_also-kategoria-1024x724.jpg 1024w, https:\/\/szonyimuzeum.hu\/wp-content\/uploads\/2024\/06\/Kozonsegdij_also-kategoria-700x495.jpg 700w, https:\/\/szonyimuzeum.hu\/wp-content\/uploads\/2024\/06\/Kozonsegdij_also-kategoria-768x543.jpg 768w, https:\/\/szonyimuzeum.hu\/wp-content\/uploads\/2024\/06\/Kozonsegdij_also-kategoria-1536x1086.jpg 1536w, https:\/\/szonyimuzeum.hu\/wp-content\/uploads\/2024\/06\/Kozonsegdij_also-kategoria.jpg 2000w\" sizes=\"(max-width: 800px) 100vw, 800px\" \/>\t\t\t\t\t\t\t\t\t\t\t\t\t\t\t<\/div>\n\t\t\t\t<\/div>\n\t\t\t\t<\/div>\n\t\t\t\t\t<\/div>\n\t\t\t\t<\/div>\n\t\t<div class=\"elementor-element elementor-element-2fd5c30 e-flex e-con-boxed e-con e-parent\" data-id=\"2fd5c30\" data-element_type=\"container\">\n\t\t\t\t\t<div class=\"e-con-inner\">\n\t\t<div class=\"elementor-element elementor-element-0f35c28 e-con-full e-flex e-con e-child\" data-id=\"0f35c28\" data-element_type=\"container\">\n\t\t\t\t<div class=\"elementor-element elementor-element-d38ca68 elementor-widget elementor-widget-text-editor\" data-id=\"d38ca68\" data-element_type=\"widget\" data-widget_type=\"text-editor.default\">\n\t\t\t\t<div class=\"elementor-widget-container\">\n\t\t\t\t\t\t\t\t\t<p><span style=\"color: #7393b3;\"><strong>25 May 2024 - 29 December 2024.<\/strong><\/span><\/p>\n<p><strong>Father and daughter - The world of childhood in Sz\u0151nyi's art<\/strong><\/p>\n<p>The exhibition traces an arc from Istv\u00e1n Sz\u0151nyi's childhood to his becoming a father, and from the birth of his daughter Zsuzsa to her becoming a granddaughter. Sz\u0151nyi moved with his wife, Melinda Bart\u00f3ky, to his father-in-law's summer house in Zebeg\u00e9ny in 1924 and in the same year his daughter Zsuzsa was born, followed two years later by his son P\u00e9ter. It was in Zebeg\u00e9ny that Sz\u0151nyi's painting came to fruition, where he developed his distinctive and unique style. The subjects of his paintings also changed. In addition to the Danube landscape, nature and the people living with it, family, home and intimate, intimate moments came to the fore. He made many sketches, studies and paintings of his wife and children, which follow their development. Their graphic works are at once lyrical, emotional, personal and timeless. The exhibition is primarily a thematic selection of the rarely exhibited graphic material in the collection, but also includes some of Sz\u0151nyi's paintings from his childhood. The exhibition also includes family photographs, most of which were taken by the painter himself of his family and children, with artistic exactitude.<\/p>\t\t\t\t\t\t\t\t<\/div>\n\t\t\t\t<\/div>\n\t\t\t\t<\/div>\n\t\t<div class=\"elementor-element elementor-element-45b658c e-con-full e-flex e-con e-child\" data-id=\"45b658c\" data-element_type=\"container\">\n\t\t\t\t<div class=\"elementor-element elementor-element-551a334 elementor-widget elementor-widget-gallery\" data-id=\"551a334\" data-element_type=\"widget\" data-settings=\"{&quot;gallery_layout&quot;:&quot;justified&quot;,&quot;lazyload&quot;:&quot;yes&quot;,&quot;ideal_row_height&quot;:{&quot;unit&quot;:&quot;px&quot;,&quot;size&quot;:200,&quot;sizes&quot;:[]},&quot;ideal_row_height_laptop&quot;:{&quot;unit&quot;:&quot;px&quot;,&quot;size&quot;:150,&quot;sizes&quot;:[]},&quot;ideal_row_height_tablet&quot;:{&quot;unit&quot;:&quot;px&quot;,&quot;size&quot;:150,&quot;sizes&quot;:[]},&quot;ideal_row_height_mobile&quot;:{&quot;unit&quot;:&quot;px&quot;,&quot;size&quot;:150,&quot;sizes&quot;:[]},&quot;gap&quot;:{&quot;unit&quot;:&quot;px&quot;,&quot;size&quot;:10,&quot;sizes&quot;:[]},&quot;gap_laptop&quot;:{&quot;unit&quot;:&quot;px&quot;,&quot;size&quot;:10,&quot;sizes&quot;:[]},&quot;gap_tablet&quot;:{&quot;unit&quot;:&quot;px&quot;,&quot;size&quot;:10,&quot;sizes&quot;:[]},&quot;gap_mobile&quot;:{&quot;unit&quot;:&quot;px&quot;,&quot;size&quot;:10,&quot;sizes&quot;:[]},&quot;link_to&quot;:&quot;file&quot;,&quot;overlay_background&quot;:&quot;yes&quot;,&quot;content_hover_animation&quot;:&quot;fade-in&quot;}\" data-widget_type=\"gallery.default\">\n\t\t\t\t<div class=\"elementor-widget-container\">\n\t\t\t\t\t\t\t<div class=\"elementor-gallery__container\">\n\t\t\t\t\t\t\t<a class=\"e-gallery-item elementor-gallery-item elementor-animated-content\" href=\"https:\/\/szonyimuzeum.hu\/wp-content\/uploads\/2024\/05\/Szonyi_Apa-es-lanya_PLAKAT.jpg\">\n\t\t\t\t\t<div class=\"e-gallery-image elementor-gallery-item__image\" data-thumbnail=\"https:\/\/szonyimuzeum.hu\/wp-content\/uploads\/2024\/05\/Szonyi_Apa-es-lanya_PLAKAT-499x700.jpg\" data-width=\"499\" data-height=\"700\" aria-label=\"\" role=\"img\" ><\/div>\n\t\t\t\t\t\t\t\t\t\t\t<div class=\"elementor-gallery-item__overlay\"><\/div>\n\t\t\t\t\t\t\t\t\t\t\t\t\t\t<\/a>\n\t\t\t\t\t\t\t<a class=\"e-gallery-item elementor-gallery-item elementor-animated-content\" href=\"https:\/\/szonyimuzeum.hu\/wp-content\/uploads\/2024\/05\/MEGHIVO_Apa-es-lanya_A-gyermekkor-vilaga-Szonyi-muveszeteben_2024.05.25.jpg\">\n\t\t\t\t\t<div class=\"e-gallery-image elementor-gallery-item__image\" data-thumbnail=\"https:\/\/szonyimuzeum.hu\/wp-content\/uploads\/2024\/05\/MEGHIVO_Apa-es-lanya_A-gyermekkor-vilaga-Szonyi-muveszeteben_2024.05.25-700x700.jpg\" data-width=\"700\" data-height=\"700\" aria-label=\"\" role=\"img\" ><\/div>\n\t\t\t\t\t\t\t\t\t\t\t<div class=\"elementor-gallery-item__overlay\"><\/div>\n\t\t\t\t\t\t\t\t\t\t\t\t\t\t<\/a>\n\t\t\t\t\t<\/div>\n\t\t\t\t\t<\/div>\n\t\t\t\t<\/div>\n\t\t\t\t<\/div>\n\t\t\t\t\t<\/div>\n\t\t\t\t<\/div>\n\t\t<div class=\"elementor-element elementor-element-5f4293d e-flex e-con-boxed e-con e-parent\" data-id=\"5f4293d\" data-element_type=\"container\">\n\t\t\t\t\t<div class=\"e-con-inner\">\n\t\t<div class=\"elementor-element elementor-element-b654f4d e-con-full e-flex e-con e-child\" data-id=\"b654f4d\" data-element_type=\"container\">\n\t\t\t\t<div class=\"elementor-element elementor-element-8cba514 elementor-widget elementor-widget-text-editor\" data-id=\"8cba514\" data-element_type=\"widget\" data-widget_type=\"text-editor.default\">\n\t\t\t\t<div class=\"elementor-widget-container\">\n\t\t\t\t\t\t\t\t\t<p><span style=\"color: #7393b3;\"><strong>12-16 August 2024.<\/strong><\/span><\/p>\n<p>This summer the Istv\u00e1n Sz\u0151nyi Memorial Museum welcomes young people who want to create. Our camp for primary school children <strong>August<\/strong> <strong>in the third week of<\/strong> will be held, during which participants will be introduced to a visual art companion through different graphic techniques, such as music, dance, theatre, literature and applied arts.<\/p>\n<p><span style=\"color: #7393b3;\"><strong>1-5 July 2024.<\/strong><\/span><\/p>\n<p>This summer the Istv\u00e1n Sz\u0151nyi Memorial Museum welcomes young people who want to create. Our camp for seniors <strong>first week of July<\/strong> during which participants will learn about folk art, art nouveau and art deco through different graphic techniques.<\/p>\t\t\t\t\t\t\t\t<\/div>\n\t\t\t\t<\/div>\n\t\t\t\t<\/div>\n\t\t<div class=\"elementor-element elementor-element-38f3eda e-con-full e-flex e-con e-child\" data-id=\"38f3eda\" data-element_type=\"container\">\n\t\t\t\t<div class=\"elementor-element elementor-element-fcce65d elementor-widget elementor-widget-gallery\" data-id=\"fcce65d\" data-element_type=\"widget\" data-settings=\"{&quot;gallery_layout&quot;:&quot;masonry&quot;,&quot;columns&quot;:2,&quot;lazyload&quot;:&quot;yes&quot;,&quot;columns_tablet&quot;:2,&quot;columns_mobile&quot;:1,&quot;gap&quot;:{&quot;unit&quot;:&quot;px&quot;,&quot;size&quot;:10,&quot;sizes&quot;:[]},&quot;gap_laptop&quot;:{&quot;unit&quot;:&quot;px&quot;,&quot;size&quot;:10,&quot;sizes&quot;:[]},&quot;gap_tablet&quot;:{&quot;unit&quot;:&quot;px&quot;,&quot;size&quot;:10,&quot;sizes&quot;:[]},&quot;gap_mobile&quot;:{&quot;unit&quot;:&quot;px&quot;,&quot;size&quot;:10,&quot;sizes&quot;:[]},&quot;link_to&quot;:&quot;file&quot;,&quot;overlay_background&quot;:&quot;yes&quot;,&quot;content_hover_animation&quot;:&quot;fade-in&quot;}\" data-widget_type=\"gallery.default\">\n\t\t\t\t<div class=\"elementor-widget-container\">\n\t\t\t\t\t\t\t<div class=\"elementor-gallery__container\">\n\t\t\t\t\t\t\t<a class=\"e-gallery-item elementor-gallery-item elementor-animated-content\" href=\"https:\/\/szonyimuzeum.hu\/wp-content\/uploads\/2024\/05\/PLAKAT_Muzeumi-szunetelo_2024.-augusztus-5-9.jpg\">\n\t\t\t\t\t<div class=\"e-gallery-image elementor-gallery-item__image\" data-thumbnail=\"https:\/\/szonyimuzeum.hu\/wp-content\/uploads\/2024\/05\/PLAKAT_Muzeumi-szunetelo_2024.-augusztus-5-9-495x700.jpg\" data-width=\"495\" data-height=\"700\" aria-label=\"\" role=\"img\" ><\/div>\n\t\t\t\t\t\t\t\t\t\t\t<div class=\"elementor-gallery-item__overlay\"><\/div>\n\t\t\t\t\t\t\t\t\t\t\t\t\t\t<\/a>\n\t\t\t\t\t\t\t<a class=\"e-gallery-item elementor-gallery-item elementor-animated-content\" href=\"https:\/\/szonyimuzeum.hu\/wp-content\/uploads\/2024\/04\/PLAKAT_Muzeumi-szunetelo_2024-julius-1-5.jpg\">\n\t\t\t\t\t<div class=\"e-gallery-image elementor-gallery-item__image\" data-thumbnail=\"https:\/\/szonyimuzeum.hu\/wp-content\/uploads\/2024\/04\/PLAKAT_Muzeumi-szunetelo_2024-julius-1-5-495x700.jpg\" data-width=\"495\" data-height=\"700\" aria-label=\"\" role=\"img\" ><\/div>\n\t\t\t\t\t\t\t\t\t\t\t<div class=\"elementor-gallery-item__overlay\"><\/div>\n\t\t\t\t\t\t\t\t\t\t\t\t\t\t<\/a>\n\t\t\t\t\t<\/div>\n\t\t\t\t\t<\/div>\n\t\t\t\t<\/div>\n\t\t\t\t<\/div>\n\t\t\t\t\t<\/div>\n\t\t\t\t<\/div>\n\t\t<div class=\"elementor-element elementor-element-382266d e-flex e-con-boxed e-con e-parent\" data-id=\"382266d\" data-element_type=\"container\">\n\t\t\t\t\t<div class=\"e-con-inner\">\n\t\t<div class=\"elementor-element elementor-element-7295173 e-con-full e-flex e-con e-child\" data-id=\"7295173\" data-element_type=\"container\">\n\t\t\t\t<div class=\"elementor-element elementor-element-e08de7b elementor-widget elementor-widget-text-editor\" data-id=\"e08de7b\" data-element_type=\"widget\" data-widget_type=\"text-editor.default\">\n\t\t\t\t<div class=\"elementor-widget-container\">\n\t\t\t\t\t\t\t\t\t<p><span style=\"color: #7393b3;\"><strong>Again in 2024!<\/strong><\/span><\/p>\n<p><strong>Guided tour with archival photographers<\/strong><\/p>\n<p>The family spent a lot of time on the covered veranda with its carved wooden balustrade from early spring to late autumn. In good weather, they would have breakfast, lunch, dinner and welcome visitors. The most atmospheric corner of the house in Zebeg\u00e9ny was often crowded. It was here on the veranda that the painter friends and their wives gathered around Sz\u0151nyi to watch the performances of the Bibab\u00f3 puppet theatre for the dreamy children, and then to bid farewell to the summer on 20 August, at the traditional Stephen's Day gatherings. But it's not just the veranda that tells its story, with old family photos hung on the walls. A guided tour of the archival family photo museum will tell you all about the house's former inhabitants. How they lived with the furniture and furnishings they used not so long ago, or how Sz\u0151nyi started a painting in the studio of the house.<\/p>\t\t\t\t\t\t\t\t<\/div>\n\t\t\t\t<\/div>\n\t\t\t\t<\/div>\n\t\t<div class=\"elementor-element elementor-element-fcaa0d6 e-con-full e-flex e-con e-child\" data-id=\"fcaa0d6\" data-element_type=\"container\">\n\t\t\t\t<div class=\"elementor-element elementor-element-695f02d elementor-widget elementor-widget-gallery\" data-id=\"695f02d\" data-element_type=\"widget\" data-settings=\"{&quot;columns&quot;:2,&quot;lazyload&quot;:&quot;yes&quot;,&quot;gallery_layout&quot;:&quot;grid&quot;,&quot;columns_tablet&quot;:2,&quot;columns_mobile&quot;:1,&quot;gap&quot;:{&quot;unit&quot;:&quot;px&quot;,&quot;size&quot;:10,&quot;sizes&quot;:[]},&quot;gap_laptop&quot;:{&quot;unit&quot;:&quot;px&quot;,&quot;size&quot;:10,&quot;sizes&quot;:[]},&quot;gap_tablet&quot;:{&quot;unit&quot;:&quot;px&quot;,&quot;size&quot;:10,&quot;sizes&quot;:[]},&quot;gap_mobile&quot;:{&quot;unit&quot;:&quot;px&quot;,&quot;size&quot;:10,&quot;sizes&quot;:[]},&quot;link_to&quot;:&quot;file&quot;,&quot;aspect_ratio&quot;:&quot;3:2&quot;,&quot;overlay_background&quot;:&quot;yes&quot;,&quot;content_hover_animation&quot;:&quot;fade-in&quot;}\" data-widget_type=\"gallery.default\">\n\t\t\t\t<div class=\"elementor-widget-container\">\n\t\t\t\t\t\t\t<div class=\"elementor-gallery__container\">\n\t\t\t\t\t\t\t<a class=\"e-gallery-item elementor-gallery-item elementor-animated-content\" href=\"https:\/\/szonyimuzeum.hu\/wp-content\/uploads\/2024\/04\/IMG_4477_veranda-scaled.jpg\">\n\t\t\t\t\t<div class=\"e-gallery-image elementor-gallery-item__image\" data-thumbnail=\"https:\/\/szonyimuzeum.hu\/wp-content\/uploads\/2024\/04\/IMG_4477_veranda-700x525.jpg\" data-width=\"700\" data-height=\"525\" aria-label=\"\" role=\"img\" ><\/div>\n\t\t\t\t\t\t\t\t\t\t\t<div class=\"elementor-gallery-item__overlay\"><\/div>\n\t\t\t\t\t\t\t\t\t\t\t\t\t\t<\/a>\n\t\t\t\t\t\t\t<a class=\"e-gallery-item elementor-gallery-item elementor-animated-content\" href=\"https:\/\/szonyimuzeum.hu\/wp-content\/uploads\/2024\/04\/7.jpg\">\n\t\t\t\t\t<div class=\"e-gallery-image elementor-gallery-item__image\" data-thumbnail=\"https:\/\/szonyimuzeum.hu\/wp-content\/uploads\/2024\/04\/7-700x495.jpg\" data-width=\"700\" data-height=\"495\" aria-label=\"\" role=\"img\" ><\/div>\n\t\t\t\t\t\t\t\t\t\t\t<div class=\"elementor-gallery-item__overlay\"><\/div>\n\t\t\t\t\t\t\t\t\t\t\t\t\t\t<\/a>\n\t\t\t\t\t\t\t<a class=\"e-gallery-item elementor-gallery-item elementor-animated-content\" href=\"https:\/\/szonyimuzeum.hu\/wp-content\/uploads\/2024\/04\/Fokepnek.jpg\">\n\t\t\t\t\t<div class=\"e-gallery-image elementor-gallery-item__image\" data-thumbnail=\"https:\/\/szonyimuzeum.hu\/wp-content\/uploads\/2024\/04\/Fokepnek-700x361.jpg\" data-width=\"700\" data-height=\"361\" aria-label=\"\" role=\"img\" ><\/div>\n\t\t\t\t\t\t\t\t\t\t\t<div class=\"elementor-gallery-item__overlay\"><\/div>\n\t\t\t\t\t\t\t\t\t\t\t\t\t\t<\/a>\n\t\t\t\t\t\t\t<a class=\"e-gallery-item elementor-gallery-item elementor-animated-content\" href=\"https:\/\/szonyimuzeum.hu\/wp-content\/uploads\/2024\/04\/Veranda-2.jpg\">\n\t\t\t\t\t<div class=\"e-gallery-image elementor-gallery-item__image\" data-thumbnail=\"https:\/\/szonyimuzeum.hu\/wp-content\/uploads\/2024\/04\/Veranda-2-700x644.jpg\" data-width=\"700\" data-height=\"644\" aria-label=\"\" role=\"img\" ><\/div>\n\t\t\t\t\t\t\t\t\t\t\t<div class=\"elementor-gallery-item__overlay\"><\/div>\n\t\t\t\t\t\t\t\t\t\t\t\t\t\t<\/a>\n\t\t\t\t\t<\/div>\n\t\t\t\t\t<\/div>\n\t\t\t\t<\/div>\n\t\t\t\t<\/div>\n\t\t\t\t\t<\/div>\n\t\t\t\t<\/div>\n\t\t<div class=\"elementor-element elementor-element-16ff681 e-flex e-con-boxed e-con e-parent\" data-id=\"16ff681\" data-element_type=\"container\">\n\t\t\t\t\t<div class=\"e-con-inner\">\n\t\t<div class=\"elementor-element elementor-element-385edfa e-con-full e-flex e-con e-child\" data-id=\"385edfa\" data-element_type=\"container\">\n\t\t\t\t<div class=\"elementor-element elementor-element-3dca528 elementor-widget elementor-widget-text-editor\" data-id=\"3dca528\" data-element_type=\"widget\" data-widget_type=\"text-editor.default\">\n\t\t\t\t<div class=\"elementor-widget-container\">\n\t\t\t\t\t\t\t\t\t<p><span style=\"color: #7393b3;\"><strong>13 Apr 2024 (Saturday) between 11:00 - 13:00!<\/strong><\/span><\/p>\n<p><strong>Family day<\/strong><\/p>\n<p>\u00a0<\/p>\t\t\t\t\t\t\t\t<\/div>\n\t\t\t\t<\/div>\n\t\t\t\t<\/div>\n\t\t<div class=\"elementor-element elementor-element-9adce16 e-con-full e-flex e-con e-child\" data-id=\"9adce16\" data-element_type=\"container\">\n\t\t\t\t<div class=\"elementor-element elementor-element-3d197e1 elementor-widget elementor-widget-image\" data-id=\"3d197e1\" data-element_type=\"widget\" data-widget_type=\"image.default\">\n\t\t\t\t<div class=\"elementor-widget-container\">\n\t\t\t\t\t\t\t\t\t\t\t\t\t\t\t<img decoding=\"async\" src=\"https:\/\/szonyimuzeum.hu\/wp-content\/uploads\/elementor\/thumbs\/Plakat_Csaladi-nap_aprilis-13-qmehcfrwohb9ozjdv8u5aldyc4hrpz2mzojtrzkwfg.jpg\" title=\"\" alt=\"\" loading=\"lazy\" \/>\t\t\t\t\t\t\t\t\t\t\t\t\t\t\t<\/div>\n\t\t\t\t<\/div>\n\t\t\t\t<\/div>\n\t\t\t\t\t<\/div>\n\t\t\t\t<\/div>\n\t\t<div class=\"elementor-element elementor-element-3c1983d e-flex e-con-boxed e-con e-parent\" data-id=\"3c1983d\" data-element_type=\"container\">\n\t\t\t\t\t<div class=\"e-con-inner\">\n\t\t<div class=\"elementor-element elementor-element-84528d4 e-con-full e-flex e-con e-child\" data-id=\"84528d4\" data-element_type=\"container\">\n\t\t\t\t<div class=\"elementor-element elementor-element-0a33509 elementor-widget elementor-widget-text-editor\" data-id=\"0a33509\" data-element_type=\"widget\" data-widget_type=\"text-editor.default\">\n\t\t\t\t<div class=\"elementor-widget-container\">\n\t\t\t\t\t\t\t\t\t<p><span style=\"color: #7393b3;\"><strong>Spring 2024<\/strong><\/span><\/p>\n<p><strong>Sz\u0151nyi 130 - drawing and video competition<\/strong><\/p>\n<p class=\"has-black-color has-text-color has-link-color wp-elements-3de55e1e082eea83fd0c4faf1f87110c\">On the occasion of the 130th anniversary of the birth of Istv\u00e1n Sz\u0151nyi, we are launching a competition for students in upper secondary and high school. The task:\u00a0<strong><em>paraphrase<\/em><\/strong>\u00a0creation - a re-imagining or re-creation of an existing work of art using different media, techniques or style, which in the case of our application may be\u00a0<strong>painting, graphics<\/strong>\u00a0or\u00a0<strong>video.\u00a0<\/strong>As a starting point, we provide 10 tableaux by Istv\u00e1n Sz\u0151nyi, which we publish on our website:<br \/><a href=\"https:\/\/szonyimuzeum.hu\/en\/palyazat-2024\/\">https:\/\/szonyimuzeum.hu\/palyazat-2024\/<\/a><\/p>\n<p>For those who prefer video, we recommend the short film about the four paintings in the museum, which can also be viewed with a smart phone via an audiovisual app.<\/p>\n<p><a href=\"https:\/\/szonyimuzeum.hu\/wp-content\/uploads\/2024\/03\/Gondold-ujra-Szonyi-festmenyeit_Palyazati-reszletek.pdf\" target=\"_blank\" rel=\"noreferrer noopener\">Rethink Sz\u0151nyi's paintings_Call for entries<\/a><\/p>\t\t\t\t\t\t\t\t<\/div>\n\t\t\t\t<\/div>\n\t\t\t\t<\/div>\n\t\t<div class=\"elementor-element elementor-element-ee6538a e-con-full e-flex e-con e-child\" data-id=\"ee6538a\" data-element_type=\"container\">\n\t\t\t\t<div class=\"elementor-element elementor-element-a5afaf9 elementor-widget elementor-widget-image\" data-id=\"a5afaf9\" data-element_type=\"widget\" data-widget_type=\"image.default\">\n\t\t\t\t<div class=\"elementor-widget-container\">\n\t\t\t\t\t\t\t\t\t\t\t\t\t\t\t<img decoding=\"async\" src=\"https:\/\/szonyimuzeum.hu\/wp-content\/uploads\/elementor\/thumbs\/PLAKAT_Rajz-es-Videopalyazat_2024-qlovl7wg65zkqe0jk475irhtxucs0wztpzxzo6o3zg.jpg\" title=\"PLAKAT_Rajz-es-Videopalyazat_2024\" alt=\"PLAKAT_Rajz-es-Videopalyazat_2024\" loading=\"lazy\" \/>\t\t\t\t\t\t\t\t\t\t\t\t\t\t\t<\/div>\n\t\t\t\t<\/div>\n\t\t\t\t<\/div>\n\t\t\t\t\t<\/div>\n\t\t\t\t<\/div>\n\t\t<div class=\"elementor-element elementor-element-4d17a58 e-flex e-con-boxed e-con e-parent\" data-id=\"4d17a58\" data-element_type=\"container\">\n\t\t\t\t\t<div class=\"e-con-inner\">\n\t\t<div class=\"elementor-element elementor-element-c90190e e-con-full e-flex e-con e-child\" data-id=\"c90190e\" data-element_type=\"container\">\n\t\t\t\t<div class=\"elementor-element elementor-element-61e2756 elementor-widget elementor-widget-text-editor\" data-id=\"61e2756\" data-element_type=\"widget\" data-widget_type=\"text-editor.default\">\n\t\t\t\t<div class=\"elementor-widget-container\">\n\t\t\t\t\t\t\t\t\t<p><span style=\"color: #7393b3;\"><strong>Saturday, 23 March 2024 11:00<\/strong><\/span><\/p>\n<p><strong>Our next guided walk<br \/><\/strong>Saturday, 23 March 2024 11:00<\/p>\n<p>In addition to the advertised times, we also organise walks for groups by prior arrangement.<\/p>\n<p>Appointments and registration \/\u00a0<a href=\"mailto:szonyimuzeum1@gmail.com\" target=\"_blank\" rel=\"noreferrer noopener\">szonyimuzeum1@gmail.com<\/a><\/p>\n<p><strong>\u00a0<\/strong><\/p>\t\t\t\t\t\t\t\t<\/div>\n\t\t\t\t<\/div>\n\t\t\t\t<\/div>\n\t\t<div class=\"elementor-element elementor-element-6c7a7c9 e-con-full e-flex e-con e-child\" data-id=\"6c7a7c9\" data-element_type=\"container\">\n\t\t\t\t<div class=\"elementor-element elementor-element-c5221a1 elementor-widget elementor-widget-image\" data-id=\"c5221a1\" data-element_type=\"widget\" data-widget_type=\"image.default\">\n\t\t\t\t<div class=\"elementor-widget-container\">\n\t\t\t\t\t\t\t\t\t\t\t\t\t\t\t<img decoding=\"async\" width=\"800\" height=\"534\" src=\"https:\/\/szonyimuzeum.hu\/wp-content\/uploads\/2021\/04\/Programok_Egyeb-programok_Seta-Szonyi-nyomaban_1000.jpg\" class=\"attachment-large size-large wp-image-2546\" alt=\"\" srcset=\"https:\/\/szonyimuzeum.hu\/wp-content\/uploads\/2021\/04\/Programok_Egyeb-programok_Seta-Szonyi-nyomaban_1000.jpg 1000w, https:\/\/szonyimuzeum.hu\/wp-content\/uploads\/2021\/04\/Programok_Egyeb-programok_Seta-Szonyi-nyomaban_1000-700x467.jpg 700w, https:\/\/szonyimuzeum.hu\/wp-content\/uploads\/2021\/04\/Programok_Egyeb-programok_Seta-Szonyi-nyomaban_1000-768x512.jpg 768w\" sizes=\"(max-width: 800px) 100vw, 800px\" \/>\t\t\t\t\t\t\t\t\t\t\t\t\t\t\t<\/div>\n\t\t\t\t<\/div>\n\t\t\t\t<\/div>\n\t\t\t\t\t<\/div>\n\t\t\t\t<\/div>\n\t\t<div class=\"elementor-element elementor-element-543ae2e e-flex e-con-boxed e-con e-parent\" data-id=\"543ae2e\" data-element_type=\"container\">\n\t\t\t\t\t<div class=\"e-con-inner\">\n\t\t<div class=\"elementor-element elementor-element-1849b48 e-con-full e-flex e-con e-child\" data-id=\"1849b48\" data-element_type=\"container\">\n\t\t\t\t<div class=\"elementor-element elementor-element-8868c66 elementor-widget elementor-widget-text-editor\" data-id=\"8868c66\" data-element_type=\"widget\" data-widget_type=\"text-editor.default\">\n\t\t\t\t<div class=\"elementor-widget-container\">\n\t\t\t\t\t\t\t\t\t<p><span style=\"color: #7393b3;\"><strong>Wednesday, 17 January 2024<\/strong><\/span><\/p>\n<p><strong>Paintings \"brought to life\"<\/strong><br \/>Also timed to coincide with the anniversary commemoration was the launch of an interactive exhibition, which was supported by the National Cultural Fund. The result of nearly a year of joint work, the animations that bring Sz\u0151nyi's paintings to life were created for the anniversary. For a few moments, the deserted street of Zebeg\u00e9ny comes to life, and family members preparing for bed at night \"move\" in the intimate room. In another short film, we can see and hear how a painting is made, how Sz\u0151nyi applies layers of paint with his brush. And an animation accompanying the iconic Garden Bench, which radiates peace and tranquillity, makes you wonder what Sz\u0151nyi was trying to say with the little white bench hiding under the shady trees of the garden during the wildest years of the war.<\/p>\n<p>The animations are special in that they are made exclusively by moving the pictorial elements, layers of paint, shadows and figurative elements on the paintings. This technique also reveals that Sz\u0151nyi's paintings, which radiate a restrained lyricism, are in fact highly complex works of art, consisting of several layers of paint superimposed on each other, in which the colours and materials merge in a unified harmony by the end of the creative process.<\/p>\n<p>As alternative interpretations, the moving images and sound effects assigned to the paintings represent a kind of added value, going beyond mere spectacle. They tell stories, evoke emotions in the viewer and thus arouse curiosity to learn more about the background of the works and the circumstances of their creation.<\/p>\n<p>With the animations that can be viewed through the Artivive app, one of the museum's aims is to appeal to the younger generation and to meet the ever-changing needs of museum visitors in general. We believe that the right proportion of interactive multimedia techniques can enrich the audience experience. New types of interpretation can show different aspects of a work of art, offer new ways of approaching it, and provide a more exciting and fresh experience for museum visitors, who can become (inter)active participants in the reception of the artworks.<\/p>\n<p>The so-called Augmented Reality application now on display at the museum is very versatile and has many additional possibilities.After the four paintings, we plan to \"bring to life\", among other things, the artist's small studio, using animations of old archive photos. Thanks to this technique, visitors will be able to see Istv\u00e1n Sz\u0151nyi working on his artworks by pointing their smart device at a coded spot in the studio. The animations were created by Krist\u00f3f Bal\u00e1zs N\u00e9meth and Zsolt Bukta<\/p>\t\t\t\t\t\t\t\t<\/div>\n\t\t\t\t<\/div>\n\t\t\t\t<\/div>\n\t\t<div class=\"elementor-element elementor-element-7214487 e-con-full e-flex e-con e-child\" data-id=\"7214487\" data-element_type=\"container\">\n\t\t\t\t<div class=\"elementor-element elementor-element-b227eb7 elementor-widget elementor-widget-gallery\" data-id=\"b227eb7\" data-element_type=\"widget\" data-settings=\"{&quot;gallery_layout&quot;:&quot;masonry&quot;,&quot;columns&quot;:1,&quot;lazyload&quot;:&quot;yes&quot;,&quot;columns_tablet&quot;:2,&quot;columns_mobile&quot;:1,&quot;gap&quot;:{&quot;unit&quot;:&quot;px&quot;,&quot;size&quot;:10,&quot;sizes&quot;:[]},&quot;gap_laptop&quot;:{&quot;unit&quot;:&quot;px&quot;,&quot;size&quot;:10,&quot;sizes&quot;:[]},&quot;gap_tablet&quot;:{&quot;unit&quot;:&quot;px&quot;,&quot;size&quot;:10,&quot;sizes&quot;:[]},&quot;gap_mobile&quot;:{&quot;unit&quot;:&quot;px&quot;,&quot;size&quot;:10,&quot;sizes&quot;:[]},&quot;link_to&quot;:&quot;file&quot;,&quot;overlay_background&quot;:&quot;yes&quot;,&quot;content_hover_animation&quot;:&quot;fade-in&quot;}\" data-widget_type=\"gallery.default\">\n\t\t\t\t<div class=\"elementor-widget-container\">\n\t\t\t\t\t\t\t<div class=\"elementor-gallery__container\">\n\t\t\t\t\t\t\t<a class=\"e-gallery-item elementor-gallery-item elementor-animated-content\" href=\"https:\/\/szonyimuzeum.hu\/wp-content\/uploads\/2024\/01\/Eletre-kelt-festmenyek_2.jpg\">\n\t\t\t\t\t<div class=\"e-gallery-image elementor-gallery-item__image\" data-thumbnail=\"https:\/\/szonyimuzeum.hu\/wp-content\/uploads\/2024\/01\/Eletre-kelt-festmenyek_2-700x512.jpg\" data-width=\"700\" data-height=\"512\" aria-label=\"\" role=\"img\" ><\/div>\n\t\t\t\t\t\t\t\t\t\t\t<div class=\"elementor-gallery-item__overlay\"><\/div>\n\t\t\t\t\t\t\t\t\t\t\t\t\t\t<\/a>\n\t\t\t\t\t\t\t<a class=\"e-gallery-item elementor-gallery-item elementor-animated-content\" href=\"https:\/\/szonyimuzeum.hu\/wp-content\/uploads\/2024\/01\/Eletre-kelt-festmenyek_.jpg\">\n\t\t\t\t\t<div class=\"e-gallery-image elementor-gallery-item__image\" data-thumbnail=\"https:\/\/szonyimuzeum.hu\/wp-content\/uploads\/2024\/01\/Eletre-kelt-festmenyek_-700x431.jpg\" data-width=\"700\" data-height=\"431\" aria-label=\"\" role=\"img\" ><\/div>\n\t\t\t\t\t\t\t\t\t\t\t<div class=\"elementor-gallery-item__overlay\"><\/div>\n\t\t\t\t\t\t\t\t\t\t\t\t\t\t<\/a>\n\t\t\t\t\t<\/div>\n\t\t\t\t\t<\/div>\n\t\t\t\t<\/div>\n\t\t\t\t<\/div>\n\t\t\t\t\t<\/div>\n\t\t\t\t<\/div>\n\t\t<div class=\"elementor-element elementor-element-fa95be7 e-flex e-con-boxed e-con e-parent\" data-id=\"fa95be7\" data-element_type=\"container\">\n\t\t\t\t\t<div class=\"e-con-inner\">\n\t\t<div class=\"elementor-element elementor-element-0904da6 e-con-full e-flex e-con e-child\" data-id=\"0904da6\" data-element_type=\"container\">\n\t\t\t\t<div class=\"elementor-element elementor-element-ea46fa6 elementor-widget elementor-widget-text-editor\" data-id=\"ea46fa6\" data-element_type=\"widget\" data-widget_type=\"text-editor.default\">\n\t\t\t\t<div class=\"elementor-widget-container\">\n\t\t\t\t\t\t\t\t\t<p><span style=\"color: #7393b3;\"><strong>2024. <\/strong><strong>Wednesday, 17 January<\/strong><\/span><\/p>\n<p><strong>Danube Bend in Spring - New painting in the museum!<\/strong><\/p>\n<p>On the 130th anniversary of Istv\u00e1n Sz\u0151nyi's birth, the museum's permanent exhibition was extended with a painting that, in terms of its subject matter, has been missing from the series of works presenting Sz\u0151nyi's art. A\u00a0<strong>Spring Danube Bend<\/strong>\u00a0was recently purchased by the Istv\u00e1n Sz\u0151nyi Foundation with the aim of enriching the permanent exhibition of the museum. The work, which is now in the public domain, fills a real gap, as the museum has not had a panel depicting the Danube Bend before. The painting was presented by Zsuzsa Klemmn\u00e9 N\u00e9meth, chairwoman of the foundation's board of trustees and retired director of the museum. She said that the foundation had long wanted to buy a Sz\u0151nyi painting, but previous attempts had failed. With its lush, bright colours, the new painting represents a mature period in Sz\u0151nyi's painting, radiating the harmony and serenity that gradually became dominant in his pictures from the beginning of his time in Zebeg\u00e9nyi.<\/p>\t\t\t\t\t\t\t\t<\/div>\n\t\t\t\t<\/div>\n\t\t\t\t<\/div>\n\t\t<div class=\"elementor-element elementor-element-73b1ff0 e-con-full e-flex e-con e-child\" data-id=\"73b1ff0\" data-element_type=\"container\">\n\t\t\t\t<div class=\"elementor-element elementor-element-2e019c2 elementor-widget elementor-widget-gallery\" data-id=\"2e019c2\" data-element_type=\"widget\" data-settings=\"{&quot;columns&quot;:1,&quot;lazyload&quot;:&quot;yes&quot;,&quot;gallery_layout&quot;:&quot;grid&quot;,&quot;columns_tablet&quot;:2,&quot;columns_mobile&quot;:1,&quot;gap&quot;:{&quot;unit&quot;:&quot;px&quot;,&quot;size&quot;:10,&quot;sizes&quot;:[]},&quot;gap_laptop&quot;:{&quot;unit&quot;:&quot;px&quot;,&quot;size&quot;:10,&quot;sizes&quot;:[]},&quot;gap_tablet&quot;:{&quot;unit&quot;:&quot;px&quot;,&quot;size&quot;:10,&quot;sizes&quot;:[]},&quot;gap_mobile&quot;:{&quot;unit&quot;:&quot;px&quot;,&quot;size&quot;:10,&quot;sizes&quot;:[]},&quot;link_to&quot;:&quot;file&quot;,&quot;aspect_ratio&quot;:&quot;3:2&quot;,&quot;overlay_background&quot;:&quot;yes&quot;,&quot;content_hover_animation&quot;:&quot;fade-in&quot;}\" data-widget_type=\"gallery.default\">\n\t\t\t\t<div class=\"elementor-widget-container\">\n\t\t\t\t\t\t\t<div class=\"elementor-gallery__container\">\n\t\t\t\t\t\t\t<a class=\"e-gallery-item elementor-gallery-item elementor-animated-content\" href=\"https:\/\/szonyimuzeum.hu\/wp-content\/uploads\/2024\/01\/Uj-festmeny-a-muzeumban.jpg\">\n\t\t\t\t\t<div class=\"e-gallery-image elementor-gallery-item__image\" data-thumbnail=\"https:\/\/szonyimuzeum.hu\/wp-content\/uploads\/2024\/01\/Uj-festmeny-a-muzeumban-700x506.jpg\" data-width=\"700\" data-height=\"506\" aria-label=\"\" role=\"img\" ><\/div>\n\t\t\t\t\t\t\t\t\t\t\t<div class=\"elementor-gallery-item__overlay\"><\/div>\n\t\t\t\t\t\t\t\t\t\t\t\t\t\t<\/a>\n\t\t\t\t\t<\/div>\n\t\t\t\t\t<\/div>\n\t\t\t\t<\/div>\n\t\t\t\t<\/div>\n\t\t\t\t\t<\/div>\n\t\t\t\t<\/div>\n\t\t<div class=\"elementor-element elementor-element-242ce46 e-flex e-con-boxed e-con e-parent\" data-id=\"242ce46\" data-element_type=\"container\">\n\t\t\t\t\t<div class=\"e-con-inner\">\n\t\t<div class=\"elementor-element elementor-element-9305972 e-con-full e-flex e-con e-child\" data-id=\"9305972\" data-element_type=\"container\">\n\t\t\t\t<div class=\"elementor-element elementor-element-5243888 elementor-widget elementor-widget-text-editor\" data-id=\"5243888\" data-element_type=\"widget\" data-widget_type=\"text-editor.default\">\n\t\t\t\t<div class=\"elementor-widget-container\">\n\t\t\t\t\t\t\t\t\t<p><span style=\"color: #7393b3;\"><strong>16 December 2023,<\/strong> <strong>Saturday<\/strong><\/span><\/p>\n<p><strong>Family matinee<br \/><\/strong>Dear Children!<br \/>We welcome you and your parents to our family matinee. Let's create a magical nativity scene together or take a special selfie so that not only your parents know you are an angel!\u00a0<br \/>Participants will enjoy a range of fun and creative activities, as well as tasting delicious hot tea and cakes.<br \/>Let's spend this joyful day together and prepare for the upcoming Christmas together!<\/p>\t\t\t\t\t\t\t\t<\/div>\n\t\t\t\t<\/div>\n\t\t\t\t<\/div>\n\t\t<div class=\"elementor-element elementor-element-34e90d0 e-con-full e-flex e-con e-child\" data-id=\"34e90d0\" data-element_type=\"container\">\n\t\t\t\t<div class=\"elementor-element elementor-element-87314c5 elementor-widget elementor-widget-image\" data-id=\"87314c5\" data-element_type=\"widget\" data-widget_type=\"image.default\">\n\t\t\t\t<div class=\"elementor-widget-container\">\n\t\t\t\t\t\t\t\t\t\t\t\t\t\t\t<img decoding=\"async\" src=\"https:\/\/szonyimuzeum.hu\/wp-content\/uploads\/elementor\/thumbs\/Csaladi-matine-qgp65w2tyod5jta823mdg3j28li07mszpclx20tpv0.png\" title=\"Csaladi matine\" alt=\"Csaladi matine\" loading=\"lazy\" \/>\t\t\t\t\t\t\t\t\t\t\t\t\t\t\t<\/div>\n\t\t\t\t<\/div>\n\t\t\t\t<\/div>\n\t\t\t\t\t<\/div>\n\t\t\t\t<\/div>\n\t\t<div class=\"elementor-element elementor-element-e794983 e-flex e-con-boxed e-con e-parent\" data-id=\"e794983\" data-element_type=\"container\">\n\t\t\t\t\t<div class=\"e-con-inner\">\n\t\t<div class=\"elementor-element elementor-element-3867f34 e-con-full e-flex e-con e-child\" data-id=\"3867f34\" data-element_type=\"container\">\n\t\t\t\t<div class=\"elementor-element elementor-element-8ae7ed2 elementor-widget elementor-widget-text-editor\" data-id=\"8ae7ed2\" data-element_type=\"widget\" data-widget_type=\"text-editor.default\">\n\t\t\t\t<div class=\"elementor-widget-container\">\n\t\t\t\t\t\t\t\t\t<p><span style=\"color: #7393b3;\"><strong>12 December 2023,<\/strong> <strong>Tuesday<\/strong><\/span><\/p>\n<p><strong>Museum story window<br \/><\/strong>Today (12 December), we are excited to open our museum's story window. With the help of montages of Istv\u00e1n Sz\u0151nyi's works, you can discover the extraordinary story of a \"super brain\".<br \/>This time we're also setting you a challenge. Help grandma find her grandchildren playing hide and seek. You'll be the hunters! So, how many grandchildren does Granny have? You can drop the correct answer in the museum's mailbox, or send it to\u00a0<a href=\"mailto:szonyimuzeum1@gmail.com\" target=\"_blank\" rel=\"noreferrer noopener\">szonyimuzeum1@gmail.com<\/a>\u00a0(Your name + number of grandchildren).<br \/>Come to our family matinee on 16 December, because at 11am we will draw one of the correct guesses and give them a surprise.<br \/>The story can be read by clicking on the link below:<br \/><a href=\"https:\/\/szonyimuzeum.hu\/wp-content\/uploads\/2023\/12\/Nagyi-es-a-lathatatlan-karacsony.pdf\" target=\"_blank\" rel=\"noreferrer noopener\">Grandma and the invisible Christmas<\/a><\/p>\t\t\t\t\t\t\t\t<\/div>\n\t\t\t\t<\/div>\n\t\t\t\t<\/div>\n\t\t<div class=\"elementor-element elementor-element-63ab017 e-con-full e-flex e-con e-child\" data-id=\"63ab017\" data-element_type=\"container\">\n\t\t\t\t<div class=\"elementor-element elementor-element-08ef080 elementor-widget elementor-widget-gallery\" data-id=\"08ef080\" data-element_type=\"widget\" data-settings=\"{&quot;columns&quot;:1,&quot;lazyload&quot;:&quot;yes&quot;,&quot;gallery_layout&quot;:&quot;grid&quot;,&quot;columns_tablet&quot;:2,&quot;columns_mobile&quot;:1,&quot;gap&quot;:{&quot;unit&quot;:&quot;px&quot;,&quot;size&quot;:10,&quot;sizes&quot;:[]},&quot;gap_laptop&quot;:{&quot;unit&quot;:&quot;px&quot;,&quot;size&quot;:10,&quot;sizes&quot;:[]},&quot;gap_tablet&quot;:{&quot;unit&quot;:&quot;px&quot;,&quot;size&quot;:10,&quot;sizes&quot;:[]},&quot;gap_mobile&quot;:{&quot;unit&quot;:&quot;px&quot;,&quot;size&quot;:10,&quot;sizes&quot;:[]},&quot;link_to&quot;:&quot;file&quot;,&quot;aspect_ratio&quot;:&quot;3:2&quot;,&quot;overlay_background&quot;:&quot;yes&quot;,&quot;content_hover_animation&quot;:&quot;fade-in&quot;}\" data-widget_type=\"gallery.default\">\n\t\t\t\t<div class=\"elementor-widget-container\">\n\t\t\t\t\t\t\t<div class=\"elementor-gallery__container\">\n\t\t\t\t\t\t\t<a class=\"e-gallery-item elementor-gallery-item elementor-animated-content\" href=\"https:\/\/szonyimuzeum.hu\/wp-content\/uploads\/2023\/12\/Meseablak-illusztracio-1.jpg\">\n\t\t\t\t\t<div class=\"e-gallery-image elementor-gallery-item__image\" data-thumbnail=\"https:\/\/szonyimuzeum.hu\/wp-content\/uploads\/2023\/12\/Meseablak-illusztracio-1-700x495.jpg\" data-width=\"700\" data-height=\"495\" aria-label=\"\" role=\"img\" ><\/div>\n\t\t\t\t\t\t\t\t\t\t\t<div class=\"elementor-gallery-item__overlay\"><\/div>\n\t\t\t\t\t\t\t\t\t\t\t\t\t\t<\/a>\n\t\t\t\t\t\t\t<a class=\"e-gallery-item elementor-gallery-item elementor-animated-content\" href=\"https:\/\/szonyimuzeum.hu\/wp-content\/uploads\/2023\/12\/Meseablak-illusztracio-2.jpg\">\n\t\t\t\t\t<div class=\"e-gallery-image elementor-gallery-item__image\" data-thumbnail=\"https:\/\/szonyimuzeum.hu\/wp-content\/uploads\/2023\/12\/Meseablak-illusztracio-2-700x495.jpg\" data-width=\"700\" data-height=\"495\" aria-label=\"\" role=\"img\" ><\/div>\n\t\t\t\t\t\t\t\t\t\t\t<div class=\"elementor-gallery-item__overlay\"><\/div>\n\t\t\t\t\t\t\t\t\t\t\t\t\t\t<\/a>\n\t\t\t\t\t<\/div>\n\t\t\t\t\t<\/div>\n\t\t\t\t<\/div>\n\t\t\t\t<\/div>\n\t\t\t\t\t<\/div>\n\t\t\t\t<\/div>\n\t\t<div class=\"elementor-element elementor-element-ef42faf e-flex e-con-boxed e-con e-parent\" data-id=\"ef42faf\" data-element_type=\"container\">\n\t\t\t\t\t<div class=\"e-con-inner\">\n\t\t<div class=\"elementor-element elementor-element-5b0c9a6 e-con-full e-flex e-con e-child\" data-id=\"5b0c9a6\" data-element_type=\"container\">\n\t\t\t\t<div class=\"elementor-element elementor-element-2053b66 elementor-widget elementor-widget-text-editor\" data-id=\"2053b66\" data-element_type=\"widget\" data-widget_type=\"text-editor.default\">\n\t\t\t\t<div class=\"elementor-widget-container\">\n\t\t\t\t\t\t\t\t\t<p><span style=\"color: #7393b3;\"><strong>Nov. 18 Nov. 25, 2023,<\/strong> <strong>Saturday<\/strong><\/span><br \/><strong>Dates for the next pre-announced guided walks:<br \/><\/strong>18 November and 25 November.<br \/>In addition to the advertised times, we also organise walks for groups by prior arrangement.<br \/>Appointments and registration \/\u00a0<a href=\"mailto:szonyimuzeum1@gmail.com\" target=\"_blank\" rel=\"noreferrer noopener\">szonyimuzeum1@gmail.com<\/a><\/p>\t\t\t\t\t\t\t\t<\/div>\n\t\t\t\t<\/div>\n\t\t\t\t<\/div>\n\t\t<div class=\"elementor-element elementor-element-71f35b8 e-con-full e-flex e-con e-child\" data-id=\"71f35b8\" data-element_type=\"container\">\n\t\t\t\t<div class=\"elementor-element elementor-element-625fe19 elementor-widget elementor-widget-gallery\" data-id=\"625fe19\" data-element_type=\"widget\" data-settings=\"{&quot;gallery_layout&quot;:&quot;masonry&quot;,&quot;columns&quot;:2,&quot;lazyload&quot;:&quot;yes&quot;,&quot;columns_tablet&quot;:2,&quot;columns_mobile&quot;:1,&quot;gap&quot;:{&quot;unit&quot;:&quot;px&quot;,&quot;size&quot;:10,&quot;sizes&quot;:[]},&quot;gap_laptop&quot;:{&quot;unit&quot;:&quot;px&quot;,&quot;size&quot;:10,&quot;sizes&quot;:[]},&quot;gap_tablet&quot;:{&quot;unit&quot;:&quot;px&quot;,&quot;size&quot;:10,&quot;sizes&quot;:[]},&quot;gap_mobile&quot;:{&quot;unit&quot;:&quot;px&quot;,&quot;size&quot;:10,&quot;sizes&quot;:[]},&quot;link_to&quot;:&quot;file&quot;,&quot;overlay_background&quot;:&quot;yes&quot;,&quot;content_hover_animation&quot;:&quot;fade-in&quot;}\" data-widget_type=\"gallery.default\">\n\t\t\t\t<div class=\"elementor-widget-container\">\n\t\t\t\t\t\t\t<div class=\"elementor-gallery__container\">\n\t\t\t\t\t\t\t<a class=\"e-gallery-item elementor-gallery-item elementor-animated-content\" href=\"https:\/\/szonyimuzeum.hu\/wp-content\/uploads\/2023\/11\/Seta_kepanyag.jpg\">\n\t\t\t\t\t<div class=\"e-gallery-image elementor-gallery-item__image\" data-thumbnail=\"https:\/\/szonyimuzeum.hu\/wp-content\/uploads\/2023\/11\/Seta_kepanyag-495x700.jpg\" data-width=\"495\" data-height=\"700\" aria-label=\"\" role=\"img\" ><\/div>\n\t\t\t\t\t\t\t\t\t\t\t<div class=\"elementor-gallery-item__overlay\"><\/div>\n\t\t\t\t\t\t\t\t\t\t\t\t\t\t<\/a>\n\t\t\t\t\t\t\t<a class=\"e-gallery-item elementor-gallery-item elementor-animated-content\" href=\"https:\/\/szonyimuzeum.hu\/wp-content\/uploads\/2023\/11\/Seta_tajekoztato-szoveg.jpg\">\n\t\t\t\t\t<div class=\"e-gallery-image elementor-gallery-item__image\" data-thumbnail=\"https:\/\/szonyimuzeum.hu\/wp-content\/uploads\/2023\/11\/Seta_tajekoztato-szoveg-495x700.jpg\" data-width=\"495\" data-height=\"700\" aria-label=\"\" role=\"img\" ><\/div>\n\t\t\t\t\t\t\t\t\t\t\t<div class=\"elementor-gallery-item__overlay\"><\/div>\n\t\t\t\t\t\t\t\t\t\t\t\t\t\t<\/a>\n\t\t\t\t\t<\/div>\n\t\t\t\t\t<\/div>\n\t\t\t\t<\/div>\n\t\t\t\t<\/div>\n\t\t\t\t\t<\/div>\n\t\t\t\t<\/div>\n\t\t<div class=\"elementor-element elementor-element-c9c48f1 e-flex e-con-boxed e-con e-parent\" data-id=\"c9c48f1\" data-element_type=\"container\">\n\t\t\t\t\t<div class=\"e-con-inner\">\n\t\t<div class=\"elementor-element elementor-element-ef8a5d7 e-con-full e-flex e-con e-child\" data-id=\"ef8a5d7\" data-element_type=\"container\">\n\t\t\t\t<div class=\"elementor-element elementor-element-728586f elementor-widget elementor-widget-text-editor\" data-id=\"728586f\" data-element_type=\"widget\" data-widget_type=\"text-editor.default\">\n\t\t\t\t<div class=\"elementor-widget-container\">\n\t\t\t\t\t\t\t\t\t<p><span style=\"color: #7393b3;\"><strong>23 Sep 2023,<\/strong> <strong>Saturday<\/strong><\/span><\/p>\n<p><strong>Life on the waterfront - new temporary exhibition<\/strong><\/p>\n<p>23 September 2023 will open the\u00a0<strong>Zebeg\u00e9ny through Sz\u0151nyi's eyes<\/strong>\u00a0second in a two-part exhibition series\u00a0<strong>Life on the waterfront<\/strong>\u00a0entitled. Like the previous exhibition, entitled Village Life, this exhibition presents a thematic selection of Sz\u0151nyi's graphic works.<\/p>\n<p>Everyone is very welcome!<\/p>\t\t\t\t\t\t\t\t<\/div>\n\t\t\t\t<\/div>\n\t\t\t\t<\/div>\n\t\t<div class=\"elementor-element elementor-element-f6d2c7a e-con-full e-flex e-con e-child\" data-id=\"f6d2c7a\" data-element_type=\"container\">\n\t\t\t\t<div class=\"elementor-element elementor-element-b6d45a0 elementor-widget elementor-widget-gallery\" data-id=\"b6d45a0\" data-element_type=\"widget\" data-settings=\"{&quot;gallery_layout&quot;:&quot;justified&quot;,&quot;lazyload&quot;:&quot;yes&quot;,&quot;ideal_row_height&quot;:{&quot;unit&quot;:&quot;px&quot;,&quot;size&quot;:200,&quot;sizes&quot;:[]},&quot;ideal_row_height_laptop&quot;:{&quot;unit&quot;:&quot;px&quot;,&quot;size&quot;:150,&quot;sizes&quot;:[]},&quot;ideal_row_height_tablet&quot;:{&quot;unit&quot;:&quot;px&quot;,&quot;size&quot;:150,&quot;sizes&quot;:[]},&quot;ideal_row_height_mobile&quot;:{&quot;unit&quot;:&quot;px&quot;,&quot;size&quot;:150,&quot;sizes&quot;:[]},&quot;gap&quot;:{&quot;unit&quot;:&quot;px&quot;,&quot;size&quot;:10,&quot;sizes&quot;:[]},&quot;gap_laptop&quot;:{&quot;unit&quot;:&quot;px&quot;,&quot;size&quot;:10,&quot;sizes&quot;:[]},&quot;gap_tablet&quot;:{&quot;unit&quot;:&quot;px&quot;,&quot;size&quot;:10,&quot;sizes&quot;:[]},&quot;gap_mobile&quot;:{&quot;unit&quot;:&quot;px&quot;,&quot;size&quot;:10,&quot;sizes&quot;:[]},&quot;link_to&quot;:&quot;file&quot;,&quot;overlay_background&quot;:&quot;yes&quot;,&quot;content_hover_animation&quot;:&quot;fade-in&quot;}\" data-widget_type=\"gallery.default\">\n\t\t\t\t<div class=\"elementor-widget-container\">\n\t\t\t\t\t\t\t<div class=\"elementor-gallery__container\">\n\t\t\t\t\t\t\t<a class=\"e-gallery-item elementor-gallery-item elementor-animated-content\" href=\"https:\/\/szonyimuzeum.hu\/wp-content\/uploads\/2024\/01\/Szonyi_AVizpartiElet_plakat_OK2-1-scaled.jpg\">\n\t\t\t\t\t<div class=\"e-gallery-image elementor-gallery-item__image\" data-thumbnail=\"https:\/\/szonyimuzeum.hu\/wp-content\/uploads\/2024\/01\/Szonyi_AVizpartiElet_plakat_OK2-1-495x700.jpg\" data-width=\"495\" data-height=\"700\" aria-label=\"\" role=\"img\" ><\/div>\n\t\t\t\t\t\t\t\t\t\t\t<div class=\"elementor-gallery-item__overlay\"><\/div>\n\t\t\t\t\t\t\t\t\t\t\t\t\t\t<\/a>\n\t\t\t\t\t\t\t<a class=\"e-gallery-item elementor-gallery-item elementor-animated-content\" href=\"https:\/\/szonyimuzeum.hu\/wp-content\/uploads\/2023\/06\/Szonyi_AVizpartiElet_Meghivo-scaled.jpg\">\n\t\t\t\t\t<div class=\"e-gallery-image elementor-gallery-item__image\" data-thumbnail=\"https:\/\/szonyimuzeum.hu\/wp-content\/uploads\/2023\/06\/Szonyi_AVizpartiElet_Meghivo-700x700.jpg\" data-width=\"700\" data-height=\"700\" aria-label=\"\" role=\"img\" ><\/div>\n\t\t\t\t\t\t\t\t\t\t\t<div class=\"elementor-gallery-item__overlay\"><\/div>\n\t\t\t\t\t\t\t\t\t\t\t\t\t\t<\/a>\n\t\t\t\t\t<\/div>\n\t\t\t\t\t<\/div>\n\t\t\t\t<\/div>\n\t\t\t\t<\/div>\n\t\t\t\t\t<\/div>\n\t\t\t\t<\/div>\n\t\t<div class=\"elementor-element elementor-element-ed1ddc7 e-flex e-con-boxed e-con e-parent\" data-id=\"ed1ddc7\" data-element_type=\"container\">\n\t\t\t\t\t<div class=\"e-con-inner\">\n\t\t<div class=\"elementor-element elementor-element-0a0f9f1 e-con-full e-flex e-con e-child\" data-id=\"0a0f9f1\" data-element_type=\"container\">\n\t\t\t\t<div class=\"elementor-element elementor-element-d721b91 elementor-widget elementor-widget-text-editor\" data-id=\"d721b91\" data-element_type=\"widget\" data-widget_type=\"text-editor.default\">\n\t\t\t\t<div class=\"elementor-widget-container\">\n\t\t\t\t\t\t\t\t\t<p><span style=\"color: #7393b3;\"><strong>Aug 2023. 13.,<\/strong> <strong>Sunday<\/strong><\/span><\/p>\n<p>Due to the high interest, we are extending until mid-September\u00a0<strong>Village life<\/strong>\u00a0temporary exhibition!<\/p>\t\t\t\t\t\t\t\t<\/div>\n\t\t\t\t<\/div>\n\t\t\t\t<\/div>\n\t\t<div class=\"elementor-element elementor-element-1eb55ff e-con-full e-flex e-con e-child\" data-id=\"1eb55ff\" data-element_type=\"container\">\n\t\t\t\t<div class=\"elementor-element elementor-element-6428c08 elementor-widget elementor-widget-image\" data-id=\"6428c08\" data-element_type=\"widget\" data-widget_type=\"image.default\">\n\t\t\t\t<div class=\"elementor-widget-container\">\n\t\t\t\t\t\t\t\t\t\t\t\t\t\t\t<img decoding=\"async\" width=\"800\" height=\"352\" src=\"https:\/\/szonyimuzeum.hu\/wp-content\/uploads\/2023\/05\/Szonyi_FBboritokep_20230520_1920-1024x450.jpg\" class=\"attachment-large size-large wp-image-4809\" alt=\"\" srcset=\"https:\/\/szonyimuzeum.hu\/wp-content\/uploads\/2023\/05\/Szonyi_FBboritokep_20230520_1920-1024x450.jpg 1024w, https:\/\/szonyimuzeum.hu\/wp-content\/uploads\/2023\/05\/Szonyi_FBboritokep_20230520_1920-700x307.jpg 700w, https:\/\/szonyimuzeum.hu\/wp-content\/uploads\/2023\/05\/Szonyi_FBboritokep_20230520_1920-768x337.jpg 768w, https:\/\/szonyimuzeum.hu\/wp-content\/uploads\/2023\/05\/Szonyi_FBboritokep_20230520_1920-1536x674.jpg 1536w, https:\/\/szonyimuzeum.hu\/wp-content\/uploads\/2023\/05\/Szonyi_FBboritokep_20230520_1920.jpg 1920w\" sizes=\"(max-width: 800px) 100vw, 800px\" \/>\t\t\t\t\t\t\t\t\t\t\t\t\t\t\t<\/div>\n\t\t\t\t<\/div>\n\t\t\t\t<\/div>\n\t\t\t\t\t<\/div>\n\t\t\t\t<\/div>\n\t\t<div class=\"elementor-element elementor-element-81ac895 e-flex e-con-boxed e-con e-parent\" data-id=\"81ac895\" data-element_type=\"container\">\n\t\t\t\t\t<div class=\"e-con-inner\">\n\t\t<div class=\"elementor-element elementor-element-4cdcee2 e-con-full e-flex e-con e-child\" data-id=\"4cdcee2\" data-element_type=\"container\">\n\t\t\t\t<div class=\"elementor-element elementor-element-965a5d1 elementor-widget elementor-widget-text-editor\" data-id=\"965a5d1\" data-element_type=\"widget\" data-widget_type=\"text-editor.default\">\n\t\t\t\t<div class=\"elementor-widget-container\">\n\t\t\t\t\t\t\t\t\t<p><span style=\"color: #7393b3;\"><strong>June - August 2023<\/strong><\/span><\/p>\n<p><strong>Create freely in Sz\u0151nyi's garden<br \/>Come and create in the Sz\u0151nyi Garden!<br \/><\/strong><\/p>\n<p>Every day Istv\u00e1n Sz\u0151nyi went up to the huge garden belonging to the house to work. The artist, who loved nature, the Danube and the landscape of Zebeg\u00e9ny, never got tired of the view. You too can try what it is like to create in nature, in a truly authentic place. You choose the theme, we provide the ingredients. At the museum, we've put together an instant artist's kit consisting of an artist's putty crayon, an artist's drawing board, a sheet of foam board that can be hung on the wall and a hanger. You can take your artwork home and hang it on your wall.<\/p>\n<p>\u00a0<\/p>\t\t\t\t\t\t\t\t<\/div>\n\t\t\t\t<\/div>\n\t\t\t\t<\/div>\n\t\t<div class=\"elementor-element elementor-element-cd36120 e-con-full e-flex e-con e-child\" data-id=\"cd36120\" data-element_type=\"container\">\n\t\t\t\t<div class=\"elementor-element elementor-element-55cdf26 elementor-widget elementor-widget-gallery\" data-id=\"55cdf26\" data-element_type=\"widget\" data-settings=\"{&quot;gallery_layout&quot;:&quot;justified&quot;,&quot;lazyload&quot;:&quot;yes&quot;,&quot;ideal_row_height&quot;:{&quot;unit&quot;:&quot;px&quot;,&quot;size&quot;:200,&quot;sizes&quot;:[]},&quot;ideal_row_height_laptop&quot;:{&quot;unit&quot;:&quot;px&quot;,&quot;size&quot;:150,&quot;sizes&quot;:[]},&quot;ideal_row_height_tablet&quot;:{&quot;unit&quot;:&quot;px&quot;,&quot;size&quot;:150,&quot;sizes&quot;:[]},&quot;ideal_row_height_mobile&quot;:{&quot;unit&quot;:&quot;px&quot;,&quot;size&quot;:150,&quot;sizes&quot;:[]},&quot;gap&quot;:{&quot;unit&quot;:&quot;px&quot;,&quot;size&quot;:10,&quot;sizes&quot;:[]},&quot;gap_laptop&quot;:{&quot;unit&quot;:&quot;px&quot;,&quot;size&quot;:10,&quot;sizes&quot;:[]},&quot;gap_tablet&quot;:{&quot;unit&quot;:&quot;px&quot;,&quot;size&quot;:10,&quot;sizes&quot;:[]},&quot;gap_mobile&quot;:{&quot;unit&quot;:&quot;px&quot;,&quot;size&quot;:10,&quot;sizes&quot;:[]},&quot;link_to&quot;:&quot;file&quot;,&quot;overlay_background&quot;:&quot;yes&quot;,&quot;content_hover_animation&quot;:&quot;fade-in&quot;}\" data-widget_type=\"gallery.default\">\n\t\t\t\t<div class=\"elementor-widget-container\">\n\t\t\t\t\t\t\t<div class=\"elementor-gallery__container\">\n\t\t\t\t\t\t\t<a class=\"e-gallery-item elementor-gallery-item elementor-animated-content\" href=\"https:\/\/szonyimuzeum.hu\/wp-content\/uploads\/2023\/07\/Alkoss-szabadon-Szonyi-kertjeben.jpg\">\n\t\t\t\t\t<div class=\"e-gallery-image elementor-gallery-item__image\" data-thumbnail=\"https:\/\/szonyimuzeum.hu\/wp-content\/uploads\/2023\/07\/Alkoss-szabadon-Szonyi-kertjeben-495x700.jpg\" data-width=\"495\" data-height=\"700\" aria-label=\"\" role=\"img\" ><\/div>\n\t\t\t\t\t\t\t\t\t\t\t<div class=\"elementor-gallery-item__overlay\"><\/div>\n\t\t\t\t\t\t\t\t\t\t\t\t\t\t<\/a>\n\t\t\t\t\t\t\t<a class=\"e-gallery-item elementor-gallery-item elementor-animated-content\" href=\"https:\/\/szonyimuzeum.hu\/wp-content\/uploads\/2024\/02\/Alkoss-szabadon-2-scaled.jpg\">\n\t\t\t\t\t<div class=\"e-gallery-image elementor-gallery-item__image\" data-thumbnail=\"https:\/\/szonyimuzeum.hu\/wp-content\/uploads\/2024\/02\/Alkoss-szabadon-2-700x525.jpg\" data-width=\"700\" data-height=\"525\" aria-label=\"\" role=\"img\" ><\/div>\n\t\t\t\t\t\t\t\t\t\t\t<div class=\"elementor-gallery-item__overlay\"><\/div>\n\t\t\t\t\t\t\t\t\t\t\t\t\t\t<\/a>\n\t\t\t\t\t<\/div>\n\t\t\t\t\t<\/div>\n\t\t\t\t<\/div>\n\t\t\t\t<\/div>\n\t\t\t\t\t<\/div>\n\t\t\t\t<\/div>\n\t\t<div class=\"elementor-element elementor-element-d6e6e27 e-flex e-con-boxed e-con e-parent\" data-id=\"d6e6e27\" data-element_type=\"container\">\n\t\t\t\t\t<div class=\"e-con-inner\">\n\t\t<div class=\"elementor-element elementor-element-a912ccb e-con-full e-flex e-con e-child\" data-id=\"a912ccb\" data-element_type=\"container\">\n\t\t\t\t<div class=\"elementor-element elementor-element-ee8b530 elementor-widget elementor-widget-text-editor\" data-id=\"ee8b530\" data-element_type=\"widget\" data-widget_type=\"text-editor.default\">\n\t\t\t\t<div class=\"elementor-widget-container\">\n\t\t\t\t\t\t\t\t\t<p><span style=\"color: #7393b3;\"><strong>20 May 2023,<\/strong> <strong>Saturday<\/strong><\/span><\/p>\n<p><strong>Invitation<\/strong><\/p>\n<p>The Sz\u0151nyi Istv\u00e1n Memorial Museum cordially invites you to the\u00a0<strong>FEBRULE WITH A VILLAGE PICTURE - Village life<\/strong>\u00a0for the opening of his exhibition.<\/p>\n<p><strong>The exhibition will be opened by:<\/strong>\u00a0Dr. Emese R\u00e9v\u00e9sz, Associate Professor at the Institute of Art History, ELTE<br \/><strong>They contribute to:<\/strong>\u00a0Students of the 4th grade of the Sz\u0151nyi Istv\u00e1n Elementary School and Elementary Art School in Zebeg\u00e9ny<br \/><strong>He taught me the dance:<\/strong>\u00a0Krisztina Pincze<\/p>\n<p><strong>Date:<\/strong>\u00a020 May 20, 2023, Saturday 15:00<br \/><strong>Location:<\/strong>\u00a02627 Zebeg\u00e9ny, Bart\u00f3ky J\u00f3zsef \u00fat 7.<br \/>The exhibition will be open from 20 May to 13 August 2023.<\/p>\n<p>The work of the museum is supported by the Istv\u00e1n Sz\u0151nyi Foundation.<\/p>\n<p class=\"wp-block-heading has-text-color has-link-color has-x-large-font-size wp-elements-0dd25af5d3d78d75cbd71957e6595d66\">\u00a0<\/p>\n<p>\u00a0<\/p>\t\t\t\t\t\t\t\t<\/div>\n\t\t\t\t<\/div>\n\t\t\t\t<\/div>\n\t\t<div class=\"elementor-element elementor-element-327db29 e-con-full e-flex e-con e-child\" data-id=\"327db29\" data-element_type=\"container\">\n\t\t\t\t<div class=\"elementor-element elementor-element-8955fa9 elementor-widget elementor-widget-image\" data-id=\"8955fa9\" data-element_type=\"widget\" data-widget_type=\"image.default\">\n\t\t\t\t<div class=\"elementor-widget-container\">\n\t\t\t\t\t\t\t\t\t\t\t\t\t\t\t<img loading=\"lazy\" decoding=\"async\" width=\"800\" height=\"800\" src=\"https:\/\/szonyimuzeum.hu\/wp-content\/uploads\/2023\/05\/Szonyi_AFalusiElet_Meghivo-1024x1024.jpg\" class=\"attachment-large size-large wp-image-5043\" alt=\"\" srcset=\"https:\/\/szonyimuzeum.hu\/wp-content\/uploads\/2023\/05\/Szonyi_AFalusiElet_Meghivo-1024x1024.jpg 1024w, https:\/\/szonyimuzeum.hu\/wp-content\/uploads\/2023\/05\/Szonyi_AFalusiElet_Meghivo-700x700.jpg 700w, https:\/\/szonyimuzeum.hu\/wp-content\/uploads\/2023\/05\/Szonyi_AFalusiElet_Meghivo-150x150.jpg 150w, https:\/\/szonyimuzeum.hu\/wp-content\/uploads\/2023\/05\/Szonyi_AFalusiElet_Meghivo-768x768.jpg 768w, https:\/\/szonyimuzeum.hu\/wp-content\/uploads\/2023\/05\/Szonyi_AFalusiElet_Meghivo.jpg 1200w\" sizes=\"(max-width: 800px) 100vw, 800px\" \/>\t\t\t\t\t\t\t\t\t\t\t\t\t\t\t<\/div>\n\t\t\t\t<\/div>\n\t\t\t\t<\/div>\n\t\t\t\t\t<\/div>\n\t\t\t\t<\/div>\n\t\t\t\t<section class=\"elementor-section elementor-top-section elementor-element elementor-element-17777e17 elementor-section-boxed elementor-section-height-default elementor-section-height-default\" data-id=\"17777e17\" data-element_type=\"section\">\n\t\t\t\t\t\t<div class=\"elementor-container elementor-column-gap-default\">\n\t\t\t\t\t<div class=\"elementor-column elementor-col-66 elementor-top-column elementor-element elementor-element-15622ab2\" data-id=\"15622ab2\" data-element_type=\"column\">\n\t\t\t<div class=\"elementor-widget-wrap elementor-element-populated\">\n\t\t\t\t\t\t<section class=\"elementor-section elementor-inner-section elementor-element elementor-element-7f8beb8 elementor-section-boxed elementor-section-height-default elementor-section-height-default\" data-id=\"7f8beb8\" data-element_type=\"section\" data-settings=\"{&quot;background_background&quot;:&quot;classic&quot;}\">\n\t\t\t\t\t\t<div class=\"elementor-container elementor-column-gap-default\">\n\t\t\t\t\t<div class=\"elementor-column elementor-col-50 elementor-inner-column elementor-element elementor-element-c3be820\" data-id=\"c3be820\" data-element_type=\"column\">\n\t\t\t<div class=\"elementor-widget-wrap elementor-element-populated\">\n\t\t\t\t\t\t<div class=\"elementor-element elementor-element-f8fa853 elementor-widget elementor-widget-heading\" data-id=\"f8fa853\" data-element_type=\"widget\" data-widget_type=\"heading.default\">\n\t\t\t\t<div class=\"elementor-widget-container\">\n\t\t\t\t\t<h4 class=\"elementor-heading-title elementor-size-default\">WORLD MUSEUM DAY 2022.<\/h4>\t\t\t\t<\/div>\n\t\t\t\t<\/div>\n\t\t\t\t<div class=\"elementor-element elementor-element-c6447f5 elementor-widget elementor-widget-heading\" data-id=\"c6447f5\" data-element_type=\"widget\" data-widget_type=\"heading.default\">\n\t\t\t\t<div class=\"elementor-widget-container\">\n\t\t\t\t\t<h6 class=\"elementor-heading-title elementor-size-default\">Measurement-Articles<\/h6>\t\t\t\t<\/div>\n\t\t\t\t<\/div>\n\t\t\t\t<div class=\"elementor-element elementor-element-14ae504 elementor-widget elementor-widget-video\" data-id=\"14ae504\" data-element_type=\"widget\" data-settings=\"{&quot;youtube_url&quot;:&quot;https:\\\/\\\/www.youtube.com\\\/watch?v=Sh2JXAyJUBE&amp;feature=emb_title&quot;,&quot;lazy_load&quot;:&quot;yes&quot;,&quot;video_type&quot;:&quot;youtube&quot;,&quot;controls&quot;:&quot;yes&quot;}\" data-widget_type=\"video.default\">\n\t\t\t\t<div class=\"elementor-widget-container\">\n\t\t\t\t\t\t\t<div class=\"elementor-wrapper elementor-open-inline\">\n\t\t\t<div class=\"elementor-video\"><\/div>\t\t<\/div>\n\t\t\t\t\t\t<\/div>\n\t\t\t\t<\/div>\n\t\t\t\t<div class=\"elementor-element elementor-element-d83f5d0 elementor-align-center elementor-widget__width-initial elementor-widget elementor-widget-button\" data-id=\"d83f5d0\" data-element_type=\"widget\" data-widget_type=\"button.default\">\n\t\t\t\t<div class=\"elementor-widget-container\">\n\t\t\t\t\t\t\t\t\t<div class=\"elementor-button-wrapper\">\n\t\t\t\t\t<a class=\"elementor-button elementor-button-link elementor-size-xs\" href=\"https:\/\/www.youtube.com\/watch?v=Sh2JXAyJUBE\" target=\"_blank\">\n\t\t\t\t\t\t<span class=\"elementor-button-content-wrapper\">\n\t\t\t\t\t\t\t\t\t<span class=\"elementor-button-text\">View on youtube<\/span>\n\t\t\t\t\t<\/span>\n\t\t\t\t\t<\/a>\n\t\t\t\t<\/div>\n\t\t\t\t\t\t\t\t<\/div>\n\t\t\t\t<\/div>\n\t\t\t\t\t<\/div>\n\t\t<\/div>\n\t\t\t\t<div class=\"elementor-column elementor-col-50 elementor-inner-column elementor-element elementor-element-d918eb1\" data-id=\"d918eb1\" data-element_type=\"column\">\n\t\t\t<div class=\"elementor-widget-wrap elementor-element-populated\">\n\t\t\t\t\t\t<div class=\"elementor-element elementor-element-28589ac elementor-widget elementor-widget-heading\" data-id=\"28589ac\" data-element_type=\"widget\" data-widget_type=\"heading.default\">\n\t\t\t\t<div class=\"elementor-widget-container\">\n\t\t\t\t\t<h4 class=\"elementor-heading-title elementor-size-default\">WORLD MUSEUM DAY 2022.<\/h4>\t\t\t\t<\/div>\n\t\t\t\t<\/div>\n\t\t\t\t<div class=\"elementor-element elementor-element-2395466 elementor-widget elementor-widget-heading\" data-id=\"2395466\" data-element_type=\"widget\" data-widget_type=\"heading.default\">\n\t\t\t\t<div class=\"elementor-widget-container\">\n\t\t\t\t\t<h6 class=\"elementor-heading-title elementor-size-default\">Hungarian Geniuses<\/h6>\t\t\t\t<\/div>\n\t\t\t\t<\/div>\n\t\t\t\t<div class=\"elementor-element elementor-element-7ed5c67 elementor-widget elementor-widget-video\" data-id=\"7ed5c67\" data-element_type=\"widget\" data-settings=\"{&quot;youtube_url&quot;:&quot;https:\\\/\\\/www.youtube.com\\\/watch?v=s2LYiGuUywo&quot;,&quot;lazy_load&quot;:&quot;yes&quot;,&quot;video_type&quot;:&quot;youtube&quot;,&quot;controls&quot;:&quot;yes&quot;}\" data-widget_type=\"video.default\">\n\t\t\t\t<div class=\"elementor-widget-container\">\n\t\t\t\t\t\t\t<div class=\"elementor-wrapper elementor-open-inline\">\n\t\t\t<div class=\"elementor-video\"><\/div>\t\t<\/div>\n\t\t\t\t\t\t<\/div>\n\t\t\t\t<\/div>\n\t\t\t\t<div class=\"elementor-element elementor-element-7ced3f6 elementor-align-center elementor-widget elementor-widget-button\" data-id=\"7ced3f6\" data-element_type=\"widget\" data-widget_type=\"button.default\">\n\t\t\t\t<div class=\"elementor-widget-container\">\n\t\t\t\t\t\t\t\t\t<div class=\"elementor-button-wrapper\">\n\t\t\t\t\t<a class=\"elementor-button elementor-button-link elementor-size-xs\" href=\"https:\/\/www.youtube.com\/watch?v=s2LYiGuUywo\" target=\"_blank\">\n\t\t\t\t\t\t<span class=\"elementor-button-content-wrapper\">\n\t\t\t\t\t\t\t\t\t<span class=\"elementor-button-text\">View on youtube<\/span>\n\t\t\t\t\t<\/span>\n\t\t\t\t\t<\/a>\n\t\t\t\t<\/div>\n\t\t\t\t\t\t\t\t<\/div>\n\t\t\t\t<\/div>\n\t\t\t\t\t<\/div>\n\t\t<\/div>\n\t\t\t\t\t<\/div>\n\t\t<\/section>\n\t\t\t\t<section class=\"elementor-section elementor-inner-section elementor-element elementor-element-d4956ad elementor-section-boxed elementor-section-height-default elementor-section-height-default\" data-id=\"d4956ad\" data-element_type=\"section\" data-settings=\"{&quot;background_background&quot;:&quot;classic&quot;}\">\n\t\t\t\t\t\t<div class=\"elementor-container elementor-column-gap-default\">\n\t\t\t\t\t<div class=\"elementor-column elementor-col-33 elementor-inner-column elementor-element elementor-element-2ba9c80\" data-id=\"2ba9c80\" data-element_type=\"column\">\n\t\t\t<div class=\"elementor-widget-wrap elementor-element-populated\">\n\t\t\t\t\t\t<div class=\"elementor-element elementor-element-c32d3ac elementor-widget elementor-widget-image\" data-id=\"c32d3ac\" data-element_type=\"widget\" data-widget_type=\"image.default\">\n\t\t\t\t<div class=\"elementor-widget-container\">\n\t\t\t\t\t\t\t\t\t\t\t\t\t\t\t<img loading=\"lazy\" decoding=\"async\" width=\"724\" height=\"1024\" src=\"https:\/\/szonyimuzeum.hu\/wp-content\/uploads\/2022\/03\/RAJZPALYAZAT_Bartoky-fabulak_PLAKAT_jpg.jpg\" class=\"attachment-large size-large wp-image-3444\" alt=\"\" srcset=\"https:\/\/szonyimuzeum.hu\/wp-content\/uploads\/2022\/03\/RAJZPALYAZAT_Bartoky-fabulak_PLAKAT_jpg.jpg 724w, https:\/\/szonyimuzeum.hu\/wp-content\/uploads\/2022\/03\/RAJZPALYAZAT_Bartoky-fabulak_PLAKAT_jpg-495x700.jpg 495w\" sizes=\"(max-width: 724px) 100vw, 724px\" \/>\t\t\t\t\t\t\t\t\t\t\t\t\t\t\t<\/div>\n\t\t\t\t<\/div>\n\t\t\t\t\t<\/div>\n\t\t<\/div>\n\t\t\t\t<div class=\"elementor-column elementor-col-66 elementor-inner-column elementor-element elementor-element-9d1c49a\" data-id=\"9d1c49a\" data-element_type=\"column\">\n\t\t\t<div class=\"elementor-widget-wrap elementor-element-populated\">\n\t\t\t\t\t\t<div class=\"elementor-element elementor-element-39bebc9 elementor-widget elementor-widget-heading\" data-id=\"39bebc9\" data-element_type=\"widget\" data-widget_type=\"heading.default\">\n\t\t\t\t<div class=\"elementor-widget-container\">\n\t\t\t\t\t<h4 class=\"elementor-heading-title elementor-size-default\">Bart\u00f3ky - Hungarian Fables drawing competition 2022.<\/h4>\t\t\t\t<\/div>\n\t\t\t\t<\/div>\n\t\t\t\t<div class=\"elementor-element elementor-element-6831c63 elementor-widget elementor-widget-heading\" data-id=\"6831c63\" data-element_type=\"widget\" data-widget_type=\"heading.default\">\n\t\t\t\t<div class=\"elementor-widget-container\">\n\t\t\t\t\t<h5 class=\"elementor-heading-title elementor-size-default\">Here are the winners!<\/h5>\t\t\t\t<\/div>\n\t\t\t\t<\/div>\n\t\t\t\t<div class=\"elementor-element elementor-element-7318783 elementor-align-left elementor-widget elementor-widget-button\" data-id=\"7318783\" data-element_type=\"widget\" data-widget_type=\"button.default\">\n\t\t\t\t<div class=\"elementor-widget-container\">\n\t\t\t\t\t\t\t\t\t<div class=\"elementor-button-wrapper\">\n\t\t\t\t\t<a class=\"elementor-button elementor-button-link elementor-size-xs\" href=\"https:\/\/szonyimuzeum.hu\/en\/dijazottaink-fabulak\/\">\n\t\t\t\t\t\t<span class=\"elementor-button-content-wrapper\">\n\t\t\t\t\t\t<span class=\"elementor-button-icon\">\n\t\t\t\t<i aria-hidden=\"true\" class=\"fas fa-arrow-right\"><\/i>\t\t\t<\/span>\n\t\t\t\t\t\t\t\t\t<span class=\"elementor-button-text\">I'll check!<\/span>\n\t\t\t\t\t<\/span>\n\t\t\t\t\t<\/a>\n\t\t\t\t<\/div>\n\t\t\t\t\t\t\t\t<\/div>\n\t\t\t\t<\/div>\n\t\t\t\t\t<\/div>\n\t\t<\/div>\n\t\t\t\t\t<\/div>\n\t\t<\/section>\n\t\t\t\t<section class=\"elementor-section elementor-inner-section elementor-element elementor-element-cc2810e elementor-section-boxed elementor-section-height-default elementor-section-height-default\" data-id=\"cc2810e\" data-element_type=\"section\" data-settings=\"{&quot;background_background&quot;:&quot;classic&quot;}\">\n\t\t\t\t\t\t<div class=\"elementor-container elementor-column-gap-default\">\n\t\t\t\t\t<div class=\"elementor-column elementor-col-33 elementor-inner-column elementor-element elementor-element-abf56b1\" data-id=\"abf56b1\" data-element_type=\"column\">\n\t\t\t<div class=\"elementor-widget-wrap elementor-element-populated\">\n\t\t\t\t\t\t<div class=\"elementor-element elementor-element-6930b9b elementor-widget elementor-widget-image\" data-id=\"6930b9b\" data-element_type=\"widget\" data-widget_type=\"image.default\">\n\t\t\t\t<div class=\"elementor-widget-container\">\n\t\t\t\t\t\t\t\t\t\t\t\t\t\t\t<img loading=\"lazy\" decoding=\"async\" width=\"717\" height=\"1012\" src=\"https:\/\/szonyimuzeum.hu\/wp-content\/uploads\/2021\/10\/SzonyMuzeum_karacsony_rajzpalyazat.jpg\" class=\"attachment-large size-large wp-image-3202\" alt=\"\" srcset=\"https:\/\/szonyimuzeum.hu\/wp-content\/uploads\/2021\/10\/SzonyMuzeum_karacsony_rajzpalyazat.jpg 717w, https:\/\/szonyimuzeum.hu\/wp-content\/uploads\/2021\/10\/SzonyMuzeum_karacsony_rajzpalyazat-496x700.jpg 496w\" sizes=\"(max-width: 717px) 100vw, 717px\" \/>\t\t\t\t\t\t\t\t\t\t\t\t\t\t\t<\/div>\n\t\t\t\t<\/div>\n\t\t\t\t\t<\/div>\n\t\t<\/div>\n\t\t\t\t<div class=\"elementor-column elementor-col-66 elementor-inner-column elementor-element elementor-element-1fb5cb1\" data-id=\"1fb5cb1\" data-element_type=\"column\">\n\t\t\t<div class=\"elementor-widget-wrap elementor-element-populated\">\n\t\t\t\t\t\t<div class=\"elementor-element elementor-element-2260d93 elementor-widget elementor-widget-heading\" data-id=\"2260d93\" data-element_type=\"widget\" data-widget_type=\"heading.default\">\n\t\t\t\t<div class=\"elementor-widget-container\">\n\t\t\t\t\t<h4 class=\"elementor-heading-title elementor-size-default\">christmas drawing competition 2021.<\/h4>\t\t\t\t<\/div>\n\t\t\t\t<\/div>\n\t\t\t\t<div class=\"elementor-element elementor-element-9c3a4a9 elementor-widget elementor-widget-heading\" data-id=\"9c3a4a9\" data-element_type=\"widget\" data-widget_type=\"heading.default\">\n\t\t\t\t<div class=\"elementor-widget-container\">\n\t\t\t\t\t<h4 class=\"elementor-heading-title elementor-size-default\">Here are the winners!<\/h4>\t\t\t\t<\/div>\n\t\t\t\t<\/div>\n\t\t\t\t<div class=\"elementor-element elementor-element-389da43 elementor-align-left elementor-widget elementor-widget-button\" data-id=\"389da43\" data-element_type=\"widget\" data-widget_type=\"button.default\">\n\t\t\t\t<div class=\"elementor-widget-container\">\n\t\t\t\t\t\t\t\t\t<div class=\"elementor-button-wrapper\">\n\t\t\t\t\t<a class=\"elementor-button elementor-button-link elementor-size-xs\" href=\"https:\/\/szonyimuzeum.hu\/en\/karacsonyi-rajzversenyunk-dijazottjai\/\">\n\t\t\t\t\t\t<span class=\"elementor-button-content-wrapper\">\n\t\t\t\t\t\t<span class=\"elementor-button-icon\">\n\t\t\t\t<i aria-hidden=\"true\" class=\"fas fa-arrow-right\"><\/i>\t\t\t<\/span>\n\t\t\t\t\t\t\t\t\t<span class=\"elementor-button-text\">I'll check!<\/span>\n\t\t\t\t\t<\/span>\n\t\t\t\t\t<\/a>\n\t\t\t\t<\/div>\n\t\t\t\t\t\t\t\t<\/div>\n\t\t\t\t<\/div>\n\t\t\t\t\t<\/div>\n\t\t<\/div>\n\t\t\t\t\t<\/div>\n\t\t<\/section>\n\t\t\t\t<section class=\"elementor-section elementor-inner-section elementor-element elementor-element-7610d30 elementor-section-boxed elementor-section-height-default elementor-section-height-default\" data-id=\"7610d30\" data-element_type=\"section\" data-settings=\"{&quot;background_background&quot;:&quot;classic&quot;}\">\n\t\t\t\t\t\t<div class=\"elementor-container elementor-column-gap-default\">\n\t\t\t\t\t<div class=\"elementor-column elementor-col-33 elementor-inner-column elementor-element elementor-element-c65fbb7\" data-id=\"c65fbb7\" data-element_type=\"column\">\n\t\t\t<div class=\"elementor-widget-wrap elementor-element-populated\">\n\t\t\t\t\t\t<div class=\"elementor-element elementor-element-d3d3e7a elementor-widget elementor-widget-image\" data-id=\"d3d3e7a\" data-element_type=\"widget\" data-widget_type=\"image.default\">\n\t\t\t\t<div class=\"elementor-widget-container\">\n\t\t\t\t\t\t\t\t\t\t\t\t\t\t\t<img loading=\"lazy\" decoding=\"async\" width=\"724\" height=\"1024\" src=\"https:\/\/szonyimuzeum.hu\/wp-content\/uploads\/2021\/04\/Rajzpalyazat_Bartoky_fabulak_2021_Plakat_vegl-724x1024.jpg\" class=\"attachment-large size-large wp-image-2775\" alt=\"\" srcset=\"https:\/\/szonyimuzeum.hu\/wp-content\/uploads\/2021\/04\/Rajzpalyazat_Bartoky_fabulak_2021_Plakat_vegl-724x1024.jpg 724w, https:\/\/szonyimuzeum.hu\/wp-content\/uploads\/2021\/04\/Rajzpalyazat_Bartoky_fabulak_2021_Plakat_vegl-495x700.jpg 495w, https:\/\/szonyimuzeum.hu\/wp-content\/uploads\/2021\/04\/Rajzpalyazat_Bartoky_fabulak_2021_Plakat_vegl-768x1086.jpg 768w, https:\/\/szonyimuzeum.hu\/wp-content\/uploads\/2021\/04\/Rajzpalyazat_Bartoky_fabulak_2021_Plakat_vegl-1086x1536.jpg 1086w, https:\/\/szonyimuzeum.hu\/wp-content\/uploads\/2021\/04\/Rajzpalyazat_Bartoky_fabulak_2021_Plakat_vegl.jpg 1240w\" sizes=\"(max-width: 724px) 100vw, 724px\" \/>\t\t\t\t\t\t\t\t\t\t\t\t\t\t\t<\/div>\n\t\t\t\t<\/div>\n\t\t\t\t\t<\/div>\n\t\t<\/div>\n\t\t\t\t<div class=\"elementor-column elementor-col-66 elementor-inner-column elementor-element elementor-element-bad4d2a\" data-id=\"bad4d2a\" data-element_type=\"column\">\n\t\t\t<div class=\"elementor-widget-wrap elementor-element-populated\">\n\t\t\t\t\t\t<div class=\"elementor-element elementor-element-a0df93d elementor-widget elementor-widget-heading\" data-id=\"a0df93d\" data-element_type=\"widget\" data-widget_type=\"heading.default\">\n\t\t\t\t<div class=\"elementor-widget-container\">\n\t\t\t\t\t<h4 class=\"elementor-heading-title elementor-size-default\">Bart\u00f3ky - Hungarian Fables drawing competition 2021.<\/h4>\t\t\t\t<\/div>\n\t\t\t\t<\/div>\n\t\t\t\t<div class=\"elementor-element elementor-element-50f56a6 elementor-widget elementor-widget-heading\" data-id=\"50f56a6\" data-element_type=\"widget\" data-widget_type=\"heading.default\">\n\t\t\t\t<div class=\"elementor-widget-container\">\n\t\t\t\t\t<h5 class=\"elementor-heading-title elementor-size-default\">Here are the winners!<\/h5>\t\t\t\t<\/div>\n\t\t\t\t<\/div>\n\t\t\t\t<div class=\"elementor-element elementor-element-a0fb87d elementor-align-left elementor-widget elementor-widget-button\" data-id=\"a0fb87d\" data-element_type=\"widget\" data-widget_type=\"button.default\">\n\t\t\t\t<div class=\"elementor-widget-container\">\n\t\t\t\t\t\t\t\t\t<div class=\"elementor-button-wrapper\">\n\t\t\t\t\t<a class=\"elementor-button elementor-button-link elementor-size-xs\" href=\"https:\/\/szonyimuzeum.hu\/en\/dijazottaink\/\">\n\t\t\t\t\t\t<span class=\"elementor-button-content-wrapper\">\n\t\t\t\t\t\t<span class=\"elementor-button-icon\">\n\t\t\t\t<i aria-hidden=\"true\" class=\"fas fa-arrow-right\"><\/i>\t\t\t<\/span>\n\t\t\t\t\t\t\t\t\t<span class=\"elementor-button-text\">I'll check!<\/span>\n\t\t\t\t\t<\/span>\n\t\t\t\t\t<\/a>\n\t\t\t\t<\/div>\n\t\t\t\t\t\t\t\t<\/div>\n\t\t\t\t<\/div>\n\t\t\t\t\t<\/div>\n\t\t<\/div>\n\t\t\t\t\t<\/div>\n\t\t<\/section>\n\t\t\t\t\t<\/div>\n\t\t<\/div>\n\t\t\t\t<div class=\"elementor-column elementor-col-33 elementor-top-column elementor-element elementor-element-1c807b80\" data-id=\"1c807b80\" data-element_type=\"column\">\n\t\t\t<div class=\"elementor-widget-wrap elementor-element-populated\">\n\t\t\t\t\t\t<div class=\"elementor-element elementor-element-e1652eb elementor-widget elementor-widget-image\" data-id=\"e1652eb\" data-element_type=\"widget\" data-widget_type=\"image.default\">\n\t\t\t\t<div class=\"elementor-widget-container\">\n\t\t\t\t\t\t\t\t\t\t\t\t\t\t\t<img decoding=\"async\" src=\"https:\/\/szonyimuzeum.hu\/wp-content\/uploads\/elementor\/thumbs\/Micsipi_forgatott_-qlxj6qrwfenh0q24014g6nru6fsj0w3sip1mcjfzqs.png\" title=\"Istv\u00e1n Sz\u0151nyi: Sitting Dog, &quot;Micsip\u00ed&quot;, ink on paper\" alt=\"Sz\u0151nyi Istv\u00e1n: \u00dcl\u0151 kutya, &quot;Micsip\u00ed&quot;, tus, pap\u00edr\" loading=\"lazy\" \/>\t\t\t\t\t\t\t\t\t\t\t\t\t\t\t<\/div>\n\t\t\t\t<\/div>\n\t\t\t\t\t<\/div>\n\t\t<\/div>\n\t\t\t\t\t<\/div>\n\t\t<\/section>\n\t\t\t\t<section class=\"elementor-section elementor-inner-section elementor-element elementor-element-168c176f elementor-section-boxed elementor-section-height-default elementor-section-height-default\" data-id=\"168c176f\" data-element_type=\"section\">\n\t\t\t\t\t\t<div class=\"elementor-container elementor-column-gap-default\">\n\t\t\t\t\t<div class=\"elementor-column elementor-col-50 elementor-inner-column elementor-element elementor-element-3da39ca6\" data-id=\"3da39ca6\" data-element_type=\"column\">\n\t\t\t<div class=\"elementor-widget-wrap elementor-element-populated\">\n\t\t\t\t\t\t<div class=\"elementor-element elementor-element-4725125c elementor-widget elementor-widget-heading\" data-id=\"4725125c\" data-element_type=\"widget\" data-widget_type=\"heading.default\">\n\t\t\t\t<div class=\"elementor-widget-container\">\n\t\t\t\t\t<h4 class=\"elementor-heading-title elementor-size-default\">World Museum Day - Measuring Objects<\/h4>\t\t\t\t<\/div>\n\t\t\t\t<\/div>\n\t\t\t\t<div class=\"elementor-element elementor-element-2589265f elementor-widget elementor-widget-video\" data-id=\"2589265f\" data-element_type=\"widget\" data-settings=\"{&quot;youtube_url&quot;:&quot;https:\\\/\\\/www.youtube.com\\\/watch?v=Sh2JXAyJUBE&amp;list=PL4XTcfODh9HztLCd6R9UYwWjm6nUWPCCh&quot;,&quot;video_type&quot;:&quot;youtube&quot;,&quot;controls&quot;:&quot;yes&quot;}\" data-widget_type=\"video.default\">\n\t\t\t\t<div class=\"elementor-widget-container\">\n\t\t\t\t\t\t\t<div class=\"elementor-wrapper elementor-open-inline\">\n\t\t\t<div class=\"elementor-video\"><\/div>\t\t<\/div>\n\t\t\t\t\t\t<\/div>\n\t\t\t\t<\/div>\n\t\t\t\t\t<\/div>\n\t\t<\/div>\n\t\t\t\t<div class=\"elementor-column elementor-col-50 elementor-inner-column elementor-element elementor-element-2af018f4\" data-id=\"2af018f4\" data-element_type=\"column\">\n\t\t\t<div class=\"elementor-widget-wrap elementor-element-populated\">\n\t\t\t\t\t\t<div class=\"elementor-element elementor-element-44181616 elementor-widget elementor-widget-heading\" data-id=\"44181616\" data-element_type=\"widget\" data-widget_type=\"heading.default\">\n\t\t\t\t<div class=\"elementor-widget-container\">\n\t\t\t\t\t<h4 class=\"elementor-heading-title elementor-size-default\">World Museum Day - Hungarian Geniuses<\/h4>\t\t\t\t<\/div>\n\t\t\t\t<\/div>\n\t\t\t\t<div class=\"elementor-element elementor-element-6f9f5812 elementor-widget elementor-widget-video\" data-id=\"6f9f5812\" data-element_type=\"widget\" data-settings=\"{&quot;youtube_url&quot;:&quot;https:\\\/\\\/www.youtube.com\\\/watch?v=s2LYiGuUywo&amp;list=PL4XTcfODh9HztLCd6R9UYwWjm6nUWPCCh&quot;,&quot;video_type&quot;:&quot;youtube&quot;,&quot;controls&quot;:&quot;yes&quot;}\" data-widget_type=\"video.default\">\n\t\t\t\t<div class=\"elementor-widget-container\">\n\t\t\t\t\t\t\t<div class=\"elementor-wrapper elementor-open-inline\">\n\t\t\t<div class=\"elementor-video\"><\/div>\t\t<\/div>\n\t\t\t\t\t\t<\/div>\n\t\t\t\t<\/div>\n\t\t\t\t\t<\/div>\n\t\t<\/div>\n\t\t\t\t\t<\/div>\n\t\t<\/section>\n\t\t\t\t<\/div>","protected":false},"excerpt":{"rendered":"<p>Kor\u00e1bbi esem\u00e9nyek 2025. m\u00e1jus 24. &#8211; 2025. november 2. Otthon,\u00a0\u00e9des\u00a0otthonMeghitt terek, besz\u00e9des t\u00e1rgyak \u2013 intimizmus Sz\u0151nyi Istv\u00e1n m\u0171v\u00e9szet\u00e9ben \u00a0 Sz\u0151nyi Istv\u00e1n grafikai alkot\u00e1saib\u00f3l rendezett tematikus ki\u00e1ll\u00edt\u00e1ssorozat\u00a0negyedik\u00a0t\u00e1rlat\u00e1hoz \u00e9rkezett.\u00a0A falusi \u00e9let,\u00a0A v\u00edzparti [&hellip;]<\/p>","protected":false},"author":1,"featured_media":0,"parent":0,"menu_order":0,"comment_status":"closed","ping_status":"closed","template":"","meta":{"ngg_post_thumbnail":0,"_price":"","_stock":"","_tribe_ticket_header":"","_tribe_default_ticket_provider":"","_tribe_ticket_capacity":"0","_ticket_start_date":"","_ticket_end_date":"","_tribe_ticket_show_description":"","_tribe_ticket_show_not_going":false,"_tribe_ticket_use_global_stock":"","_tribe_ticket_global_stock_level":"","_global_stock_mode":"","_global_stock_cap":"","_tribe_rsvp_for_event":"","_tribe_ticket_going_count":"","_tribe_ticket_not_going_count":"","_tribe_tickets_list":"[]","_tribe_ticket_has_attendee_info_fields":false,"_mc_calendar":[],"footnotes":"","_tec_slr_enabled":"","_tec_slr_layout":""},"class_list":["post-1400","page","type-page","status-publish","hentry"],"ticketed":false,"_links":{"self":[{"href":"https:\/\/szonyimuzeum.hu\/en\/wp-json\/wp\/v2\/pages\/1400","targetHints":{"allow":["GET"]}}],"collection":[{"href":"https:\/\/szonyimuzeum.hu\/en\/wp-json\/wp\/v2\/pages"}],"about":[{"href":"https:\/\/szonyimuzeum.hu\/en\/wp-json\/wp\/v2\/types\/page"}],"author":[{"embeddable":true,"href":"https:\/\/szonyimuzeum.hu\/en\/wp-json\/wp\/v2\/users\/1"}],"replies":[{"embeddable":true,"href":"https:\/\/szonyimuzeum.hu\/en\/wp-json\/wp\/v2\/comments?post=1400"}],"version-history":[{"count":456,"href":"https:\/\/szonyimuzeum.hu\/en\/wp-json\/wp\/v2\/pages\/1400\/revisions"}],"predecessor-version":[{"id":13214,"href":"https:\/\/szonyimuzeum.hu\/en\/wp-json\/wp\/v2\/pages\/1400\/revisions\/13214"}],"wp:attachment":[{"href":"https:\/\/szonyimuzeum.hu\/en\/wp-json\/wp\/v2\/media?parent=1400"}],"curies":[{"name":"wp","href":"https:\/\/api.w.org\/{rel}","templated":true}]}}