{"id":11224,"date":"2025-03-06T15:55:13","date_gmt":"2025-03-06T14:55:13","guid":{"rendered":"https:\/\/szonyimuzeum.hu\/?page_id=11224"},"modified":"2025-12-11T18:08:34","modified_gmt":"2025-12-11T17:08:34","slug":"a-festo-haza","status":"publish","type":"page","link":"https:\/\/szonyimuzeum.hu\/fr\/a-festo-haza\/","title":{"rendered":"La maison de l'artiste"},"content":{"rendered":"<div data-elementor-type=\"wp-page\" data-elementor-id=\"11224\" class=\"elementor elementor-11224\" data-elementor-post-type=\"page\">\n\t\t\t\t\t\t<section class=\"elementor-section elementor-top-section elementor-element elementor-element-241aa30d elementor-section-boxed elementor-section-height-default elementor-section-height-default\" data-id=\"241aa30d\" data-element_type=\"section\" data-settings=\"{&quot;background_background&quot;:&quot;classic&quot;,&quot;shape_divider_bottom&quot;:&quot;wave-brush&quot;}\">\n\t\t\t\t\t\t\t<div class=\"elementor-background-overlay\"><\/div>\n\t\t\t\t\t\t<div class=\"elementor-shape elementor-shape-bottom\" data-negative=\"false\">\n\t\t\t<svg xmlns=\"http:\/\/www.w3.org\/2000\/svg\" viewbox=\"0 0 283.5 27.8\" preserveaspectratio=\"none\">\n\t<path class=\"elementor-shape-fill\" d=\"M283.5,9.7c0,0-7.3,4.3-14,4.6c-6.8,0.3-12.6,0-20.9-1.5c-11.3-2-33.1-10.1-44.7-5.7\ts-12.1,4.6-18,7.4c-6.6,3.2-20,9.6-36.6,9.3C131.6,23.5,99.5,7.2,86.3,8c-1.4,0.1-6.6,0.8-10.5,2c-3.8,1.2-9.4,3.8-17,4.7\tc-3.2,0.4-8.3,1.1-14.2,0.9c-1.5-0.1-6.3-0.4-12-1.6c-5.7-1.2-11-3.1-15.8-3.7C6.5,9.2,0,10.8,0,10.8V0h283.5V9.7z M260.8,11.3\tc-0.7-1-2-0.4-4.3-0.4c-2.3,0-6.1-1.2-5.8-1.1c0.3,0.1,3.1,1.5,6,1.9C259.7,12.2,261.4,12.3,260.8,11.3z M242.4,8.6\tc0,0-2.4-0.2-5.6-0.9c-3.2-0.8-10.3-2.8-15.1-3.5c-8.2-1.1-15.8,0-15.1,0.1c0.8,0.1,9.6-0.6,17.6,1.1c3.3,0.7,9.3,2.2,12.4,2.7\tC239.9,8.7,242.4,8.6,242.4,8.6z M185.2,8.5c1.7-0.7-13.3,4.7-18.5,6.1c-2.1,0.6-6.2,1.6-10,2c-3.9,0.4-8.9,0.4-8.8,0.5\tc0,0.2,5.8,0.8,11.2,0c5.4-0.8,5.2-1.1,7.6-1.6C170.5,14.7,183.5,9.2,185.2,8.5z M199.1,6.9c0.2,0-0.8-0.4-4.8,1.1\tc-4,1.5-6.7,3.5-6.9,3.7c-0.2,0.1,3.5-1.8,6.6-3C197,7.5,199,6.9,199.1,6.9z M283,6c-0.1,0.1-1.9,1.1-4.8,2.5s-6.9,2.8-6.7,2.7\tc0.2,0,3.5-0.6,7.4-2.5C282.8,6.8,283.1,5.9,283,6z M31.3,11.6c0.1-0.2-1.9-0.2-4.5-1.2s-5.4-1.6-7.8-2C15,7.6,7.3,8.5,7.7,8.6\tC8,8.7,15.9,8.3,20.2,9.3c2.2,0.5,2.4,0.5,5.7,1.6S31.2,11.9,31.3,11.6z M73,9.2c0.4-0.1,3.5-1.6,8.4-2.6c4.9-1.1,8.9-0.5,8.9-0.8\tc0-0.3-1-0.9-6.2-0.3S72.6,9.3,73,9.2z M71.6,6.7C71.8,6.8,75,5.4,77.3,5c2.3-0.3,1.9-0.5,1.9-0.6c0-0.1-1.1-0.2-2.7,0.2\tC74.8,5.1,71.4,6.6,71.6,6.7z M93.6,4.4c0.1,0.2,3.5,0.8,5.6,1.8c2.1,1,1.8,0.6,1.9,0.5c0.1-0.1-0.8-0.8-2.4-1.3\tC97.1,4.8,93.5,4.2,93.6,4.4z M65.4,11.1c-0.1,0.3,0.3,0.5,1.9-0.2s2.6-1.3,2.2-1.2s-0.9,0.4-2.5,0.8C65.3,10.9,65.5,10.8,65.4,11.1\tz M34.5,12.4c-0.2,0,2.1,0.8,3.3,0.9c1.2,0.1,2,0.1,2-0.2c0-0.3-0.1-0.5-1.6-0.4C36.6,12.8,34.7,12.4,34.5,12.4z M152.2,21.1\tc-0.1,0.1-2.4-0.3-7.5-0.3c-5,0-13.6-2.4-17.2-3.5c-3.6-1.1,10,3.9,16.5,4.1C150.5,21.6,152.3,21,152.2,21.1z\"\/>\n\t<path class=\"elementor-shape-fill\" d=\"M269.6,18c-0.1-0.1-4.6,0.3-7.2,0c-7.3-0.7-17-3.2-16.6-2.9c0.4,0.3,13.7,3.1,17,3.3\tC267.7,18.8,269.7,18,269.6,18z\"\/>\n\t<path class=\"elementor-shape-fill\" d=\"M227.4,9.8c-0.2-0.1-4.5-1-9.5-1.2c-5-0.2-12.7,0.6-12.3,0.5c0.3-0.1,5.9-1.8,13.3-1.2\tS227.6,9.9,227.4,9.8z\"\/>\n\t<path class=\"elementor-shape-fill\" d=\"M204.5,13.4c-0.1-0.1,2-1,3.2-1.1c1.2-0.1,2,0,2,0.3c0,0.3-0.1,0.5-1.6,0.4\tC206.4,12.9,204.6,13.5,204.5,13.4z\"\/>\n\t<path class=\"elementor-shape-fill\" d=\"M201,10.6c0-0.1-4.4,1.2-6.3,2.2c-1.9,0.9-6.2,3.1-6.1,3.1c0.1,0.1,4.2-1.6,6.3-2.6\tS201,10.7,201,10.6z\"\/>\n\t<path class=\"elementor-shape-fill\" d=\"M154.5,26.7c-0.1-0.1-4.6,0.3-7.2,0c-7.3-0.7-17-3.2-16.6-2.9c0.4,0.3,13.7,3.1,17,3.3\tC152.6,27.5,154.6,26.8,154.5,26.7z\"\/>\n\t<path class=\"elementor-shape-fill\" d=\"M41.9,19.3c0,0,1.2-0.3,2.9-0.1c1.7,0.2,5.8,0.9,8.2,0.7c4.2-0.4,7.4-2.7,7-2.6\tc-0.4,0-4.3,2.2-8.6,1.9c-1.8-0.1-5.1-0.5-6.7-0.4S41.9,19.3,41.9,19.3z\"\/>\n\t<path class=\"elementor-shape-fill\" d=\"M75.5,12.6c0.2,0.1,2-0.8,4.3-1.1c2.3-0.2,2.1-0.3,2.1-0.5c0-0.1-1.8-0.4-3.4,0\tC76.9,11.5,75.3,12.5,75.5,12.6z\"\/>\n\t<path class=\"elementor-shape-fill\" d=\"M15.6,13.2c0-0.1,4.3,0,6.7,0.5c2.4,0.5,5,1.9,5,2c0,0.1-2.7-0.8-5.1-1.4\tC19.9,13.7,15.7,13.3,15.6,13.2z\"\/>\n<\/svg>\t\t<\/div>\n\t\t\t\t\t<div class=\"elementor-container elementor-column-gap-default\">\n\t\t\t\t\t<div class=\"elementor-column elementor-col-100 elementor-top-column elementor-element elementor-element-7b30d321\" data-id=\"7b30d321\" data-element_type=\"column\">\n\t\t\t<div class=\"elementor-widget-wrap elementor-element-populated\">\n\t\t\t\t\t\t<div class=\"elementor-element elementor-element-2d399116 elementor-widget elementor-widget-heading\" data-id=\"2d399116\" data-element_type=\"widget\" data-widget_type=\"heading.default\">\n\t\t\t\t<div class=\"elementor-widget-container\">\n\t\t\t\t\t<h1 class=\"elementor-heading-title elementor-size-default\">La maison de l'artiste<\/h1>\t\t\t\t<\/div>\n\t\t\t\t<\/div>\n\t\t\t\t\t<\/div>\n\t\t<\/div>\n\t\t\t\t\t<\/div>\n\t\t<\/section>\n\t\t\t\t<section class=\"elementor-section elementor-top-section elementor-element elementor-element-2f0be080 elementor-section-boxed elementor-section-height-default elementor-section-height-default\" data-id=\"2f0be080\" data-element_type=\"section\">\n\t\t\t\t\t\t<div class=\"elementor-container elementor-column-gap-default\">\n\t\t\t\t\t<div class=\"elementor-column elementor-col-66 elementor-top-column elementor-element elementor-element-7f4bcc30\" data-id=\"7f4bcc30\" data-element_type=\"column\">\n\t\t\t<div class=\"elementor-widget-wrap elementor-element-populated\">\n\t\t\t\t\t\t<div class=\"elementor-element elementor-element-47fa3183 elementor-widget elementor-widget-text-editor\" data-id=\"47fa3183\" data-element_type=\"widget\" data-widget_type=\"text-editor.default\">\n\t\t\t\t<div class=\"elementor-widget-container\">\n\t\t\t\t\t\t\t\t\t<p>Istv\u00e1n Sz\u0151nyi est une figure marquante de la peinture hongroise du XXe si\u00e8cle. Il a v\u00e9cu et travaill\u00e9 \u00e0 Zebeg\u00e9ny de 1924 \u00e0 sa mort. C'est l\u00e0 que son art s'est \u00e9panoui, sa peinture \u00e9tant inspir\u00e9e par la beaut\u00e9 magique du paysage, les habitants du village et les membres de sa famille. Son ancienne maison et son atelier sont un mus\u00e9e depuis 1967. L'objectif des fondateurs du mus\u00e9e \u00e9tait de pr\u00e9server et de pr\u00e9senter aussi fid\u00e8lement que possible l'environnement dans lequel les \u0153uvres ont \u00e9t\u00e9 cr\u00e9\u00e9es.<\/p><p>Zsuzsa Sz\u0151nyi, l'h\u00e9riti\u00e8re de la maison de Zebeg\u00e9ny, vit en Italie depuis 1949 avec son mari, M\u00e1ty\u00e1s Triznya. En 1967, elle a pu rentrer au pays en tant que citoyenne italienne pour les fun\u00e9railles de sa m\u00e8re, et dans son livre La Taverne de Triznya, elle a \u00e9crit l'histoire de la fondation du mus\u00e9e. Zsuzsa Sz\u0151nyi. 1999<\/p><p>P\u00e1l P\u00e1tzay, un vieil ami de la famille, a \u00e9t\u00e9 charg\u00e9 d'organiser les pr\u00e9paratifs du mus\u00e9e. Le mus\u00e9e est devenu une institution membre du r\u00e9seau des mus\u00e9es du comt\u00e9 de Pest, mais le personnel de la Galerie nationale hongroise s'est charg\u00e9 de l'inventaire des \u0153uvres et de la conservation des pi\u00e8ces endommag\u00e9es. La premi\u00e8re exposition permanente a \u00e9t\u00e9 organis\u00e9e par l'historienne de l'art Ir\u00e9n Kisd\u00e9gin\u00e9 Kirimi. La c\u00e9r\u00e9monie d'ouverture a eu lieu le 18 ao\u00fbt 1967. Depuis 2017, le mus\u00e9e est entretenu par la municipalit\u00e9 de Zebeg\u00e9ny.<\/p><p>L'exposition permanente de l'ancienne famille Sz\u0151nyi<span style=\"color: #7393b3;\"><strong> <a style=\"color: #7393b3;\" href=\"https:\/\/szonyimuzeum.hu\/fr\/gyujtemenytortenet-2\/\">meubles<\/a><\/strong><\/span>\u00a0L'exposition de l'artiste et de son mobilier comprend un tableau majeur de chacune des p\u00e9riodes cr\u00e9atives du ma\u00eetre, offrant ainsi un aper\u00e7u complet de l'\u0153uvre d'Istv\u00e1n Sz\u0151nyi. Parmi les \u0153uvres expos\u00e9es figurent \"Le banc de jardin\", \"Le vieux passeur\", \"Le train du soir\" et \"Le village en automne\".<\/p><p>Le riche mat\u00e9riel graphique de la collection est r\u00e9guli\u00e8rement expos\u00e9 dans le cadre d'expositions temporaires th\u00e9matiques.La salle comm\u00e9morative M\u00e1ty\u00e1s Triznya Zsuzsa Sz\u0151nyi-Sz\u0151nyi a \u00e9t\u00e9 ouverte en 2013 et enti\u00e8rement renouvel\u00e9e en 2024, \u00e0 l'occasion du 100e anniversaire de la naissance de Zsuzsa Sz\u0151nyi (1924-2014), o\u00f9 des peintures, des photographies, des objets personnels et des documents rappellent la riche vie du couple. La collection comprend \u00e9galement des \u0153uvres int\u00e9ressantes issues de l'h\u00e9ritage de la famille Bart\u00f3ky, notamment un dessin de jeunesse de Mih\u00e1ly Munk\u00e1csy repr\u00e9sentant la m\u00e8re de J\u00f3zsef Bart\u00f3ky, Jol\u00e1n Szulim\u00e1n, ainsi que des \u0153uvres de K\u00e1roly Lotz, Bertalan Sz\u00e9kely et L\u00e1szl\u00f3 Medny\u00e1nszky. Les amis artistes de Sz\u0151nyi - R\u00f3bert Ber\u00e9ny, Vilmos Aba Nov\u00e1k, Aur\u00e9l Bern\u00e1th, Jen\u0151 Elekfy, Elem\u00e9r Vass et bien d'autres - ont fait don d'un certain nombre d'\u0153uvres \u00e0 l'artiste. La collection comprend \u00e9galement un ensemble d'\u0153uvres des \u00e9l\u00e8ves de Sz\u0151nyi, qui ont \u00e9t\u00e9 apport\u00e9es au mus\u00e9e \u00e0 l'occasion d'expositions de leurs \u0153uvres.<\/p>\t\t\t\t\t\t\t\t<\/div>\n\t\t\t\t<\/div>\n\t\t\t\t\t<\/div>\n\t\t<\/div>\n\t\t\t\t<div class=\"elementor-column elementor-col-33 elementor-top-column elementor-element elementor-element-499e4621\" data-id=\"499e4621\" data-element_type=\"column\">\n\t\t\t<div class=\"elementor-widget-wrap elementor-element-populated\">\n\t\t\t\t\t\t<div class=\"elementor-element elementor-element-49da433 elementor-widget elementor-widget-image\" data-id=\"49da433\" data-element_type=\"widget\" data-widget_type=\"image.default\">\n\t\t\t\t<div class=\"elementor-widget-container\">\n\t\t\t\t\t\t\t\t\t\t\t\t\t\t\t<img fetchpriority=\"high\" decoding=\"async\" width=\"2560\" height=\"1707\" src=\"https:\/\/szonyimuzeum.hu\/wp-content\/uploads\/2024\/07\/muterem2_-scaled.jpg\" class=\"attachment-full size-full wp-image-7748\" alt=\"\" srcset=\"https:\/\/szonyimuzeum.hu\/wp-content\/uploads\/2024\/07\/muterem2_-scaled.jpg 2560w, https:\/\/szonyimuzeum.hu\/wp-content\/uploads\/2024\/07\/muterem2_-700x467.jpg 700w, https:\/\/szonyimuzeum.hu\/wp-content\/uploads\/2024\/07\/muterem2_-1024x683.jpg 1024w, https:\/\/szonyimuzeum.hu\/wp-content\/uploads\/2024\/07\/muterem2_-768x512.jpg 768w, https:\/\/szonyimuzeum.hu\/wp-content\/uploads\/2024\/07\/muterem2_-1536x1024.jpg 1536w, https:\/\/szonyimuzeum.hu\/wp-content\/uploads\/2024\/07\/muterem2_-2048x1365.jpg 2048w\" sizes=\"(max-width: 2560px) 100vw, 2560px\" \/>\t\t\t\t\t\t\t\t\t\t\t\t\t\t\t<\/div>\n\t\t\t\t<\/div>\n\t\t\t\t\t<\/div>\n\t\t<\/div>\n\t\t\t\t\t<\/div>\n\t\t<\/section>\n\t\t\t\t<\/div>","protected":false},"excerpt":{"rendered":"<p>La maison du peintre Istv\u00e1n Sz\u0151nyi est une figure marquante de la peinture hongroise du XXe si\u00e8cle. Il a v\u00e9cu et travaill\u00e9 \u00e0 Zebeg\u00e9ny de 1924 \u00e0 sa mort. C'est ici que son art s'\u00e9panouit pleinement, ses peintures \u00e9tant influenc\u00e9es par la beaut\u00e9 magique de la [...]<\/p>","protected":false},"author":3,"featured_media":0,"parent":0,"menu_order":0,"comment_status":"closed","ping_status":"closed","template":"","meta":{"ngg_post_thumbnail":0,"_price":"","_stock":"","_tribe_ticket_header":"","_tribe_default_ticket_provider":"","_tribe_ticket_capacity":"0","_ticket_start_date":"","_ticket_end_date":"","_tribe_ticket_show_description":"","_tribe_ticket_show_not_going":false,"_tribe_ticket_use_global_stock":"","_tribe_ticket_global_stock_level":"","_global_stock_mode":"","_global_stock_cap":"","_tribe_rsvp_for_event":"","_tribe_ticket_going_count":"","_tribe_ticket_not_going_count":"","_tribe_tickets_list":"[]","_tribe_ticket_has_attendee_info_fields":false,"_mc_calendar":[],"footnotes":"","_tec_slr_enabled":"","_tec_slr_layout":""},"class_list":["post-11224","page","type-page","status-publish","hentry"],"ticketed":false,"_links":{"self":[{"href":"https:\/\/szonyimuzeum.hu\/fr\/wp-json\/wp\/v2\/pages\/11224","targetHints":{"allow":["GET"]}}],"collection":[{"href":"https:\/\/szonyimuzeum.hu\/fr\/wp-json\/wp\/v2\/pages"}],"about":[{"href":"https:\/\/szonyimuzeum.hu\/fr\/wp-json\/wp\/v2\/types\/page"}],"author":[{"embeddable":true,"href":"https:\/\/szonyimuzeum.hu\/fr\/wp-json\/wp\/v2\/users\/3"}],"replies":[{"embeddable":true,"href":"https:\/\/szonyimuzeum.hu\/fr\/wp-json\/wp\/v2\/comments?post=11224"}],"version-history":[{"count":14,"href":"https:\/\/szonyimuzeum.hu\/fr\/wp-json\/wp\/v2\/pages\/11224\/revisions"}],"predecessor-version":[{"id":13497,"href":"https:\/\/szonyimuzeum.hu\/fr\/wp-json\/wp\/v2\/pages\/11224\/revisions\/13497"}],"wp:attachment":[{"href":"https:\/\/szonyimuzeum.hu\/fr\/wp-json\/wp\/v2\/media?parent=11224"}],"curies":[{"name":"wp","href":"https:\/\/api.w.org\/{rel}","templated":true}]}}