{"id":13741,"date":"2026-01-17T14:08:38","date_gmt":"2026-01-17T13:08:38","guid":{"rendered":"https:\/\/szonyimuzeum.hu\/?page_id=13741"},"modified":"2026-01-18T15:28:52","modified_gmt":"2026-01-18T14:28:52","slug":"kulso-helyszini-kiallitasok","status":"publish","type":"page","link":"https:\/\/szonyimuzeum.hu\/fr\/kulso-helyszini-kiallitasok\/","title":{"rendered":"Expositions externes sur place"},"content":{"rendered":"<div data-elementor-type=\"wp-page\" data-elementor-id=\"13741\" class=\"elementor elementor-13741\" data-elementor-post-type=\"page\">\n\t\t\t\t\t\t<section class=\"elementor-section elementor-top-section elementor-element elementor-element-7594ebe elementor-section-boxed elementor-section-height-default elementor-section-height-default\" data-id=\"7594ebe\" data-element_type=\"section\" id=\"top\" data-settings=\"{&quot;background_background&quot;:&quot;classic&quot;,&quot;shape_divider_bottom&quot;:&quot;wave-brush&quot;}\">\n\t\t\t\t\t\t\t<div class=\"elementor-background-overlay\"><\/div>\n\t\t\t\t\t\t<div class=\"elementor-shape elementor-shape-bottom\" data-negative=\"false\">\n\t\t\t<svg xmlns=\"http:\/\/www.w3.org\/2000\/svg\" viewbox=\"0 0 283.5 27.8\" preserveaspectratio=\"none\">\n\t<path class=\"elementor-shape-fill\" d=\"M283.5,9.7c0,0-7.3,4.3-14,4.6c-6.8,0.3-12.6,0-20.9-1.5c-11.3-2-33.1-10.1-44.7-5.7\ts-12.1,4.6-18,7.4c-6.6,3.2-20,9.6-36.6,9.3C131.6,23.5,99.5,7.2,86.3,8c-1.4,0.1-6.6,0.8-10.5,2c-3.8,1.2-9.4,3.8-17,4.7\tc-3.2,0.4-8.3,1.1-14.2,0.9c-1.5-0.1-6.3-0.4-12-1.6c-5.7-1.2-11-3.1-15.8-3.7C6.5,9.2,0,10.8,0,10.8V0h283.5V9.7z M260.8,11.3\tc-0.7-1-2-0.4-4.3-0.4c-2.3,0-6.1-1.2-5.8-1.1c0.3,0.1,3.1,1.5,6,1.9C259.7,12.2,261.4,12.3,260.8,11.3z M242.4,8.6\tc0,0-2.4-0.2-5.6-0.9c-3.2-0.8-10.3-2.8-15.1-3.5c-8.2-1.1-15.8,0-15.1,0.1c0.8,0.1,9.6-0.6,17.6,1.1c3.3,0.7,9.3,2.2,12.4,2.7\tC239.9,8.7,242.4,8.6,242.4,8.6z M185.2,8.5c1.7-0.7-13.3,4.7-18.5,6.1c-2.1,0.6-6.2,1.6-10,2c-3.9,0.4-8.9,0.4-8.8,0.5\tc0,0.2,5.8,0.8,11.2,0c5.4-0.8,5.2-1.1,7.6-1.6C170.5,14.7,183.5,9.2,185.2,8.5z M199.1,6.9c0.2,0-0.8-0.4-4.8,1.1\tc-4,1.5-6.7,3.5-6.9,3.7c-0.2,0.1,3.5-1.8,6.6-3C197,7.5,199,6.9,199.1,6.9z M283,6c-0.1,0.1-1.9,1.1-4.8,2.5s-6.9,2.8-6.7,2.7\tc0.2,0,3.5-0.6,7.4-2.5C282.8,6.8,283.1,5.9,283,6z M31.3,11.6c0.1-0.2-1.9-0.2-4.5-1.2s-5.4-1.6-7.8-2C15,7.6,7.3,8.5,7.7,8.6\tC8,8.7,15.9,8.3,20.2,9.3c2.2,0.5,2.4,0.5,5.7,1.6S31.2,11.9,31.3,11.6z M73,9.2c0.4-0.1,3.5-1.6,8.4-2.6c4.9-1.1,8.9-0.5,8.9-0.8\tc0-0.3-1-0.9-6.2-0.3S72.6,9.3,73,9.2z M71.6,6.7C71.8,6.8,75,5.4,77.3,5c2.3-0.3,1.9-0.5,1.9-0.6c0-0.1-1.1-0.2-2.7,0.2\tC74.8,5.1,71.4,6.6,71.6,6.7z M93.6,4.4c0.1,0.2,3.5,0.8,5.6,1.8c2.1,1,1.8,0.6,1.9,0.5c0.1-0.1-0.8-0.8-2.4-1.3\tC97.1,4.8,93.5,4.2,93.6,4.4z M65.4,11.1c-0.1,0.3,0.3,0.5,1.9-0.2s2.6-1.3,2.2-1.2s-0.9,0.4-2.5,0.8C65.3,10.9,65.5,10.8,65.4,11.1\tz M34.5,12.4c-0.2,0,2.1,0.8,3.3,0.9c1.2,0.1,2,0.1,2-0.2c0-0.3-0.1-0.5-1.6-0.4C36.6,12.8,34.7,12.4,34.5,12.4z M152.2,21.1\tc-0.1,0.1-2.4-0.3-7.5-0.3c-5,0-13.6-2.4-17.2-3.5c-3.6-1.1,10,3.9,16.5,4.1C150.5,21.6,152.3,21,152.2,21.1z\"\/>\n\t<path class=\"elementor-shape-fill\" d=\"M269.6,18c-0.1-0.1-4.6,0.3-7.2,0c-7.3-0.7-17-3.2-16.6-2.9c0.4,0.3,13.7,3.1,17,3.3\tC267.7,18.8,269.7,18,269.6,18z\"\/>\n\t<path class=\"elementor-shape-fill\" d=\"M227.4,9.8c-0.2-0.1-4.5-1-9.5-1.2c-5-0.2-12.7,0.6-12.3,0.5c0.3-0.1,5.9-1.8,13.3-1.2\tS227.6,9.9,227.4,9.8z\"\/>\n\t<path class=\"elementor-shape-fill\" d=\"M204.5,13.4c-0.1-0.1,2-1,3.2-1.1c1.2-0.1,2,0,2,0.3c0,0.3-0.1,0.5-1.6,0.4\tC206.4,12.9,204.6,13.5,204.5,13.4z\"\/>\n\t<path class=\"elementor-shape-fill\" d=\"M201,10.6c0-0.1-4.4,1.2-6.3,2.2c-1.9,0.9-6.2,3.1-6.1,3.1c0.1,0.1,4.2-1.6,6.3-2.6\tS201,10.7,201,10.6z\"\/>\n\t<path class=\"elementor-shape-fill\" d=\"M154.5,26.7c-0.1-0.1-4.6,0.3-7.2,0c-7.3-0.7-17-3.2-16.6-2.9c0.4,0.3,13.7,3.1,17,3.3\tC152.6,27.5,154.6,26.8,154.5,26.7z\"\/>\n\t<path class=\"elementor-shape-fill\" d=\"M41.9,19.3c0,0,1.2-0.3,2.9-0.1c1.7,0.2,5.8,0.9,8.2,0.7c4.2-0.4,7.4-2.7,7-2.6\tc-0.4,0-4.3,2.2-8.6,1.9c-1.8-0.1-5.1-0.5-6.7-0.4S41.9,19.3,41.9,19.3z\"\/>\n\t<path class=\"elementor-shape-fill\" d=\"M75.5,12.6c0.2,0.1,2-0.8,4.3-1.1c2.3-0.2,2.1-0.3,2.1-0.5c0-0.1-1.8-0.4-3.4,0\tC76.9,11.5,75.3,12.5,75.5,12.6z\"\/>\n\t<path class=\"elementor-shape-fill\" d=\"M15.6,13.2c0-0.1,4.3,0,6.7,0.5c2.4,0.5,5,1.9,5,2c0,0.1-2.7-0.8-5.1-1.4\tC19.9,13.7,15.7,13.3,15.6,13.2z\"\/>\n<\/svg>\t\t<\/div>\n\t\t\t\t\t<div class=\"elementor-container elementor-column-gap-default\">\n\t\t\t\t\t<div class=\"elementor-column elementor-col-100 elementor-top-column elementor-element elementor-element-32137d7\" data-id=\"32137d7\" data-element_type=\"column\">\n\t\t\t<div class=\"elementor-widget-wrap elementor-element-populated\">\n\t\t\t\t\t\t<div class=\"elementor-element elementor-element-dcd092c elementor-widget elementor-widget-heading\" data-id=\"dcd092c\" data-element_type=\"widget\" data-widget_type=\"heading.default\">\n\t\t\t\t<div class=\"elementor-widget-container\">\n\t\t\t\t\t<h1 class=\"elementor-heading-title elementor-size-default\">Expositions externes sur place<\/h1>\t\t\t\t<\/div>\n\t\t\t\t<\/div>\n\t\t\t\t\t<\/div>\n\t\t<\/div>\n\t\t\t\t\t<\/div>\n\t\t<\/section>\n\t\t<div class=\"elementor-element elementor-element-659dcac e-flex e-con-boxed e-con e-parent\" data-id=\"659dcac\" data-element_type=\"container\">\n\t\t\t\t\t<div class=\"e-con-inner\">\n\t\t\t\t<div class=\"elementor-element elementor-element-432318f elementor-widget elementor-widget-text-editor\" data-id=\"432318f\" data-element_type=\"widget\" data-widget_type=\"text-editor.default\">\n\t\t\t\t<div class=\"elementor-widget-container\">\n\t\t\t\t\t\t\t\t\t<h4 class=\"elementor-heading-title elementor-size-default\"><span style=\"color: #7393b3;\">NEM CSAK FEST\u0150<\/span><\/h4>\t\t\t\t\t\t\t\t<\/div>\n\t\t\t\t<\/div>\n\t\t\t\t\t<\/div>\n\t\t\t\t<\/div>\n\t\t<div class=\"elementor-element elementor-element-3064979 e-flex e-con-boxed e-con e-parent\" data-id=\"3064979\" data-element_type=\"container\">\n\t\t\t\t\t<div class=\"e-con-inner\">\n\t\t<div class=\"elementor-element elementor-element-521a4bf e-con-full e-flex e-con e-child\" data-id=\"521a4bf\" data-element_type=\"container\">\n\t\t\t\t<div class=\"elementor-element elementor-element-f6b0af2 elementor-widget-laptop__width-initial elementor-widget elementor-widget-text-editor\" data-id=\"f6b0af2\" data-element_type=\"widget\" data-widget_type=\"text-editor.default\">\n\t\t\t\t<div class=\"elementor-widget-container\">\n\t\t\t\t\t\t\t\t\t<h6><span style=\"color: #7393b3;\">2026. janu\u00e1r 17 &#8211; febru\u00e1r 5.\u00a0<br \/><\/span><\/h6><p>A budapesti gett\u00f3 felszabadul\u00e1s\u00e1nak 81. \u00e9vfordul\u00f3ja alkalm\u00e1b\u00f3l, az \u00fcnnep\u00e9lyes megeml\u00e9kez\u00e9st k\u00f6vet\u0151en az Erzs\u00e9betv\u00e1rosi Zsid\u00f3 T\u00f6rt\u00e9neti T\u00e1r ki\u00e1ll\u00edt\u00f3hely\u00e9n megny\u00edlt a Sz\u0151nyi Istv\u00e1n grafikai alkot\u00e1saib\u00f3l rendezett id\u0151szaki ki\u00e1ll\u00edt\u00e1s. A megnyit\u00f3n Kom\u00e1romy P\u00e9ter, Sz\u0151nyi unok\u00e1ja eml\u00e9kezett nagyapja \u00e9s \u00e9desanyja, Sz\u0151nyi Jol\u00e1n emberment\u0151 tev\u00e9kenys\u00e9g\u00e9re, valamint a ment\u00e9sben \u00e9s a hamis iratok k\u00e9sz\u00edt\u00e9s\u00e9ben szint\u00e9n oroszl\u00e1nr\u00e9szt v\u00e1llal\u00f3, fiatalon elhunyt Sz\u0151nyi P\u00e9terr\u0151l is mes\u00e9lt.<\/p><p>Az \u00fcnnepi megeml\u00e9kez\u00e9sen mondott besz\u00e9d\u00e9ben Izrael \u00c1llam magyarorsz\u00e1gi nagyk\u00f6vete, Maya Kadosh is megeml\u00edtette Sz\u0151nyi Istv\u00e1n \u00e9s csal\u00e1dja emberment\u0151 tev\u00e9kenys\u00e9g\u00e9t, amelyet Izrael \u00c1llam 1986-ban posztumusz Jad Vashem, Vil\u00e1g Igaza kit\u00fcntet\u00e9ssel ismert el.<\/p><p>A t\u00e1rlat febru\u00e1r 5-ig tekinthet\u0151 meg egy csod\u00e1latos helysz\u00ednen, amely maga az \u00e9l\u0151 eml\u00e9kezet.<\/p><p><strong>Localisation :<\/strong> Erzs\u00e9betv\u00e1rosi Zsid\u00f3 T\u00f6rt\u00e9neti T\u00e1r, Budapest VII., Cs\u00e1nyi u. 5.<strong><br \/><\/strong><\/p>\t\t\t\t\t\t\t\t<\/div>\n\t\t\t\t<\/div>\n\t\t\t\t<\/div>\n\t\t<div class=\"elementor-element elementor-element-35455f2 e-con-full e-flex e-con e-child\" data-id=\"35455f2\" data-element_type=\"container\">\n\t\t\t\t<div class=\"elementor-element elementor-element-5b97e76 elementor-widget elementor-widget-gallery\" data-id=\"5b97e76\" data-element_type=\"widget\" data-settings=\"{&quot;gallery_layout&quot;:&quot;justified&quot;,&quot;lazyload&quot;:&quot;yes&quot;,&quot;ideal_row_height&quot;:{&quot;unit&quot;:&quot;px&quot;,&quot;size&quot;:200,&quot;sizes&quot;:[]},&quot;ideal_row_height_laptop&quot;:{&quot;unit&quot;:&quot;px&quot;,&quot;size&quot;:150,&quot;sizes&quot;:[]},&quot;ideal_row_height_tablet&quot;:{&quot;unit&quot;:&quot;px&quot;,&quot;size&quot;:150,&quot;sizes&quot;:[]},&quot;ideal_row_height_mobile&quot;:{&quot;unit&quot;:&quot;px&quot;,&quot;size&quot;:150,&quot;sizes&quot;:[]},&quot;gap&quot;:{&quot;unit&quot;:&quot;px&quot;,&quot;size&quot;:10,&quot;sizes&quot;:[]},&quot;gap_laptop&quot;:{&quot;unit&quot;:&quot;px&quot;,&quot;size&quot;:10,&quot;sizes&quot;:[]},&quot;gap_tablet&quot;:{&quot;unit&quot;:&quot;px&quot;,&quot;size&quot;:10,&quot;sizes&quot;:[]},&quot;gap_mobile&quot;:{&quot;unit&quot;:&quot;px&quot;,&quot;size&quot;:10,&quot;sizes&quot;:[]},&quot;link_to&quot;:&quot;file&quot;,&quot;overlay_background&quot;:&quot;yes&quot;,&quot;content_hover_animation&quot;:&quot;fade-in&quot;}\" data-widget_type=\"gallery.default\">\n\t\t\t\t<div class=\"elementor-widget-container\">\n\t\t\t\t\t\t\t<div class=\"elementor-gallery__container\">\n\t\t\t\t\t\t\t<a class=\"e-gallery-item elementor-gallery-item elementor-animated-content\" href=\"https:\/\/szonyimuzeum.hu\/wp-content\/uploads\/2026\/01\/Plakat_NEM-CSAK-FESTO.jpg\">\n\t\t\t\t\t<div class=\"e-gallery-image elementor-gallery-item__image\" data-thumbnail=\"https:\/\/szonyimuzeum.hu\/wp-content\/uploads\/2026\/01\/Plakat_NEM-CSAK-FESTO-495x700.jpg\" data-width=\"495\" data-height=\"700\" aria-label=\"\" role=\"img\" ><\/div>\n\t\t\t\t\t\t\t\t\t\t\t<div class=\"elementor-gallery-item__overlay\"><\/div>\n\t\t\t\t\t\t\t\t\t\t\t\t\t\t<\/a>\n\t\t\t\t\t\t\t<a class=\"e-gallery-item elementor-gallery-item elementor-animated-content\" href=\"https:\/\/szonyimuzeum.hu\/wp-content\/uploads\/2026\/01\/Gyasz-rezkarc-papir.jpg\">\n\t\t\t\t\t<div class=\"e-gallery-image elementor-gallery-item__image\" data-thumbnail=\"https:\/\/szonyimuzeum.hu\/wp-content\/uploads\/2026\/01\/Gyasz-rezkarc-papir.jpg\" data-width=\"452\" data-height=\"346\" aria-label=\"\" role=\"img\" ><\/div>\n\t\t\t\t\t\t\t\t\t\t\t<div class=\"elementor-gallery-item__overlay\"><\/div>\n\t\t\t\t\t\t\t\t\t\t\t\t\t\t<\/a>\n\t\t\t\t\t<\/div>\n\t\t\t\t\t<\/div>\n\t\t\t\t<\/div>\n\t\t\t\t<div class=\"elementor-element elementor-element-212bd56 elementor-widget elementor-widget-gallery\" data-id=\"212bd56\" data-element_type=\"widget\" data-settings=\"{&quot;columns&quot;:3,&quot;lazyload&quot;:&quot;yes&quot;,&quot;gallery_layout&quot;:&quot;grid&quot;,&quot;columns_tablet&quot;:2,&quot;columns_mobile&quot;:1,&quot;gap&quot;:{&quot;unit&quot;:&quot;px&quot;,&quot;size&quot;:10,&quot;sizes&quot;:[]},&quot;gap_laptop&quot;:{&quot;unit&quot;:&quot;px&quot;,&quot;size&quot;:10,&quot;sizes&quot;:[]},&quot;gap_tablet&quot;:{&quot;unit&quot;:&quot;px&quot;,&quot;size&quot;:10,&quot;sizes&quot;:[]},&quot;gap_mobile&quot;:{&quot;unit&quot;:&quot;px&quot;,&quot;size&quot;:10,&quot;sizes&quot;:[]},&quot;link_to&quot;:&quot;file&quot;,&quot;aspect_ratio&quot;:&quot;3:2&quot;,&quot;overlay_background&quot;:&quot;yes&quot;,&quot;content_hover_animation&quot;:&quot;fade-in&quot;}\" data-widget_type=\"gallery.default\">\n\t\t\t\t<div class=\"elementor-widget-container\">\n\t\t\t\t\t\t\t<div class=\"elementor-gallery__container\">\n\t\t\t\t\t\t\t<a class=\"e-gallery-item elementor-gallery-item elementor-animated-content\" href=\"https:\/\/szonyimuzeum.hu\/wp-content\/uploads\/2026\/01\/02_4ee7cfb4-34b0-4485-94eb-9c0d774bf375_.jpg\">\n\t\t\t\t\t<div class=\"e-gallery-image elementor-gallery-item__image\" data-thumbnail=\"https:\/\/szonyimuzeum.hu\/wp-content\/uploads\/2026\/01\/02_4ee7cfb4-34b0-4485-94eb-9c0d774bf375_-700x525.jpg\" data-width=\"700\" data-height=\"525\" aria-label=\"\" role=\"img\" ><\/div>\n\t\t\t\t\t\t\t\t\t\t\t<div class=\"elementor-gallery-item__overlay\"><\/div>\n\t\t\t\t\t\t\t\t\t\t\t\t\t\t<\/a>\n\t\t\t\t\t\t\t<a class=\"e-gallery-item elementor-gallery-item elementor-animated-content\" href=\"https:\/\/szonyimuzeum.hu\/wp-content\/uploads\/2026\/01\/04_IMG_6629_-scaled.jpg\">\n\t\t\t\t\t<div class=\"e-gallery-image elementor-gallery-item__image\" data-thumbnail=\"https:\/\/szonyimuzeum.hu\/wp-content\/uploads\/2026\/01\/04_IMG_6629_-525x700.jpg\" data-width=\"525\" data-height=\"700\" aria-label=\"\" role=\"img\" ><\/div>\n\t\t\t\t\t\t\t\t\t\t\t<div class=\"elementor-gallery-item__overlay\"><\/div>\n\t\t\t\t\t\t\t\t\t\t\t\t\t\t<\/a>\n\t\t\t\t\t\t\t<a class=\"e-gallery-item elementor-gallery-item elementor-animated-content\" href=\"https:\/\/szonyimuzeum.hu\/wp-content\/uploads\/2026\/01\/05_IMG_6642_-scaled.jpg\">\n\t\t\t\t\t<div class=\"e-gallery-image elementor-gallery-item__image\" data-thumbnail=\"https:\/\/szonyimuzeum.hu\/wp-content\/uploads\/2026\/01\/05_IMG_6642_-525x700.jpg\" data-width=\"525\" data-height=\"700\" aria-label=\"\" role=\"img\" ><\/div>\n\t\t\t\t\t\t\t\t\t\t\t<div class=\"elementor-gallery-item__overlay\"><\/div>\n\t\t\t\t\t\t\t\t\t\t\t\t\t\t<\/a>\n\t\t\t\t\t\t\t<a class=\"e-gallery-item elementor-gallery-item elementor-animated-content\" href=\"https:\/\/szonyimuzeum.hu\/wp-content\/uploads\/2026\/01\/06_IMG_6645_-scaled.jpg\">\n\t\t\t\t\t<div class=\"e-gallery-image elementor-gallery-item__image\" data-thumbnail=\"https:\/\/szonyimuzeum.hu\/wp-content\/uploads\/2026\/01\/06_IMG_6645_-700x525.jpg\" data-width=\"700\" data-height=\"525\" aria-label=\"\" role=\"img\" ><\/div>\n\t\t\t\t\t\t\t\t\t\t\t<div class=\"elementor-gallery-item__overlay\"><\/div>\n\t\t\t\t\t\t\t\t\t\t\t\t\t\t<\/a>\n\t\t\t\t\t\t\t<a class=\"e-gallery-item elementor-gallery-item elementor-animated-content\" href=\"https:\/\/szonyimuzeum.hu\/wp-content\/uploads\/2026\/01\/IMG_6633_-scaled.jpg\">\n\t\t\t\t\t<div class=\"e-gallery-image elementor-gallery-item__image\" data-thumbnail=\"https:\/\/szonyimuzeum.hu\/wp-content\/uploads\/2026\/01\/IMG_6633_-700x525.jpg\" data-width=\"700\" data-height=\"525\" aria-label=\"\" role=\"img\" ><\/div>\n\t\t\t\t\t\t\t\t\t\t\t<div class=\"elementor-gallery-item__overlay\"><\/div>\n\t\t\t\t\t\t\t\t\t\t\t\t\t\t<\/a>\n\t\t\t\t\t\t\t<a class=\"e-gallery-item elementor-gallery-item elementor-animated-content\" href=\"https:\/\/szonyimuzeum.hu\/wp-content\/uploads\/2026\/01\/03_b3eecc81-271b-4f22-93da-8d4a8da614cf.jpg\">\n\t\t\t\t\t<div class=\"e-gallery-image elementor-gallery-item__image\" data-thumbnail=\"https:\/\/szonyimuzeum.hu\/wp-content\/uploads\/2026\/01\/03_b3eecc81-271b-4f22-93da-8d4a8da614cf-525x700.jpg\" data-width=\"525\" data-height=\"700\" aria-label=\"\" role=\"img\" ><\/div>\n\t\t\t\t\t\t\t\t\t\t\t<div class=\"elementor-gallery-item__overlay\"><\/div>\n\t\t\t\t\t\t\t\t\t\t\t\t\t\t<\/a>\n\t\t\t\t\t\t\t<a class=\"e-gallery-item elementor-gallery-item elementor-animated-content\" href=\"https:\/\/szonyimuzeum.hu\/wp-content\/uploads\/2026\/01\/08_08e01311-f92c-4fe6-81ce-e73e15b10fe3.jpg\">\n\t\t\t\t\t<div class=\"e-gallery-image elementor-gallery-item__image\" data-thumbnail=\"https:\/\/szonyimuzeum.hu\/wp-content\/uploads\/2026\/01\/08_08e01311-f92c-4fe6-81ce-e73e15b10fe3-700x525.jpg\" data-width=\"700\" data-height=\"525\" aria-label=\"\" role=\"img\" ><\/div>\n\t\t\t\t\t\t\t\t\t\t\t<div class=\"elementor-gallery-item__overlay\"><\/div>\n\t\t\t\t\t\t\t\t\t\t\t\t\t\t<\/a>\n\t\t\t\t\t\t\t<a class=\"e-gallery-item elementor-gallery-item elementor-animated-content\" href=\"https:\/\/szonyimuzeum.hu\/wp-content\/uploads\/2026\/01\/07_7284cf8f-2860-4811-8c2e-25af2ec11a46.jpg\">\n\t\t\t\t\t<div class=\"e-gallery-image elementor-gallery-item__image\" data-thumbnail=\"https:\/\/szonyimuzeum.hu\/wp-content\/uploads\/2026\/01\/07_7284cf8f-2860-4811-8c2e-25af2ec11a46-700x507.jpg\" data-width=\"700\" data-height=\"507\" aria-label=\"\" role=\"img\" ><\/div>\n\t\t\t\t\t\t\t\t\t\t\t<div class=\"elementor-gallery-item__overlay\"><\/div>\n\t\t\t\t\t\t\t\t\t\t\t\t\t\t<\/a>\n\t\t\t\t\t\t\t<a class=\"e-gallery-item elementor-gallery-item elementor-animated-content\" href=\"https:\/\/szonyimuzeum.hu\/wp-content\/uploads\/2026\/01\/10_471577c3-a2b7-4243-b638-5f446e0c612a.jpg\">\n\t\t\t\t\t<div class=\"e-gallery-image elementor-gallery-item__image\" data-thumbnail=\"https:\/\/szonyimuzeum.hu\/wp-content\/uploads\/2026\/01\/10_471577c3-a2b7-4243-b638-5f446e0c612a-525x700.jpg\" data-width=\"525\" data-height=\"700\" aria-label=\"\" role=\"img\" ><\/div>\n\t\t\t\t\t\t\t\t\t\t\t<div class=\"elementor-gallery-item__overlay\"><\/div>\n\t\t\t\t\t\t\t\t\t\t\t\t\t\t<\/a>\n\t\t\t\t\t<\/div>\n\t\t\t\t\t<\/div>\n\t\t\t\t<\/div>\n\t\t\t\t<\/div>\n\t\t\t\t\t<\/div>\n\t\t\t\t<\/div>\n\t\t<div class=\"elementor-element elementor-element-86ee736 e-flex e-con-boxed e-con e-parent\" data-id=\"86ee736\" data-element_type=\"container\">\n\t\t\t\t\t<div class=\"e-con-inner\">\n\t\t\t\t<div class=\"elementor-element elementor-element-07ffd16 elementor-widget-divider--view-line_icon elementor-view-default elementor-widget-divider--element-align-center elementor-widget elementor-widget-divider\" data-id=\"07ffd16\" data-element_type=\"widget\" data-widget_type=\"divider.default\">\n\t\t\t\t<div class=\"elementor-widget-container\">\n\t\t\t\t\t\t\t<div class=\"elementor-divider\">\n\t\t\t<span class=\"elementor-divider-separator\">\n\t\t\t\t\t\t\t<div class=\"elementor-icon elementor-divider__element\">\n\t\t\t\t\t<i aria-hidden=\"true\" class=\"fas fa-pen-nib\"><\/i><\/div>\n\t\t\t\t\t\t<\/span>\n\t\t<\/div>\n\t\t\t\t\t\t<\/div>\n\t\t\t\t<\/div>\n\t\t\t\t\t<\/div>\n\t\t\t\t<\/div>\n\t\t<div class=\"elementor-element elementor-element-707fc52 e-flex e-con-boxed e-con e-parent\" data-id=\"707fc52\" data-element_type=\"container\">\n\t\t\t\t\t<div class=\"e-con-inner\">\n\t\t\t\t<div class=\"elementor-element elementor-element-7e1dffd elementor-widget elementor-widget-text-editor\" data-id=\"7e1dffd\" data-element_type=\"widget\" data-widget_type=\"text-editor.default\">\n\t\t\t\t<div class=\"elementor-widget-container\">\n\t\t\t\t\t\t\t\t\t<h4 class=\"elementor-heading-title elementor-size-default\"><span style=\"color: #7393b3;\">GLI ANNI ROMANI DI SZ\u0150NYI<\/span><\/h4>\t\t\t\t\t\t\t\t<\/div>\n\t\t\t\t<\/div>\n\t\t\t\t\t<\/div>\n\t\t\t\t<\/div>\n\t\t<div class=\"elementor-element elementor-element-f8fcef8 e-flex e-con-boxed e-con e-parent\" data-id=\"f8fcef8\" data-element_type=\"container\">\n\t\t\t\t\t<div class=\"e-con-inner\">\n\t\t<div class=\"elementor-element elementor-element-fccbc76 e-con-full e-flex e-con e-child\" data-id=\"fccbc76\" data-element_type=\"container\">\n\t\t\t\t<div class=\"elementor-element elementor-element-99a5933 elementor-widget-laptop__width-initial elementor-widget elementor-widget-text-editor\" data-id=\"99a5933\" data-element_type=\"widget\" data-widget_type=\"text-editor.default\">\n\t\t\t\t<div class=\"elementor-widget-container\">\n\t\t\t\t\t\t\t\t\t<h6><span style=\"color: #7393b3;\"><strong>28 novembre 2024 - 28 f\u00e9vrier 2025.<\/strong><\/span><\/h6><p><strong>Istv\u00e1n Sz\u0151nyi<\/strong> a visit\u00e9 l'Italie \u00e0 plusieurs reprises. D'abord au d\u00e9but des ann\u00e9es 1920, lors d'un voyage d'\u00e9tudes, puis en 1929, gr\u00e2ce \u00e0 une bourse de l'\u00c9tat hongrois \u00e0 Rome, d'o\u00f9, manquant d'\u00e9nergie cr\u00e9atrice, il retourne apr\u00e8s quatre mois \u00e0 Zebeg\u00e9ny, un petit village sur le Danube. En 1959, lors de son dernier voyage \u00e0 Rome, il prend pour la premi\u00e8re fois le pinceau pour saisir l'harmonie des villes c\u00f4ti\u00e8res et des villes perch\u00e9es autour de Rome, compos\u00e9es dans le paysage, qu'il consid\u00e8re comme des chefs-d'\u0153uvre encore plus grands que les palais romains. L'art mature de Sz\u0151nyi se concentre sur le paysage et l'homme travaillant en parfaite harmonie avec lui, peignant la vall\u00e9e du Danube, le paysage de Zebeg\u00e9ny et la vie villageoise pendant plus de trente ans. Il a peint la vall\u00e9e du Danube, le paysage de Zebeg\u00e9ny et la vie du village pendant trente ans. Dans ses tableaux, il a d\u00e9peint une r\u00e9alit\u00e9 id\u00e9alis\u00e9e, bas\u00e9e sur la vue. Au cours de la derni\u00e8re ann\u00e9e de sa vie, alors qu'il rendait visite \u00e0 sa fille Zsuzsa \u00e0 Rome, il prenait grand plaisir \u00e0 faire des croquis \u00e0 la gouache, qu'il utilisait pour peindre des panneaux \u00e0 son retour.  Au cours de leurs excursions, Sz\u0151nyi s'arr\u00eatait souvent, regardait la vue et commen\u00e7ait \u00e0 peindre, la famille attendait et de nombreuses photos \u00e9taient prises. L'endroit pr\u00e9f\u00e9r\u00e9 de Sz\u0151nyi est la plage. L'eau, les ports, l'infini. Il fait beaucoup de peintures et d'esquisses, ses gouaches sont des chefs-d'\u0153uvre en soi, des \u0153uvres d'art \u00e0 part enti\u00e8re. Il travaille avec diff\u00e9rentes techniques et, de retour chez lui, il r\u00e9alise \u00e9galement des gravures \u00e0 partir de certains de ses dessins. Il travaille plusieurs fois sur un th\u00e8me qui lui pla\u00eet, exp\u00e9rimente, cherche la technique la plus appropri\u00e9e au message. L'exposition est une empreinte de ces derni\u00e8res exp\u00e9riences, de ses r\u00e9flexions sur le paysage et les gens qui y vivent, et de leur r\u00f4le dans son fa\u00e7onnement, \u00e0 travers des \u0153uvres \u00e0 l'eau-forte, \u00e0 l'encre et au dessin \u00e0 la plume, \u00e0 la gouache et \u00e0 la d\u00e9trempe, et constitue un hommage appropri\u00e9 \u00e0 Istv\u00e1n Sz\u0151nyi, qui est n\u00e9 il y a 130 ans.<\/p><h6 class=\"page-title\">Les ann\u00e9es romaines d'Istv\u00e1n Sz\u0151nyi - exposition<\/h6><div class=\"main-row\"><section class=\"content-col\"><div class=\"static-content\"><div class=\"event-date\"><div class=\"event-details-elem\"><span class=\"value\"><strong>Megnyit\u00f3:<\/strong> 2024. november 28.<\/span><\/div><div class=\"event-details-elem\"><span class=\"label\"><strong>Localisation :<\/strong>\u00a0<\/span><span class=\"value\">Collegium Hungaricum Rome<br \/>Rome, Falconieri - Palais (Via Giulia 1.)<\/span><\/div><div>\u00a0<\/div><\/div><div><strong>\u00c0 l'occasion du 130e anniversaire de la naissance d'Istv\u00e1n Sz\u0151nyi\u00a0<\/strong>l'Acad\u00e9mie hongroise de Rome\u00a0<strong>28 novembre 2024 et 28 f\u00e9vrier 2025.\u00a0<\/strong>entre les\u00a0<strong>\"Les ann\u00e9es romaines de Sz\u0151nyi\u00a0<\/strong>comm\u00e9more le c\u00e9l\u00e8bre peintre hongrois.<\/div><div>Conservateur :\u00a0<strong>Dank\u00f3 Dalma.<\/strong>\u00a0<\/div><\/div><\/section><div><p>L'exposition a \u00e9t\u00e9 r\u00e9alis\u00e9e en coop\u00e9ration avec le mus\u00e9e comm\u00e9moratif Istv\u00e1n Sz\u0151nyi de Zebeg\u00e9ny.\u00a0<\/p><\/div><\/div>\t\t\t\t\t\t\t\t<\/div>\n\t\t\t\t<\/div>\n\t\t\t\t<\/div>\n\t\t<div class=\"elementor-element elementor-element-2c2e0a9 e-con-full e-flex e-con e-child\" data-id=\"2c2e0a9\" data-element_type=\"container\">\n\t\t\t\t<div class=\"elementor-element elementor-element-95dcce4 elementor-widget elementor-widget-gallery\" data-id=\"95dcce4\" data-element_type=\"widget\" data-settings=\"{&quot;columns&quot;:2,&quot;aspect_ratio&quot;:&quot;1:1&quot;,&quot;lazyload&quot;:&quot;yes&quot;,&quot;gallery_layout&quot;:&quot;grid&quot;,&quot;columns_tablet&quot;:2,&quot;columns_mobile&quot;:1,&quot;gap&quot;:{&quot;unit&quot;:&quot;px&quot;,&quot;size&quot;:10,&quot;sizes&quot;:[]},&quot;gap_laptop&quot;:{&quot;unit&quot;:&quot;px&quot;,&quot;size&quot;:10,&quot;sizes&quot;:[]},&quot;gap_tablet&quot;:{&quot;unit&quot;:&quot;px&quot;,&quot;size&quot;:10,&quot;sizes&quot;:[]},&quot;gap_mobile&quot;:{&quot;unit&quot;:&quot;px&quot;,&quot;size&quot;:10,&quot;sizes&quot;:[]},&quot;link_to&quot;:&quot;file&quot;,&quot;overlay_background&quot;:&quot;yes&quot;,&quot;content_hover_animation&quot;:&quot;fade-in&quot;}\" data-widget_type=\"gallery.default\">\n\t\t\t\t<div class=\"elementor-widget-container\">\n\t\t\t\t\t\t\t<div class=\"elementor-gallery__container\">\n\t\t\t\t\t\t\t<a class=\"e-gallery-item elementor-gallery-item elementor-animated-content\" href=\"https:\/\/szonyimuzeum.hu\/wp-content\/uploads\/2024\/12\/IMG_0819_.jpg\">\n\t\t\t\t\t<div class=\"e-gallery-image elementor-gallery-item__image\" data-thumbnail=\"https:\/\/szonyimuzeum.hu\/wp-content\/uploads\/2024\/12\/IMG_0819_-700x595.jpg\" data-width=\"700\" data-height=\"595\" aria-label=\"\" role=\"img\" ><\/div>\n\t\t\t\t\t\t\t\t\t\t\t<div class=\"elementor-gallery-item__overlay\"><\/div>\n\t\t\t\t\t\t\t\t\t\t\t\t\t\t<\/a>\n\t\t\t\t\t\t\t<a class=\"e-gallery-item elementor-gallery-item elementor-animated-content\" href=\"https:\/\/szonyimuzeum.hu\/wp-content\/uploads\/2025\/11\/IMG_1324.jpg\">\n\t\t\t\t\t<div class=\"e-gallery-image elementor-gallery-item__image\" data-thumbnail=\"https:\/\/szonyimuzeum.hu\/wp-content\/uploads\/2025\/11\/IMG_1324.jpg\" data-width=\"240\" data-height=\"320\" aria-label=\"\" role=\"img\" ><\/div>\n\t\t\t\t\t\t\t\t\t\t\t<div class=\"elementor-gallery-item__overlay\"><\/div>\n\t\t\t\t\t\t\t\t\t\t\t\t\t\t<\/a>\n\t\t\t\t\t\t\t<a class=\"e-gallery-item elementor-gallery-item elementor-animated-content\" href=\"https:\/\/szonyimuzeum.hu\/wp-content\/uploads\/2025\/11\/IMG_1325.jpg\">\n\t\t\t\t\t<div class=\"e-gallery-image elementor-gallery-item__image\" data-thumbnail=\"https:\/\/szonyimuzeum.hu\/wp-content\/uploads\/2025\/11\/IMG_1325.jpg\" data-width=\"262\" data-height=\"320\" aria-label=\"\" role=\"img\" ><\/div>\n\t\t\t\t\t\t\t\t\t\t\t<div class=\"elementor-gallery-item__overlay\"><\/div>\n\t\t\t\t\t\t\t\t\t\t\t\t\t\t<\/a>\n\t\t\t\t\t\t\t<a class=\"e-gallery-item elementor-gallery-item elementor-animated-content\" href=\"https:\/\/szonyimuzeum.hu\/wp-content\/uploads\/2025\/11\/IMG_1331.jpg\">\n\t\t\t\t\t<div class=\"e-gallery-image elementor-gallery-item__image\" data-thumbnail=\"https:\/\/szonyimuzeum.hu\/wp-content\/uploads\/2025\/11\/IMG_1331-525x700.jpg\" data-width=\"525\" data-height=\"700\" aria-label=\"\" role=\"img\" ><\/div>\n\t\t\t\t\t\t\t\t\t\t\t<div class=\"elementor-gallery-item__overlay\"><\/div>\n\t\t\t\t\t\t\t\t\t\t\t\t\t\t<\/a>\n\t\t\t\t\t\t\t<a class=\"e-gallery-item elementor-gallery-item elementor-animated-content\" href=\"https:\/\/szonyimuzeum.hu\/wp-content\/uploads\/2025\/11\/IMG_1329.jpg\">\n\t\t\t\t\t<div class=\"e-gallery-image elementor-gallery-item__image\" data-thumbnail=\"https:\/\/szonyimuzeum.hu\/wp-content\/uploads\/2025\/11\/IMG_1329.jpg\" data-width=\"320\" data-height=\"248\" aria-label=\"\" role=\"img\" ><\/div>\n\t\t\t\t\t\t\t\t\t\t\t<div class=\"elementor-gallery-item__overlay\"><\/div>\n\t\t\t\t\t\t\t\t\t\t\t\t\t\t<\/a>\n\t\t\t\t\t\t\t<a class=\"e-gallery-item elementor-gallery-item elementor-animated-content\" href=\"https:\/\/szonyimuzeum.hu\/wp-content\/uploads\/2025\/11\/IMG_1330.jpg\">\n\t\t\t\t\t<div class=\"e-gallery-image elementor-gallery-item__image\" data-thumbnail=\"https:\/\/szonyimuzeum.hu\/wp-content\/uploads\/2025\/11\/IMG_1330.jpg\" data-width=\"320\" data-height=\"244\" aria-label=\"\" role=\"img\" ><\/div>\n\t\t\t\t\t\t\t\t\t\t\t<div class=\"elementor-gallery-item__overlay\"><\/div>\n\t\t\t\t\t\t\t\t\t\t\t\t\t\t<\/a>\n\t\t\t\t\t\t\t<a class=\"e-gallery-item elementor-gallery-item elementor-animated-content\" href=\"https:\/\/szonyimuzeum.hu\/wp-content\/uploads\/2025\/11\/IMG_1328.jpg\">\n\t\t\t\t\t<div class=\"e-gallery-image elementor-gallery-item__image\" data-thumbnail=\"https:\/\/szonyimuzeum.hu\/wp-content\/uploads\/2025\/11\/IMG_1328.jpg\" data-width=\"320\" data-height=\"254\" aria-label=\"\" role=\"img\" ><\/div>\n\t\t\t\t\t\t\t\t\t\t\t<div class=\"elementor-gallery-item__overlay\"><\/div>\n\t\t\t\t\t\t\t\t\t\t\t\t\t\t<\/a>\n\t\t\t\t\t\t\t<a class=\"e-gallery-item elementor-gallery-item elementor-animated-content\" href=\"https:\/\/szonyimuzeum.hu\/wp-content\/uploads\/2025\/11\/IMG_1327.jpg\">\n\t\t\t\t\t<div class=\"e-gallery-image elementor-gallery-item__image\" data-thumbnail=\"https:\/\/szonyimuzeum.hu\/wp-content\/uploads\/2025\/11\/IMG_1327.jpg\" data-width=\"320\" data-height=\"240\" aria-label=\"\" role=\"img\" ><\/div>\n\t\t\t\t\t\t\t\t\t\t\t<div class=\"elementor-gallery-item__overlay\"><\/div>\n\t\t\t\t\t\t\t\t\t\t\t\t\t\t<\/a>\n\t\t\t\t\t<\/div>\n\t\t\t\t\t<\/div>\n\t\t\t\t<\/div>\n\t\t\t\t<\/div>\n\t\t\t\t\t<\/div>\n\t\t\t\t<\/div>\n\t\t\t\t<\/div>","protected":false},"excerpt":{"rendered":"<p>K\u00fcls\u0151 helysz\u00edni ki\u00e1ll\u00edt\u00e1sok NEM CSAK FEST\u0150 2026. janu\u00e1r 17 &#8211; febru\u00e1r 5.\u00a0 A budapesti gett\u00f3 felszabadul\u00e1s\u00e1nak 81. \u00e9vfordul\u00f3ja alkalm\u00e1b\u00f3l, az \u00fcnnep\u00e9lyes megeml\u00e9kez\u00e9st k\u00f6vet\u0151en az Erzs\u00e9betv\u00e1rosi Zsid\u00f3 T\u00f6rt\u00e9neti T\u00e1r ki\u00e1ll\u00edt\u00f3hely\u00e9n megny\u00edlt [&hellip;]<\/p>","protected":false},"author":3,"featured_media":0,"parent":0,"menu_order":0,"comment_status":"closed","ping_status":"closed","template":"","meta":{"ngg_post_thumbnail":0,"_price":"","_stock":"","_tribe_ticket_header":"","_tribe_default_ticket_provider":"","_tribe_ticket_capacity":"0","_ticket_start_date":"","_ticket_end_date":"","_tribe_ticket_show_description":"","_tribe_ticket_show_not_going":false,"_tribe_ticket_use_global_stock":"","_tribe_ticket_global_stock_level":"","_global_stock_mode":"","_global_stock_cap":"","_tribe_rsvp_for_event":"","_tribe_ticket_going_count":"","_tribe_ticket_not_going_count":"","_tribe_tickets_list":"[]","_tribe_ticket_has_attendee_info_fields":false,"_mc_calendar":[],"footnotes":"","_tec_slr_enabled":"","_tec_slr_layout":""},"class_list":["post-13741","page","type-page","status-publish","hentry"],"ticketed":false,"_links":{"self":[{"href":"https:\/\/szonyimuzeum.hu\/fr\/wp-json\/wp\/v2\/pages\/13741","targetHints":{"allow":["GET"]}}],"collection":[{"href":"https:\/\/szonyimuzeum.hu\/fr\/wp-json\/wp\/v2\/pages"}],"about":[{"href":"https:\/\/szonyimuzeum.hu\/fr\/wp-json\/wp\/v2\/types\/page"}],"author":[{"embeddable":true,"href":"https:\/\/szonyimuzeum.hu\/fr\/wp-json\/wp\/v2\/users\/3"}],"replies":[{"embeddable":true,"href":"https:\/\/szonyimuzeum.hu\/fr\/wp-json\/wp\/v2\/comments?post=13741"}],"version-history":[{"count":13,"href":"https:\/\/szonyimuzeum.hu\/fr\/wp-json\/wp\/v2\/pages\/13741\/revisions"}],"predecessor-version":[{"id":13777,"href":"https:\/\/szonyimuzeum.hu\/fr\/wp-json\/wp\/v2\/pages\/13741\/revisions\/13777"}],"wp:attachment":[{"href":"https:\/\/szonyimuzeum.hu\/fr\/wp-json\/wp\/v2\/media?parent=13741"}],"curies":[{"name":"wp","href":"https:\/\/api.w.org\/{rel}","templated":true}]}}