{"id":1455,"date":"2021-02-27T21:35:47","date_gmt":"2021-02-27T20:35:47","guid":{"rendered":"http:\/\/szonyimuzeum.hu\/?page_id=1455"},"modified":"2026-04-09T13:16:33","modified_gmt":"2026-04-09T11:16:33","slug":"idoszaki-kiallitasok","status":"publish","type":"page","link":"https:\/\/szonyimuzeum.hu\/fr\/idoszaki-kiallitasok\/","title":{"rendered":"Expositions temporaires"},"content":{"rendered":"<div data-elementor-type=\"wp-page\" data-elementor-id=\"1455\" class=\"elementor elementor-1455\" data-elementor-post-type=\"page\">\n\t\t\t\t\t\t<section class=\"elementor-section elementor-top-section elementor-element elementor-element-7594ebe elementor-section-boxed elementor-section-height-default elementor-section-height-default\" data-id=\"7594ebe\" data-element_type=\"section\" id=\"top\" data-settings=\"{&quot;background_background&quot;:&quot;classic&quot;,&quot;shape_divider_bottom&quot;:&quot;wave-brush&quot;}\">\n\t\t\t\t\t\t\t<div class=\"elementor-background-overlay\"><\/div>\n\t\t\t\t\t\t<div class=\"elementor-shape elementor-shape-bottom\" data-negative=\"false\">\n\t\t\t<svg xmlns=\"http:\/\/www.w3.org\/2000\/svg\" viewbox=\"0 0 283.5 27.8\" preserveaspectratio=\"none\">\n\t<path class=\"elementor-shape-fill\" d=\"M283.5,9.7c0,0-7.3,4.3-14,4.6c-6.8,0.3-12.6,0-20.9-1.5c-11.3-2-33.1-10.1-44.7-5.7\ts-12.1,4.6-18,7.4c-6.6,3.2-20,9.6-36.6,9.3C131.6,23.5,99.5,7.2,86.3,8c-1.4,0.1-6.6,0.8-10.5,2c-3.8,1.2-9.4,3.8-17,4.7\tc-3.2,0.4-8.3,1.1-14.2,0.9c-1.5-0.1-6.3-0.4-12-1.6c-5.7-1.2-11-3.1-15.8-3.7C6.5,9.2,0,10.8,0,10.8V0h283.5V9.7z M260.8,11.3\tc-0.7-1-2-0.4-4.3-0.4c-2.3,0-6.1-1.2-5.8-1.1c0.3,0.1,3.1,1.5,6,1.9C259.7,12.2,261.4,12.3,260.8,11.3z M242.4,8.6\tc0,0-2.4-0.2-5.6-0.9c-3.2-0.8-10.3-2.8-15.1-3.5c-8.2-1.1-15.8,0-15.1,0.1c0.8,0.1,9.6-0.6,17.6,1.1c3.3,0.7,9.3,2.2,12.4,2.7\tC239.9,8.7,242.4,8.6,242.4,8.6z M185.2,8.5c1.7-0.7-13.3,4.7-18.5,6.1c-2.1,0.6-6.2,1.6-10,2c-3.9,0.4-8.9,0.4-8.8,0.5\tc0,0.2,5.8,0.8,11.2,0c5.4-0.8,5.2-1.1,7.6-1.6C170.5,14.7,183.5,9.2,185.2,8.5z M199.1,6.9c0.2,0-0.8-0.4-4.8,1.1\tc-4,1.5-6.7,3.5-6.9,3.7c-0.2,0.1,3.5-1.8,6.6-3C197,7.5,199,6.9,199.1,6.9z M283,6c-0.1,0.1-1.9,1.1-4.8,2.5s-6.9,2.8-6.7,2.7\tc0.2,0,3.5-0.6,7.4-2.5C282.8,6.8,283.1,5.9,283,6z M31.3,11.6c0.1-0.2-1.9-0.2-4.5-1.2s-5.4-1.6-7.8-2C15,7.6,7.3,8.5,7.7,8.6\tC8,8.7,15.9,8.3,20.2,9.3c2.2,0.5,2.4,0.5,5.7,1.6S31.2,11.9,31.3,11.6z M73,9.2c0.4-0.1,3.5-1.6,8.4-2.6c4.9-1.1,8.9-0.5,8.9-0.8\tc0-0.3-1-0.9-6.2-0.3S72.6,9.3,73,9.2z M71.6,6.7C71.8,6.8,75,5.4,77.3,5c2.3-0.3,1.9-0.5,1.9-0.6c0-0.1-1.1-0.2-2.7,0.2\tC74.8,5.1,71.4,6.6,71.6,6.7z M93.6,4.4c0.1,0.2,3.5,0.8,5.6,1.8c2.1,1,1.8,0.6,1.9,0.5c0.1-0.1-0.8-0.8-2.4-1.3\tC97.1,4.8,93.5,4.2,93.6,4.4z M65.4,11.1c-0.1,0.3,0.3,0.5,1.9-0.2s2.6-1.3,2.2-1.2s-0.9,0.4-2.5,0.8C65.3,10.9,65.5,10.8,65.4,11.1\tz M34.5,12.4c-0.2,0,2.1,0.8,3.3,0.9c1.2,0.1,2,0.1,2-0.2c0-0.3-0.1-0.5-1.6-0.4C36.6,12.8,34.7,12.4,34.5,12.4z M152.2,21.1\tc-0.1,0.1-2.4-0.3-7.5-0.3c-5,0-13.6-2.4-17.2-3.5c-3.6-1.1,10,3.9,16.5,4.1C150.5,21.6,152.3,21,152.2,21.1z\"\/>\n\t<path class=\"elementor-shape-fill\" d=\"M269.6,18c-0.1-0.1-4.6,0.3-7.2,0c-7.3-0.7-17-3.2-16.6-2.9c0.4,0.3,13.7,3.1,17,3.3\tC267.7,18.8,269.7,18,269.6,18z\"\/>\n\t<path class=\"elementor-shape-fill\" d=\"M227.4,9.8c-0.2-0.1-4.5-1-9.5-1.2c-5-0.2-12.7,0.6-12.3,0.5c0.3-0.1,5.9-1.8,13.3-1.2\tS227.6,9.9,227.4,9.8z\"\/>\n\t<path class=\"elementor-shape-fill\" d=\"M204.5,13.4c-0.1-0.1,2-1,3.2-1.1c1.2-0.1,2,0,2,0.3c0,0.3-0.1,0.5-1.6,0.4\tC206.4,12.9,204.6,13.5,204.5,13.4z\"\/>\n\t<path class=\"elementor-shape-fill\" d=\"M201,10.6c0-0.1-4.4,1.2-6.3,2.2c-1.9,0.9-6.2,3.1-6.1,3.1c0.1,0.1,4.2-1.6,6.3-2.6\tS201,10.7,201,10.6z\"\/>\n\t<path class=\"elementor-shape-fill\" d=\"M154.5,26.7c-0.1-0.1-4.6,0.3-7.2,0c-7.3-0.7-17-3.2-16.6-2.9c0.4,0.3,13.7,3.1,17,3.3\tC152.6,27.5,154.6,26.8,154.5,26.7z\"\/>\n\t<path class=\"elementor-shape-fill\" d=\"M41.9,19.3c0,0,1.2-0.3,2.9-0.1c1.7,0.2,5.8,0.9,8.2,0.7c4.2-0.4,7.4-2.7,7-2.6\tc-0.4,0-4.3,2.2-8.6,1.9c-1.8-0.1-5.1-0.5-6.7-0.4S41.9,19.3,41.9,19.3z\"\/>\n\t<path class=\"elementor-shape-fill\" d=\"M75.5,12.6c0.2,0.1,2-0.8,4.3-1.1c2.3-0.2,2.1-0.3,2.1-0.5c0-0.1-1.8-0.4-3.4,0\tC76.9,11.5,75.3,12.5,75.5,12.6z\"\/>\n\t<path class=\"elementor-shape-fill\" d=\"M15.6,13.2c0-0.1,4.3,0,6.7,0.5c2.4,0.5,5,1.9,5,2c0,0.1-2.7-0.8-5.1-1.4\tC19.9,13.7,15.7,13.3,15.6,13.2z\"\/>\n<\/svg>\t\t<\/div>\n\t\t\t\t\t<div class=\"elementor-container elementor-column-gap-default\">\n\t\t\t\t\t<div class=\"elementor-column elementor-col-100 elementor-top-column elementor-element elementor-element-32137d7\" data-id=\"32137d7\" data-element_type=\"column\">\n\t\t\t<div class=\"elementor-widget-wrap elementor-element-populated\">\n\t\t\t\t\t\t<div class=\"elementor-element elementor-element-dcd092c elementor-widget elementor-widget-heading\" data-id=\"dcd092c\" data-element_type=\"widget\" data-widget_type=\"heading.default\">\n\t\t\t\t<div class=\"elementor-widget-container\">\n\t\t\t\t\t<h1 class=\"elementor-heading-title elementor-size-default\">Expositions temporaires<\/h1>\t\t\t\t<\/div>\n\t\t\t\t<\/div>\n\t\t\t\t\t<\/div>\n\t\t<\/div>\n\t\t\t\t\t<\/div>\n\t\t<\/section>\n\t\t<div class=\"elementor-element elementor-element-8df7265 e-flex e-con-boxed e-con e-parent\" data-id=\"8df7265\" data-element_type=\"container\">\n\t\t\t\t\t<div class=\"e-con-inner\">\n\t\t<div class=\"elementor-element elementor-element-21d00fc e-con-full e-flex e-con e-child\" data-id=\"21d00fc\" data-element_type=\"container\">\n\t\t\t\t<div class=\"elementor-element elementor-element-4c38e30 elementor-widget-laptop__width-initial elementor-widget elementor-widget-text-editor\" data-id=\"4c38e30\" data-element_type=\"widget\" data-widget_type=\"text-editor.default\">\n\t\t\t\t<div class=\"elementor-widget-container\">\n\t\t\t\t\t\t\t\t\t<h6><span style=\"color: #7393b3;\">2026. m\u00e1rcius 27 &#8211; 2026. m\u00e1jus 10.<br \/><\/span><\/h6><p><span style=\"color: #333333;\"><strong>NEM CSAK FEST\u0150 &#8211; Sz\u0151nyi Istv\u00e1n (1894-1960) m\u0171v\u00e9sz \u00e9s emberment\u0151 <br \/><\/strong><\/span><span style=\"color: #333333;\">c\u00edm\u0171 id\u0151szaki ki\u00e1ll\u00edt\u00e1sunk m\u00e1jus 10-ig l\u00e1togathat\u00f3.<\/span><\/p><p><span style=\"color: #82631f;\"><em>\u201eAz \u00e9let nem t\u0171r halogat\u00e1st, nem v\u00e1r, elm\u00falik. Nincs m\u00f3dunk magunkat id\u0151ben sem el\u0151re, sem h\u00e1tra helyezni; v\u00e1llalni kell korunkat s helyt \u00e1llni az\u00e9rt az eszm\u00e9ny\u00e9rt, amelynek szolg\u00e1lat\u00e1ra a tehets\u00e9g k\u00f6telez.\u201d \/Sz\u0151nyi Istv\u00e1n\/<\/em><\/span><\/p><p>Az \u00f6narck\u00e9pen, amit egy \u00e9vvel a m\u00e1sodik vil\u00e1gh\u00e1bor\u00fa v\u00e9ge ut\u00e1n festett, Sz\u0151nyi \u00f6tvenk\u00e9t \u00e9ves. Sokat meg\u00e9lt ember, aki er\u0151s tekintet\u00e9vel szinte \u00e1tf\u00farja a pap\u00edrt ahogy a szem\u00fcnkbe n\u00e9z. Az \u00f6narck\u00e9p Genfben k\u00e9sz\u00fclt, egy karitat\u00edv utaz\u00e1s sor\u00e1n, amikor m\u00e1s m\u0171v\u00e9szekkel egy\u00fctt n\u00e9h\u00e1ny hetet Sv\u00e1jcban t\u00f6lthetett, az akkor ott \u00e9l\u0151 \u00edr\u00f3, Hubay Mikl\u00f3s szervez\u00e9s\u00e9ben. Az utaz\u00e1s c\u00e9lja a h\u00e1bor\u00fat elszenvedett m\u0171v\u00e9szek megseg\u00edt\u00e9se, az elszenvedett lelki \u00e9s fizikai s\u00e9r\u00fcl\u00e9sek, traum\u00e1k enyh\u00edt\u00e9se volt. Sz\u0151nyit is \u00e9rt\u00e9k vesztes\u00e9gek, budapesti m\u0171teremlak\u00e1s\u00e1t bombatal\u00e1lat \u00e9rte, sok m\u00e1s m\u0171v\u00e9szt\u00e1rs\u00e1hoz hasonl\u00f3an neki is t\u00f6bb alkot\u00e1sa megsemmis\u00fclt. Sz\u00e1m\u00e1ra azonban a legnagyobb csap\u00e1st nem ez, hanem tizennyolc \u00e9ves fia, P\u00e9ter hal\u00e1la jelentette, aki agyh\u00e1rtyagyullad\u00e1sban hunyt el 1945-ben.<\/p><p>Apja mellett \u0151 is akt\u00edvan r\u00e9szt vett az emberek ment\u00e9s\u00e9ben a m\u00e1sodik vil\u00e1gh\u00e1bor\u00fa alatt, t\u00f6bb m\u00e1s csal\u00e1dtagj\u00e1val egy\u00fctt. A v\u00e9szkorszak, a t\u00f6meges deport\u00e1l\u00e1sok idej\u00e9n, sokak \u00e9let\u00e9t megmentett\u00e9k, t\u00f6bbeket a budapesti, Baross utcai m\u0171teremlak\u00e1sukban bujtatva \u00e9s hamis iratokat el\u00e1ll\u00edtva, amelyb\u0151l sz\u00e1zn\u00e1l is t\u00f6bbet k\u00e9sz\u00edtettek h\u00e1zilag, majd juttattak el k\u00fcl\u00f6nb\u00f6z\u0151 utakon a r\u00e1szorul\u00f3knak. Err\u0151l a tev\u00e9kenys\u00e9gr\u0151l nem besz\u00e9ltek, egym\u00e1ssal is csak a legsz\u00fcks\u00e9gesebb inform\u00e1ci\u00f3kat osztott\u00e1k meg nehogy az esetleges letart\u00f3ztat\u00e1s sor\u00e1n vallat\u00e1ssal m\u00e1sokra vesz\u00e9lyes vallom\u00e1st k\u00e9nyszer\u00edtsenek ki bel\u0151l\u00fck. A legautentikusabb forr\u00e1s err\u0151l az id\u0151szakr\u00f3l Sz\u0151nyi Jol\u00e1n, a fest\u0151 l\u00e1nya visszaeml\u00e9kez\u00e9se, aki maga is r\u00e9szt vett az emberment\u0151 tev\u00e9kenys\u00e9gben.<\/p><p>A megmentettek k\u00f6z\u00f6tt volt Sz\u0151nyi egyik tan\u00edtv\u00e1nya, R\u00f3bert (Rosenberg) Mikl\u00f3s (1911-2001) fest\u0151, aki \u00e9vekkel k\u00e9s\u0151bb megpr\u00f3b\u00e1lta felkutatni sorst\u00e1rsait, akik szint\u00e9n Sz\u0151nyi\u00e9knek k\u00f6sz\u00f6nhetik megmenek\u00fcl\u00e9s\u00fcket. A megtal\u00e1lt t\u00fal\u00e9l\u0151k tan\u00favallom\u00e1sait elk\u00fcldte Jeruzs\u00e1lembe, a H\u0151s\u00f6k \u00e9s M\u00e1rt\u00edrok M\u00fazeum\u00e1ba, ahol d\u00f6nt\u00f6ttek arr\u00f3l, hogy Sz\u0151nyi Istv\u00e1n \u00e9s csal\u00e1dja megkapja a Jad Vasem \/Vil\u00e1g Igaza kit\u00fcntet\u00e9st.<\/p><p>Sz\u0151nyi Istv\u00e1n kiv\u00e9teles, karizmatikus szem\u00e9lyis\u00e9g volt, aki eg\u00e9sz \u00e9let\u00e9ben megtett mindent, hogy seg\u00edtsen a r\u00e1szorul\u00f3kon. Kort\u00e1rsai \u00e9s a k\u00e9s\u0151bbi gener\u00e1ci\u00f3k nemcsak tehets\u00e9g\u00e9t, de embers\u00e9g\u00e9t is elismert\u00e9k. Kiv\u00e9teles jellem\u00e9t, bels\u0151 erej\u00e9t az is bizony\u00edtja, sem a h\u00e1bor\u00fak, sem a szem\u00e9lyes trag\u00e9di\u00e1k nem t\u00f6rt\u00e9k meg \u0151t annyira, hogy elvesz\u00edtse az \u00e9letbe, m\u0171v\u00e9szetbe vetett hit\u00e9t. Nemcsak, hogy ember tudott maradni, de alkot\u00e1sai is meg\u0151rizt\u00e9k azt a szel\u00edd harm\u00f3ni\u00e1t \u00e9s der\u0171s l\u00edrais\u00e1got, amely nemcsak m\u0171v\u00e9szet\u00e9t, de szem\u00e9ly\u00e9t is jellemezte. A ki\u00e1ll\u00edt\u00e1son bemutatott alkot\u00e1sok k\u00f6zvet\u00edtik a Sz\u0151nyi m\u0171v\u00e9szet\u00e9re jellemz\u0151 id\u0151tlens\u00e9get, eleganci\u00e1t, a hozz\u00e1juk kapcsol\u00f3d\u00f3 t\u00f6rt\u00e9netekkel egy\u00fctt pedig r\u00e1ir\u00e1ny\u00edtj\u00e1k a figyelmet a fest\u0151 \u00e9let\u00e9nek m\u00e9rf\u00f6ldk\u00f6veire, amelyek sokszor \u00f6sszekapcsol\u00f3dnak a t\u00f6rt\u00e9nelemmel.<strong><br \/><\/strong><\/p><p>\u00a0<\/p>\t\t\t\t\t\t\t\t<\/div>\n\t\t\t\t<\/div>\n\t\t\t\t<\/div>\n\t\t<div class=\"elementor-element elementor-element-5201720 e-con-full e-flex e-con e-child\" data-id=\"5201720\" data-element_type=\"container\">\n\t\t\t\t<div class=\"elementor-element elementor-element-7951147 elementor-widget elementor-widget-gallery\" data-id=\"7951147\" data-element_type=\"widget\" data-settings=\"{&quot;gallery_layout&quot;:&quot;justified&quot;,&quot;lazyload&quot;:&quot;yes&quot;,&quot;ideal_row_height&quot;:{&quot;unit&quot;:&quot;px&quot;,&quot;size&quot;:200,&quot;sizes&quot;:[]},&quot;ideal_row_height_laptop&quot;:{&quot;unit&quot;:&quot;px&quot;,&quot;size&quot;:150,&quot;sizes&quot;:[]},&quot;ideal_row_height_tablet&quot;:{&quot;unit&quot;:&quot;px&quot;,&quot;size&quot;:150,&quot;sizes&quot;:[]},&quot;ideal_row_height_mobile&quot;:{&quot;unit&quot;:&quot;px&quot;,&quot;size&quot;:150,&quot;sizes&quot;:[]},&quot;gap&quot;:{&quot;unit&quot;:&quot;px&quot;,&quot;size&quot;:10,&quot;sizes&quot;:[]},&quot;gap_laptop&quot;:{&quot;unit&quot;:&quot;px&quot;,&quot;size&quot;:10,&quot;sizes&quot;:[]},&quot;gap_tablet&quot;:{&quot;unit&quot;:&quot;px&quot;,&quot;size&quot;:10,&quot;sizes&quot;:[]},&quot;gap_mobile&quot;:{&quot;unit&quot;:&quot;px&quot;,&quot;size&quot;:10,&quot;sizes&quot;:[]},&quot;link_to&quot;:&quot;file&quot;,&quot;overlay_background&quot;:&quot;yes&quot;,&quot;content_hover_animation&quot;:&quot;fade-in&quot;}\" data-widget_type=\"gallery.default\">\n\t\t\t\t<div class=\"elementor-widget-container\">\n\t\t\t\t\t\t\t<div class=\"elementor-gallery__container\">\n\t\t\t\t\t\t\t<a class=\"e-gallery-item elementor-gallery-item elementor-animated-content\" href=\"https:\/\/szonyimuzeum.hu\/wp-content\/uploads\/2026\/03\/Plakat_Nem-csak-festo_Zebegenyi-kiallitas-scaled.jpg\">\n\t\t\t\t\t<div class=\"e-gallery-image elementor-gallery-item__image\" data-thumbnail=\"https:\/\/szonyimuzeum.hu\/wp-content\/uploads\/2026\/03\/Plakat_Nem-csak-festo_Zebegenyi-kiallitas-495x700.jpg\" data-width=\"495\" data-height=\"700\" aria-label=\"\" role=\"img\" ><\/div>\n\t\t\t\t\t\t\t\t\t\t\t<div class=\"elementor-gallery-item__overlay\"><\/div>\n\t\t\t\t\t\t\t\t\t\t\t\t\t\t<\/a>\n\t\t\t\t\t\t\t<a class=\"e-gallery-item elementor-gallery-item elementor-animated-content\" href=\"https:\/\/szonyimuzeum.hu\/wp-content\/uploads\/2026\/01\/Ablakban-gouache-papir.jpg\">\n\t\t\t\t\t<div class=\"e-gallery-image elementor-gallery-item__image\" data-thumbnail=\"https:\/\/szonyimuzeum.hu\/wp-content\/uploads\/2026\/01\/Ablakban-gouache-papir.jpg\" data-width=\"520\" data-height=\"323\" aria-label=\"\" role=\"img\" ><\/div>\n\t\t\t\t\t\t\t\t\t\t\t<div class=\"elementor-gallery-item__overlay\"><\/div>\n\t\t\t\t\t\t\t\t\t\t\t\t\t\t<\/a>\n\t\t\t\t\t\t\t<a class=\"e-gallery-item elementor-gallery-item elementor-animated-content\" href=\"https:\/\/szonyimuzeum.hu\/wp-content\/uploads\/2026\/01\/Gyasz-rezkarc-papir.jpg\">\n\t\t\t\t\t<div class=\"e-gallery-image elementor-gallery-item__image\" data-thumbnail=\"https:\/\/szonyimuzeum.hu\/wp-content\/uploads\/2026\/01\/Gyasz-rezkarc-papir.jpg\" data-width=\"452\" data-height=\"346\" aria-label=\"\" role=\"img\" ><\/div>\n\t\t\t\t\t\t\t\t\t\t\t<div class=\"elementor-gallery-item__overlay\"><\/div>\n\t\t\t\t\t\t\t\t\t\t\t\t\t\t<\/a>\n\t\t\t\t\t\t\t<a class=\"e-gallery-item elementor-gallery-item elementor-animated-content\" href=\"https:\/\/szonyimuzeum.hu\/wp-content\/uploads\/2026\/01\/Erzsebet-hid-1930-as-evek.jpg\">\n\t\t\t\t\t<div class=\"e-gallery-image elementor-gallery-item__image\" data-thumbnail=\"https:\/\/szonyimuzeum.hu\/wp-content\/uploads\/2026\/01\/Erzsebet-hid-1930-as-evek.jpg\" data-width=\"139\" data-height=\"228\" aria-label=\"\" role=\"img\" ><\/div>\n\t\t\t\t\t\t\t\t\t\t\t<div class=\"elementor-gallery-item__overlay\"><\/div>\n\t\t\t\t\t\t\t\t\t\t\t\t\t\t<\/a>\n\t\t\t\t\t<\/div>\n\t\t\t\t\t<\/div>\n\t\t\t\t<\/div>\n\t\t\t\t<\/div>\n\t\t\t\t\t<\/div>\n\t\t\t\t<\/div>\n\t\t<div class=\"elementor-element elementor-element-57cb61a e-flex e-con-boxed e-con e-parent\" data-id=\"57cb61a\" data-element_type=\"container\">\n\t\t\t\t\t<div class=\"e-con-inner\">\n\t\t\t\t<div class=\"elementor-element elementor-element-90587e6 elementor-widget-divider--view-line_icon elementor-view-default elementor-widget-divider--element-align-center elementor-widget elementor-widget-divider\" data-id=\"90587e6\" data-element_type=\"widget\" data-widget_type=\"divider.default\">\n\t\t\t\t<div class=\"elementor-widget-container\">\n\t\t\t\t\t\t\t<div class=\"elementor-divider\">\n\t\t\t<span class=\"elementor-divider-separator\">\n\t\t\t\t\t\t\t<div class=\"elementor-icon elementor-divider__element\">\n\t\t\t\t\t<i aria-hidden=\"true\" class=\"fas fa-pen-nib\"><\/i><\/div>\n\t\t\t\t\t\t<\/span>\n\t\t<\/div>\n\t\t\t\t\t\t<\/div>\n\t\t\t\t<\/div>\n\t\t\t\t\t<\/div>\n\t\t\t\t<\/div>\n\t\t<div class=\"elementor-element elementor-element-3064979 e-flex e-con-boxed e-con e-parent\" data-id=\"3064979\" data-element_type=\"container\">\n\t\t\t\t\t<div class=\"e-con-inner\">\n\t\t<div class=\"elementor-element elementor-element-521a4bf e-con-full e-flex e-con e-child\" data-id=\"521a4bf\" data-element_type=\"container\">\n\t\t\t\t<div class=\"elementor-element elementor-element-f6b0af2 elementor-widget-laptop__width-initial elementor-widget elementor-widget-text-editor\" data-id=\"f6b0af2\" data-element_type=\"widget\" data-widget_type=\"text-editor.default\">\n\t\t\t\t<div class=\"elementor-widget-container\">\n\t\t\t\t\t\t\t\t\t<h6><span style=\"color: #7393b3;\">2025. november 15 &#8211; 2026. m\u00e1rcius 15.<br \/><\/span><\/h6><p><strong>PARALL\u00c8LES PANTH\u00c9ISTES<br \/><\/strong><strong>Dessins artistiques de la cr\u00e9ation dans les \u0153uvres d'Istv\u00e1n Sz\u0151nyi et d'Attila Nagy<\/strong><\/p><p><span style=\"color: #876314;\">\u201e<em>J\u00f3form\u00e1n mindennap itt j\u00e1rok a K\u00f6r\u00f6nd\u00f6n, hol van egy csod\u00e1latosan sz\u00e9p, \u00f3ri\u00e1si plat\u00e1nfa. Ah\u00e1nyszor arra megyek, megn\u00e9zem. Sz\u00e9p az, ha kop\u00e1r, sz\u00e9p az, ha lombos, sz\u00e9p az, ha hullatja level\u00e9t, s gy\u00f6ny\u00f6r\u0171, ha bontja r\u00fcgyeit. Ezt a f\u00e1t addig n\u00e9ztem, m\u00edg megtal\u00e1ltam magamnak az Istent.<\/em>\u201d<\/span><\/p><p>Sz\u0151nyi Istv\u00e1n t\u00edz nappal 58. sz\u00fclet\u00e9snapja ut\u00e1n, 1952. janu\u00e1r 27-\u00e9n kelt level\u00e9ben \u00edrja a fenti gondolatokat R\u00f3m\u00e1ban \u00e9l\u0151 Zsuzsa l\u00e1ny\u00e1nak. Panteisztikus eszmefuttat\u00e1s\u00e1ban arr\u00f3l elm\u00e9lkedik, hogy mennyire leny\u0171g\u00f6zi \u0151t a term\u00e9szet, vagyis ahogy \u0151 nevezi, a szerves \u00e9let l\u00e1tsz\u00f3lag \u00e9rtelem n\u00e9lk\u00fcli saj\u00e1t rendje, p\u00e9ld\u00e1ul a f\u00e1k \u00e1gainak megmagyar\u00e1zhatatlan t\u00f6rv\u00e9nyszer\u0171s\u00e9get k\u00f6vet\u0151 elrendezked\u00e9se, amely b\u00e1r t\u00e1vol \u00e1ll az emberi logika szerinti szerkesztetts\u00e9gt\u0151l, \u00fagy t\u00f6k\u00e9letes, ahogy van, teh\u00e1t minden bizonnyal isteni. A panteizmus filoz\u00f3fiai ir\u00e1nyzata &#8211; amely minden f\u00f6ldi dologban, a term\u00e9szet legapr\u00f3bb megnyilv\u00e1nul\u00e1si form\u00e1iban is jelenval\u00f3nak gondolja Istent &#8211; k\u00f6z\u00f6s von\u00e1s Sz\u0151nyi Istv\u00e1n fest\u0151m\u0171v\u00e9sz \u00e9s Nagy Attila szobr\u00e1szm\u0171v\u00e9sz m\u0171v\u00e9szet- \u00e9s term\u00e9szetszeml\u00e9let\u00e9ben. Mindketten er\u0151sen k\u00f6t\u0151dnek a term\u00e9szethez, m\u0171alkot\u00e1saik t\u00e9m\u00e1j\u00e1t is gyakran a term\u00e9szet adja. K\u00fcl\u00f6nleges l\u00e1t\u00e1sm\u00f3d\u00fa \u00e1llat-\u00e9s t\u00e1j\u00e1br\u00e1zol\u00e1saik, szint\u00e9n rokon\u00edthat\u00f3 von\u00e1sok, csak\u00fagy, mint a rajz ir\u00e1nti elk\u00f6telez\u0151d\u00e9s\u00fck. Nagy Attila els\u0151sorban szobr\u00e1sznak vallja mag\u00e1t, aki rengeteget rajzol. Nemcsak a szobraihoz k\u00e9sz\u00edt el\u0151tanulm\u00e1nyokat, v\u00e1zlatokat, a rajzol\u00e1s sz\u00e1m\u00e1ra az \u00f6nkifejez\u00e9s egy m\u00f3dja, amely relax\u00e1l\u00f3 \u00e9s meditat\u00edv is egyben. Grafik\u00e1i, hasonl\u00f3an mint Sz\u0151nyi alkot\u00e1sai, a val\u00f3s\u00e1gos l\u00e1tv\u00e1nyb\u00f3l indulnak ki, de &#8211; \u201celker\u00fclve a naturalizmus csapd\u00e1j\u00e1t\u201d, ahogy azt Bern\u00e1th Aur\u00e9l fest\u0151m\u0171v\u00e9sz, Sz\u0151nyi bar\u00e1tja mondta &#8211; hangulatokat, \u00e9rz\u00e9seket, gondolatokat k\u00f6zvet\u00edtenek.<\/p><p>Nagy Attila p\u00e9ldak\u00e9p\u00e9nek tekinti Sz\u0151nyit, akinek Zebeg\u00e9nyben fel\u00e1ll\u00edtott mellszobr\u00e1t \u0151 alkotta meg 2001-ben. Gyerekk\u00e9nt a r\u00f3la k\u00e9sz\u00fclt portr\u00e9filmben leny\u0171g\u00f6zve n\u00e9zte, ahogy a m\u00e1r id\u0151s\u00f6d\u0151 fest\u0151 tekintet\u00e9vel szinte \u201clevad\u00e1ssza a t\u00e9m\u00e1t\u201d, majd hihetetlen\u00fcl gyors mozdulatokkal meg\u00f6r\u00f6k\u00edti a l\u00e1tottakat. Ugyanezzel a szemmel figyeli \u0151 is m\u0171v\u00e9szk\u00e9nt az \u0151t k\u00f6r\u00fclvev\u0151 vil\u00e1got \u00e9s keresi a felk\u00edn\u00e1lkoz\u00f3 t\u00e9m\u00e1kat. A ki\u00e1ll\u00edtott alkot\u00e1sokon, a tematikai \u00e9s a rajztechnikai hasonl\u00f3s\u00e1gok mellett egyszerre \u00e9rz\u0151dik a mindk\u00e9t m\u0171v\u00e9szre jellemz\u0151 vad\u00e1sz attit\u00fcd, ugyanakkor a gyermeki k\u00edv\u00e1ncsis\u00e1g, a j\u00e1t\u00e9koss\u00e1g is, felfedezhet\u0151 az al\u00e1zat, ahogy a term\u00e9szethez k\u00f6zel\u00edtenek, amely felett sem m\u0171v\u00e9szk\u00e9nt, sem emberk\u00e9nt nem akarnak uralkodni, csak a r\u00e9sz\u00e9v\u00e9 v\u00e1lni, belesimulni \u00e9s piedeszt\u00e1lra emelve megmutatni sokarc\u00fa t\u00f6k\u00e9letess\u00e9g\u00e9t.<\/p>\t\t\t\t\t\t\t\t<\/div>\n\t\t\t\t<\/div>\n\t\t\t\t<div class=\"elementor-element elementor-element-4ecde8e elementor-widget elementor-widget-video\" data-id=\"4ecde8e\" data-element_type=\"widget\" data-settings=\"{&quot;youtube_url&quot;:&quot;https:\\\/\\\/youtube.com\\\/shorts\\\/560DQy_eK20&quot;,&quot;video_type&quot;:&quot;youtube&quot;,&quot;controls&quot;:&quot;yes&quot;}\" data-widget_type=\"video.default\">\n\t\t\t\t<div class=\"elementor-widget-container\">\n\t\t\t\t\t\t\t<div class=\"elementor-wrapper elementor-open-inline\">\n\t\t\t<div class=\"elementor-video\"><\/div>\t\t<\/div>\n\t\t\t\t\t\t<\/div>\n\t\t\t\t<\/div>\n\t\t\t\t<\/div>\n\t\t<div class=\"elementor-element elementor-element-35455f2 e-con-full e-flex e-con e-child\" data-id=\"35455f2\" data-element_type=\"container\">\n\t\t\t\t<div class=\"elementor-element elementor-element-442b87a elementor-widget elementor-widget-gallery\" data-id=\"442b87a\" data-element_type=\"widget\" data-settings=\"{&quot;gallery_layout&quot;:&quot;justified&quot;,&quot;lazyload&quot;:&quot;yes&quot;,&quot;ideal_row_height&quot;:{&quot;unit&quot;:&quot;px&quot;,&quot;size&quot;:200,&quot;sizes&quot;:[]},&quot;ideal_row_height_laptop&quot;:{&quot;unit&quot;:&quot;px&quot;,&quot;size&quot;:150,&quot;sizes&quot;:[]},&quot;ideal_row_height_tablet&quot;:{&quot;unit&quot;:&quot;px&quot;,&quot;size&quot;:150,&quot;sizes&quot;:[]},&quot;ideal_row_height_mobile&quot;:{&quot;unit&quot;:&quot;px&quot;,&quot;size&quot;:150,&quot;sizes&quot;:[]},&quot;gap&quot;:{&quot;unit&quot;:&quot;px&quot;,&quot;size&quot;:10,&quot;sizes&quot;:[]},&quot;gap_laptop&quot;:{&quot;unit&quot;:&quot;px&quot;,&quot;size&quot;:10,&quot;sizes&quot;:[]},&quot;gap_tablet&quot;:{&quot;unit&quot;:&quot;px&quot;,&quot;size&quot;:10,&quot;sizes&quot;:[]},&quot;gap_mobile&quot;:{&quot;unit&quot;:&quot;px&quot;,&quot;size&quot;:10,&quot;sizes&quot;:[]},&quot;link_to&quot;:&quot;file&quot;,&quot;overlay_background&quot;:&quot;yes&quot;,&quot;content_hover_animation&quot;:&quot;fade-in&quot;}\" data-widget_type=\"gallery.default\">\n\t\t\t\t<div class=\"elementor-widget-container\">\n\t\t\t\t\t\t\t<div class=\"elementor-gallery__container\">\n\t\t\t\t\t\t\t<a class=\"e-gallery-item elementor-gallery-item elementor-animated-content\" href=\"https:\/\/szonyimuzeum.hu\/wp-content\/uploads\/2026\/01\/IMG_5132.jpeg\">\n\t\t\t\t\t<div class=\"e-gallery-image elementor-gallery-item__image\" data-thumbnail=\"https:\/\/szonyimuzeum.hu\/wp-content\/uploads\/2026\/01\/IMG_5132.jpeg\" data-width=\"640\" data-height=\"480\" aria-label=\"\" role=\"img\" ><\/div>\n\t\t\t\t\t\t\t\t\t\t\t<div class=\"elementor-gallery-item__overlay\"><\/div>\n\t\t\t\t\t\t\t\t\t\t\t\t\t\t<\/a>\n\t\t\t\t\t\t\t<a class=\"e-gallery-item elementor-gallery-item elementor-animated-content\" href=\"https:\/\/szonyimuzeum.hu\/wp-content\/uploads\/2025\/11\/MEGHIVO_uj.jpg\">\n\t\t\t\t\t<div class=\"e-gallery-image elementor-gallery-item__image\" data-thumbnail=\"https:\/\/szonyimuzeum.hu\/wp-content\/uploads\/2025\/11\/MEGHIVO_uj-474x700.jpg\" data-width=\"474\" data-height=\"700\" aria-label=\"\" role=\"img\" ><\/div>\n\t\t\t\t\t\t\t\t\t\t\t<div class=\"elementor-gallery-item__overlay\"><\/div>\n\t\t\t\t\t\t\t\t\t\t\t\t\t\t<\/a>\n\t\t\t\t\t\t\t<a class=\"e-gallery-item elementor-gallery-item elementor-animated-content\" href=\"https:\/\/szonyimuzeum.hu\/wp-content\/uploads\/2026\/01\/IMG_4869.jpeg\">\n\t\t\t\t\t<div class=\"e-gallery-image elementor-gallery-item__image\" data-thumbnail=\"https:\/\/szonyimuzeum.hu\/wp-content\/uploads\/2026\/01\/IMG_4869-525x700.jpeg\" data-width=\"525\" data-height=\"700\" aria-label=\"\" role=\"img\" ><\/div>\n\t\t\t\t\t\t\t\t\t\t\t<div class=\"elementor-gallery-item__overlay\"><\/div>\n\t\t\t\t\t\t\t\t\t\t\t\t\t\t<\/a>\n\t\t\t\t\t\t\t<a class=\"e-gallery-item elementor-gallery-item elementor-animated-content\" href=\"https:\/\/szonyimuzeum.hu\/wp-content\/uploads\/2026\/01\/IMG_1799.jpeg\">\n\t\t\t\t\t<div class=\"e-gallery-image elementor-gallery-item__image\" data-thumbnail=\"https:\/\/szonyimuzeum.hu\/wp-content\/uploads\/2026\/01\/IMG_1799.jpeg\" data-width=\"540\" data-height=\"640\" aria-label=\"\" role=\"img\" ><\/div>\n\t\t\t\t\t\t\t\t\t\t\t<div class=\"elementor-gallery-item__overlay\"><\/div>\n\t\t\t\t\t\t\t\t\t\t\t\t\t\t<\/a>\n\t\t\t\t\t\t\t<a class=\"e-gallery-item elementor-gallery-item elementor-animated-content\" href=\"https:\/\/szonyimuzeum.hu\/wp-content\/uploads\/2026\/01\/IMG_4868.jpeg\">\n\t\t\t\t\t<div class=\"e-gallery-image elementor-gallery-item__image\" data-thumbnail=\"https:\/\/szonyimuzeum.hu\/wp-content\/uploads\/2026\/01\/IMG_4868.jpeg\" data-width=\"538\" data-height=\"640\" aria-label=\"\" role=\"img\" ><\/div>\n\t\t\t\t\t\t\t\t\t\t\t<div class=\"elementor-gallery-item__overlay\"><\/div>\n\t\t\t\t\t\t\t\t\t\t\t\t\t\t<\/a>\n\t\t\t\t\t\t\t<a class=\"e-gallery-item elementor-gallery-item elementor-animated-content\" href=\"https:\/\/szonyimuzeum.hu\/wp-content\/uploads\/2026\/01\/IMG_5144.jpeg\">\n\t\t\t\t\t<div class=\"e-gallery-image elementor-gallery-item__image\" data-thumbnail=\"https:\/\/szonyimuzeum.hu\/wp-content\/uploads\/2026\/01\/IMG_5144-573x700.jpeg\" data-width=\"573\" data-height=\"700\" aria-label=\"\" role=\"img\" ><\/div>\n\t\t\t\t\t\t\t\t\t\t\t<div class=\"elementor-gallery-item__overlay\"><\/div>\n\t\t\t\t\t\t\t\t\t\t\t\t\t\t<\/a>\n\t\t\t\t\t\t\t<a class=\"e-gallery-item elementor-gallery-item elementor-animated-content\" href=\"https:\/\/szonyimuzeum.hu\/wp-content\/uploads\/2026\/01\/IMG_4822.jpeg\">\n\t\t\t\t\t<div class=\"e-gallery-image elementor-gallery-item__image\" data-thumbnail=\"https:\/\/szonyimuzeum.hu\/wp-content\/uploads\/2026\/01\/IMG_4822.jpeg\" data-width=\"496\" data-height=\"640\" aria-label=\"\" role=\"img\" ><\/div>\n\t\t\t\t\t\t\t\t\t\t\t<div class=\"elementor-gallery-item__overlay\"><\/div>\n\t\t\t\t\t\t\t\t\t\t\t\t\t\t<\/a>\n\t\t\t\t\t\t\t<a class=\"e-gallery-item elementor-gallery-item elementor-animated-content\" href=\"https:\/\/szonyimuzeum.hu\/wp-content\/uploads\/2026\/01\/IMG_5147.jpeg\">\n\t\t\t\t\t<div class=\"e-gallery-image elementor-gallery-item__image\" data-thumbnail=\"https:\/\/szonyimuzeum.hu\/wp-content\/uploads\/2026\/01\/IMG_5147.jpeg\" data-width=\"512\" data-height=\"640\" aria-label=\"\" role=\"img\" ><\/div>\n\t\t\t\t\t\t\t\t\t\t\t<div class=\"elementor-gallery-item__overlay\"><\/div>\n\t\t\t\t\t\t\t\t\t\t\t\t\t\t<\/a>\n\t\t\t\t\t\t\t<a class=\"e-gallery-item elementor-gallery-item elementor-animated-content\" href=\"https:\/\/szonyimuzeum.hu\/wp-content\/uploads\/2026\/01\/IMG_1644.jpeg\">\n\t\t\t\t\t<div class=\"e-gallery-image elementor-gallery-item__image\" data-thumbnail=\"https:\/\/szonyimuzeum.hu\/wp-content\/uploads\/2026\/01\/IMG_1644-644x700.jpeg\" data-width=\"644\" data-height=\"700\" aria-label=\"\" role=\"img\" ><\/div>\n\t\t\t\t\t\t\t\t\t\t\t<div class=\"elementor-gallery-item__overlay\"><\/div>\n\t\t\t\t\t\t\t\t\t\t\t\t\t\t<\/a>\n\t\t\t\t\t\t\t<a class=\"e-gallery-item elementor-gallery-item elementor-animated-content\" href=\"https:\/\/szonyimuzeum.hu\/wp-content\/uploads\/2026\/01\/IMG_4911.jpeg\">\n\t\t\t\t\t<div class=\"e-gallery-image elementor-gallery-item__image\" data-thumbnail=\"https:\/\/szonyimuzeum.hu\/wp-content\/uploads\/2026\/01\/IMG_4911.jpeg\" data-width=\"480\" data-height=\"640\" aria-label=\"\" role=\"img\" ><\/div>\n\t\t\t\t\t\t\t\t\t\t\t<div class=\"elementor-gallery-item__overlay\"><\/div>\n\t\t\t\t\t\t\t\t\t\t\t\t\t\t<\/a>\n\t\t\t\t\t<\/div>\n\t\t\t\t\t<\/div>\n\t\t\t\t<\/div>\n\t\t\t\t<\/div>\n\t\t\t\t\t<\/div>\n\t\t\t\t<\/div>\n\t\t<div class=\"elementor-element elementor-element-86ee736 e-flex e-con-boxed e-con e-parent\" data-id=\"86ee736\" data-element_type=\"container\">\n\t\t\t\t\t<div class=\"e-con-inner\">\n\t\t\t\t<div class=\"elementor-element elementor-element-07ffd16 elementor-widget-divider--view-line_icon elementor-view-default elementor-widget-divider--element-align-center elementor-widget elementor-widget-divider\" data-id=\"07ffd16\" data-element_type=\"widget\" data-widget_type=\"divider.default\">\n\t\t\t\t<div class=\"elementor-widget-container\">\n\t\t\t\t\t\t\t<div class=\"elementor-divider\">\n\t\t\t<span class=\"elementor-divider-separator\">\n\t\t\t\t\t\t\t<div class=\"elementor-icon elementor-divider__element\">\n\t\t\t\t\t<i aria-hidden=\"true\" class=\"fas fa-pen-nib\"><\/i><\/div>\n\t\t\t\t\t\t<\/span>\n\t\t<\/div>\n\t\t\t\t\t\t<\/div>\n\t\t\t\t<\/div>\n\t\t\t\t\t<\/div>\n\t\t\t\t<\/div>\n\t\t<div class=\"elementor-element elementor-element-f8fcef8 e-flex e-con-boxed e-con e-parent\" data-id=\"f8fcef8\" data-element_type=\"container\">\n\t\t\t\t\t<div class=\"e-con-inner\">\n\t\t<div class=\"elementor-element elementor-element-fccbc76 e-con-full e-flex e-con e-child\" data-id=\"fccbc76\" data-element_type=\"container\">\n\t\t\t\t<div class=\"elementor-element elementor-element-99a5933 elementor-widget-laptop__width-initial elementor-widget elementor-widget-text-editor\" data-id=\"99a5933\" data-element_type=\"widget\" data-widget_type=\"text-editor.default\">\n\t\t\t\t<div class=\"elementor-widget-container\">\n\t\t\t\t\t\t\t\t\t<h6><span style=\"color: #7393b3;\">24 mai - 2 novembre 2025.<br \/><\/span><\/h6><p><strong>A la maison, <em>Douceur<\/em> domicile<br \/><\/strong><strong>Espaces intimes, objets bavards - l'intimisme dans l'art d'Istv\u00e1n Sz\u0151nyi<\/strong><\/p><p>S\u00e9rie d'expositions th\u00e9matiques sur les \u0153uvres graphiques d'Istv\u00e1n Sz\u0151nyi <em>quatri\u00e8me<\/em> sont venus \u00e0 l'exposition. <em>La vie au village<\/em>, <em>La vie au bord de l'eau<\/em>et le <em>P\u00e8re et fille<\/em> Apr\u00e8s les expositions temporaires, le th\u00e8me actuel est la maison d'Istv\u00e1n Sz\u0151nyi, les espaces int\u00e9rieurs et ext\u00e9rieurs qui l'entourent, et principalement sa maison de Zebeg\u00e9ny.<\/p><p>Istv\u00e1n Sz\u0151nyi (1894, \u00dajpest - 1960, Zebeg\u00e9ny) s'est install\u00e9 \u00e0 Zebeg\u00e9ny en tant que jeune homme mari\u00e9 en 1924, \u00e0 l'\u00e2ge de trente ans, pour commencer sa vie avec sa femme Melinda et leur premier enfant, le nouveau-n\u00e9 Zsuzsa, dans la maison d'\u00e9t\u00e9 de son beau-p\u00e8re. Ils ont v\u00e9cu \u00e0 Zebeg\u00e9ny en tant que r\u00e9sidents permanents jusqu'en 1930, et c'est l\u00e0 qu'est n\u00e9 leur fils P\u00e9ter en 1926. Lorsque Zsuzsa est entr\u00e9e \u00e0 l'\u00e9cole, ils ont d\u00e9m\u00e9nag\u00e9 \u00e0 Budapest, dans un studio de la rue Baross. \u00c0 partir de ce moment-l\u00e0, Sz\u0151nyi a v\u00e9cu une vie bifamiliale et, en \u00e9t\u00e9, toute la famille a d\u00e9m\u00e9nag\u00e9 \u00e0 Zebeg\u00e9ny, o\u00f9 d'autres peintres ont suivi Sz\u0151nyi dans les ann\u00e9es de l'entre-deux-guerres pour d\u00e9couvrir le village et le coude du Danube. Apr\u00e8s 1949, le couple Sz\u0151nyi s'installe d\u00e9finitivement \u00e0 Zebeg\u00e9ny. P\u00e9ter n'est plus en vie et meurt en 1945, \u00e0 l'\u00e2ge de 18 ans, d'une m\u00e9ningite. Zsuzsa s'est mari\u00e9e en 1944, et elle et son mari, M\u00e1ty\u00e1s Triznya, ont fait d\u00e9fection en 1949 et se sont install\u00e9s \u00e0 Rome.<\/p><p>Sz\u0151nyi consid\u00e9rait Zebeg\u00e9ny comme sa v\u00e9ritable maison. Il pouvait y appr\u00e9cier \u00e0 la fois la vie rurale proche de la nature, avec laquelle il \u00e9tait en parfaite harmonie, et l'environnement qui devint la principale source d'inspiration de son art. Il ne se consid\u00e9rait pas comme un citadin. Il aimait la vie simple de la campagne, le travail avec les animaux et le jardinage. En tant que peintre, le paysage, les gens qui vivaient avec la nature, mais aussi les moments intimes de la vie de famille, et avec eux les d\u00e9cors et accessoires simples et heureux de la vie quotidienne, les meubles et les objets dans lesquels ils vivaient, \u00e9taient pour lui une source d'inspiration in\u00e9puisable.<\/p><p>La maison de Sz\u0151nyi s'\u00e9tendait au-del\u00e0 des pi\u00e8ces, des murs de la maison et m\u00eame du jardin, se manifestant par des sentiments et des pens\u00e9es, qu'il exprimait dans ses \u0153uvres intimes avec des messages complexes et des humeurs intimes, rayonnant d'intemporalit\u00e9.<\/p><p>Sz\u0151nyi entretenait une relation particuli\u00e8re avec les objets quotidiens de son environnement. Il leur accordait autant d'attention qu'aux personnes, aux animaux ou au paysage. Sa vision panth\u00e9iste s'\u00e9tendait non seulement aux manifestations les plus infimes de la nature, mais aussi aux objets qui l'entouraient. Il aimait les objets, il les appr\u00e9ciait, il remarquait ce que d'autres ne remarquaient pas, l'atmosph\u00e8re qu'ils cr\u00e9aient. Il reconnaissait les sentiments et les pens\u00e9es qui naissaient en lui \u00e0 la suite de la vue, et il les enregistrait imm\u00e9diatement. Il capturait ainsi dans leur fra\u00eecheur les instantan\u00e9s id\u00e9alis\u00e9s de la r\u00e9alit\u00e9, dont les impressions les plus extr\u00eames et les plus sinc\u00e8res sont devenues ses \u0153uvres graphiques, ses gouaches.<\/p><p>Ses peintures d'objets ne sont pas des natures mortes arrang\u00e9es. Les objets n'ont pas \u00e9t\u00e9 dispos\u00e9s pour le plaisir de la composition. Sz\u0151nyi a simplement remarqu\u00e9 que les objets lui \"parlaient\" \u00e0 un moment donn\u00e9, d\u00e9clenchant ainsi le processus de cr\u00e9ation.<\/p><p>L'intimisme, qui se concentre sur les objets de la vie quotidienne et les moments intimes, et qui est apparu comme un mouvement artistique au d\u00e9but du XXe si\u00e8cle, \u00e9tait \u00e9galement proche de Sz\u0151nyi depuis son s\u00e9jour \u00e0 Zebeg\u00e9nyi. Le peintre, qui avait servi dans l'arm\u00e9e pendant toute la dur\u00e9e de la Premi\u00e8re Guerre mondiale, faisait partie de ces artistes qui, apr\u00e8s la guerre, ont orient\u00e9 leur art vers des paysages rayonnants de beaut\u00e9 et d'intemporalit\u00e9, vers la nature toujours renaissante, et y ont puis\u00e9 leurs th\u00e8mes. Ses peintures d'int\u00e9rieurs intimes sont d'une inspiration similaire.<\/p><p>En r\u00e9alit\u00e9, Sz\u0151nyi \u00e9tait un homme r\u00e9serv\u00e9, r\u00e9serv\u00e9, qui communiquait avec le monde \u00e0 travers son art. Il \u00e9tudiait toujours son environnement en arri\u00e8re-plan, en observateur silencieux. Il nous laissait \u00e9galement entrer dans sa sph\u00e8re intime tout en gardant sa personne cach\u00e9e.<\/p>\t\t\t\t\t\t\t\t<\/div>\n\t\t\t\t<\/div>\n\t\t\t\t<\/div>\n\t\t<div class=\"elementor-element elementor-element-2c2e0a9 e-con-full e-flex e-con e-child\" data-id=\"2c2e0a9\" data-element_type=\"container\">\n\t\t\t\t<div class=\"elementor-element elementor-element-95dcce4 elementor-widget elementor-widget-gallery\" data-id=\"95dcce4\" data-element_type=\"widget\" data-settings=\"{&quot;columns&quot;:2,&quot;aspect_ratio&quot;:&quot;1:1&quot;,&quot;lazyload&quot;:&quot;yes&quot;,&quot;gallery_layout&quot;:&quot;grid&quot;,&quot;columns_tablet&quot;:2,&quot;columns_mobile&quot;:1,&quot;gap&quot;:{&quot;unit&quot;:&quot;px&quot;,&quot;size&quot;:10,&quot;sizes&quot;:[]},&quot;gap_laptop&quot;:{&quot;unit&quot;:&quot;px&quot;,&quot;size&quot;:10,&quot;sizes&quot;:[]},&quot;gap_tablet&quot;:{&quot;unit&quot;:&quot;px&quot;,&quot;size&quot;:10,&quot;sizes&quot;:[]},&quot;gap_mobile&quot;:{&quot;unit&quot;:&quot;px&quot;,&quot;size&quot;:10,&quot;sizes&quot;:[]},&quot;link_to&quot;:&quot;file&quot;,&quot;overlay_background&quot;:&quot;yes&quot;,&quot;content_hover_animation&quot;:&quot;fade-in&quot;}\" data-widget_type=\"gallery.default\">\n\t\t\t\t<div class=\"elementor-widget-container\">\n\t\t\t\t\t\t\t<div class=\"elementor-gallery__container\">\n\t\t\t\t\t\t\t<a class=\"e-gallery-item elementor-gallery-item elementor-animated-content\" href=\"https:\/\/szonyimuzeum.hu\/wp-content\/uploads\/2025\/07\/01_Otthon-edes-otthon.jpg\">\n\t\t\t\t\t<div class=\"e-gallery-image elementor-gallery-item__image\" data-thumbnail=\"https:\/\/szonyimuzeum.hu\/wp-content\/uploads\/2025\/07\/01_Otthon-edes-otthon.jpg\" data-width=\"640\" data-height=\"480\" aria-label=\"\" role=\"img\" ><\/div>\n\t\t\t\t\t\t\t\t\t\t\t<div class=\"elementor-gallery-item__overlay\"><\/div>\n\t\t\t\t\t\t\t\t\t\t\t\t\t\t<\/a>\n\t\t\t\t\t\t\t<a class=\"e-gallery-item elementor-gallery-item elementor-animated-content\" href=\"https:\/\/szonyimuzeum.hu\/wp-content\/uploads\/2025\/07\/IMG_4541.jpg\">\n\t\t\t\t\t<div class=\"e-gallery-image elementor-gallery-item__image\" data-thumbnail=\"https:\/\/szonyimuzeum.hu\/wp-content\/uploads\/2025\/07\/IMG_4541.jpg\" data-width=\"640\" data-height=\"480\" aria-label=\"\" role=\"img\" ><\/div>\n\t\t\t\t\t\t\t\t\t\t\t<div class=\"elementor-gallery-item__overlay\"><\/div>\n\t\t\t\t\t\t\t\t\t\t\t\t\t\t<\/a>\n\t\t\t\t\t\t\t<a class=\"e-gallery-item elementor-gallery-item elementor-animated-content\" href=\"https:\/\/szonyimuzeum.hu\/wp-content\/uploads\/2025\/07\/IMG_4118___.jpg\">\n\t\t\t\t\t<div class=\"e-gallery-image elementor-gallery-item__image\" data-thumbnail=\"https:\/\/szonyimuzeum.hu\/wp-content\/uploads\/2025\/07\/IMG_4118___-525x700.jpg\" data-width=\"525\" data-height=\"700\" aria-label=\"\" role=\"img\" ><\/div>\n\t\t\t\t\t\t\t\t\t\t\t<div class=\"elementor-gallery-item__overlay\"><\/div>\n\t\t\t\t\t\t\t\t\t\t\t\t\t\t<\/a>\n\t\t\t\t\t\t\t<a class=\"e-gallery-item elementor-gallery-item elementor-animated-content\" href=\"https:\/\/szonyimuzeum.hu\/wp-content\/uploads\/2025\/04\/Szonyi_OtthonEdesOtthon_plakat_OK_kis-meret.jpg\">\n\t\t\t\t\t<div class=\"e-gallery-image elementor-gallery-item__image\" data-thumbnail=\"https:\/\/szonyimuzeum.hu\/wp-content\/uploads\/2025\/04\/Szonyi_OtthonEdesOtthon_plakat_OK_kis-meret-495x700.jpg\" data-width=\"495\" data-height=\"700\" aria-label=\"\" role=\"img\" ><\/div>\n\t\t\t\t\t\t\t\t\t\t\t<div class=\"elementor-gallery-item__overlay\"><\/div>\n\t\t\t\t\t\t\t\t\t\t\t\t\t\t<\/a>\n\t\t\t\t\t<\/div>\n\t\t\t\t\t<\/div>\n\t\t\t\t<\/div>\n\t\t<div class=\"elementor-element elementor-element-4a3615a e-con-full e-flex e-con e-child\" data-id=\"4a3615a\" data-element_type=\"container\">\n\t\t\t\t<div class=\"elementor-element elementor-element-70eb0d5 elementor-widget elementor-widget-text-editor\" data-id=\"70eb0d5\" data-element_type=\"widget\" data-widget_type=\"text-editor.default\">\n\t\t\t\t<div class=\"elementor-widget-container\">\n\t\t\t\t\t\t\t\t\t<p><a href=\"https:\/\/szonyimuzeum.hu\/fr\/otthon-edes-otthon-katalogus\/\">Catalogue \"Home, sweet home\" (maison, douce maison)<\/a><\/p>\t\t\t\t\t\t\t\t<\/div>\n\t\t\t\t<\/div>\n\t\t\t\t<\/div>\n\t\t\t\t<\/div>\n\t\t\t\t\t<\/div>\n\t\t\t\t<\/div>\n\t\t<div class=\"elementor-element elementor-element-7cb5e4f e-flex e-con-boxed e-con e-parent\" data-id=\"7cb5e4f\" data-element_type=\"container\">\n\t\t\t\t\t<div class=\"e-con-inner\">\n\t\t\t\t<div class=\"elementor-element elementor-element-a5acc4a elementor-widget-divider--view-line_icon elementor-view-default elementor-widget-divider--element-align-center elementor-widget elementor-widget-divider\" data-id=\"a5acc4a\" data-element_type=\"widget\" data-widget_type=\"divider.default\">\n\t\t\t\t<div class=\"elementor-widget-container\">\n\t\t\t\t\t\t\t<div class=\"elementor-divider\">\n\t\t\t<span class=\"elementor-divider-separator\">\n\t\t\t\t\t\t\t<div class=\"elementor-icon elementor-divider__element\">\n\t\t\t\t\t<i aria-hidden=\"true\" class=\"fas fa-pen-nib\"><\/i><\/div>\n\t\t\t\t\t\t<\/span>\n\t\t<\/div>\n\t\t\t\t\t\t<\/div>\n\t\t\t\t<\/div>\n\t\t\t\t\t<\/div>\n\t\t\t\t<\/div>\n\t\t<div class=\"elementor-element elementor-element-41c227c e-flex e-con-boxed e-con e-parent\" data-id=\"41c227c\" data-element_type=\"container\">\n\t\t\t\t\t<div class=\"e-con-inner\">\n\t\t<div class=\"elementor-element elementor-element-0b31cfa e-con-full e-flex e-con e-child\" data-id=\"0b31cfa\" data-element_type=\"container\">\n\t\t\t\t<div class=\"elementor-element elementor-element-cfe8aeb elementor-widget-laptop__width-initial elementor-widget elementor-widget-text-editor\" data-id=\"cfe8aeb\" data-element_type=\"widget\" data-widget_type=\"text-editor.default\">\n\t\t\t\t<div class=\"elementor-widget-container\">\n\t\t\t\t\t\t\t\t\t<h6><span style=\"color: #7393b3;\">25 mai 2024 - 29 d\u00e9cembre 2024.<\/span><\/h6><h4><span style=\"color: #7393b3;\">P\u00e8re et fille - Le monde de l'enfance dans l'art de Sz\u0151nyi<\/span><\/h4><p>L'exposition retrace un arc allant de l'enfance d'Istv\u00e1n Sz\u0151nyi jusqu'\u00e0 ce qu'il devienne p\u00e8re, et de la naissance de sa fille Zsuzsa jusqu'\u00e0 ce qu'elle devienne petite-fille. Sz\u0151nyi s'installe avec sa femme, Melinda Bart\u00f3ky, dans la maison d'\u00e9t\u00e9 de son beau-p\u00e8re \u00e0 Zebeg\u00e9ny en 1924 et la m\u00eame ann\u00e9e na\u00eet sa fille Zsuzsa, suivie deux ans plus tard par son fils P\u00e9ter. C'est \u00e0 Zebeg\u00e9ny que la peinture de Sz\u0151nyi s'\u00e9panouit et qu'il d\u00e9veloppe son style unique et distinctif. Les sujets de ses tableaux changent \u00e9galement. Outre les paysages du Danube, la nature et les gens qui y vivent, la famille, la maison et les moments intimes sont pass\u00e9s au premier plan. Il a r\u00e9alis\u00e9 de nombreuses esquisses, \u00e9tudes et peintures de sa femme et de ses enfants, qui suivent leur \u00e9volution. Leurs \u0153uvres graphiques sont \u00e0 la fois lyriques, \u00e9motionnelles, personnelles et intemporelles. L'exposition est avant tout une s\u00e9lection th\u00e9matique du mat\u00e9riel graphique rarement expos\u00e9 de la collection, mais elle comprend \u00e9galement certaines peintures de Sz\u0151nyi datant de son enfance. L'exposition comprend \u00e9galement des photographies de famille, dont la plupart ont \u00e9t\u00e9 prises par le peintre lui-m\u00eame, de sa famille et de ses enfants, avec une exactitude artistique.<\/p>\t\t\t\t\t\t\t\t<\/div>\n\t\t\t\t<\/div>\n\t\t\t\t<\/div>\n\t\t<div class=\"elementor-element elementor-element-a0a749d e-con-full e-flex e-con e-child\" data-id=\"a0a749d\" data-element_type=\"container\">\n\t\t\t\t<div class=\"elementor-element elementor-element-b8d6b69 elementor-widget elementor-widget-gallery\" data-id=\"b8d6b69\" data-element_type=\"widget\" data-settings=\"{&quot;gallery_layout&quot;:&quot;masonry&quot;,&quot;columns&quot;:2,&quot;lazyload&quot;:&quot;yes&quot;,&quot;columns_tablet&quot;:2,&quot;columns_mobile&quot;:1,&quot;gap&quot;:{&quot;unit&quot;:&quot;px&quot;,&quot;size&quot;:10,&quot;sizes&quot;:[]},&quot;gap_laptop&quot;:{&quot;unit&quot;:&quot;px&quot;,&quot;size&quot;:10,&quot;sizes&quot;:[]},&quot;gap_tablet&quot;:{&quot;unit&quot;:&quot;px&quot;,&quot;size&quot;:10,&quot;sizes&quot;:[]},&quot;gap_mobile&quot;:{&quot;unit&quot;:&quot;px&quot;,&quot;size&quot;:10,&quot;sizes&quot;:[]},&quot;link_to&quot;:&quot;file&quot;,&quot;overlay_background&quot;:&quot;yes&quot;,&quot;content_hover_animation&quot;:&quot;fade-in&quot;}\" data-widget_type=\"gallery.default\">\n\t\t\t\t<div class=\"elementor-widget-container\">\n\t\t\t\t\t\t\t<div class=\"elementor-gallery__container\">\n\t\t\t\t\t\t\t<a class=\"e-gallery-item elementor-gallery-item elementor-animated-content\" href=\"https:\/\/szonyimuzeum.hu\/wp-content\/uploads\/2024\/05\/IMG_7604_2-scaled.jpg\">\n\t\t\t\t\t<div class=\"e-gallery-image elementor-gallery-item__image\" data-thumbnail=\"https:\/\/szonyimuzeum.hu\/wp-content\/uploads\/2024\/05\/IMG_7604_2-150x150.jpg\" data-width=\"150\" data-height=\"150\" aria-label=\"\" role=\"img\" ><\/div>\n\t\t\t\t\t\t\t\t\t\t\t<div class=\"elementor-gallery-item__overlay\"><\/div>\n\t\t\t\t\t\t\t\t\t\t\t\t\t\t<\/a>\n\t\t\t\t\t\t\t<a class=\"e-gallery-item elementor-gallery-item elementor-animated-content\" href=\"https:\/\/szonyimuzeum.hu\/wp-content\/uploads\/2024\/05\/IMG_7453-scaled.jpg\">\n\t\t\t\t\t<div class=\"e-gallery-image elementor-gallery-item__image\" data-thumbnail=\"https:\/\/szonyimuzeum.hu\/wp-content\/uploads\/2024\/05\/IMG_7453-150x150.jpg\" data-width=\"150\" data-height=\"150\" aria-label=\"\" role=\"img\" ><\/div>\n\t\t\t\t\t\t\t\t\t\t\t<div class=\"elementor-gallery-item__overlay\"><\/div>\n\t\t\t\t\t\t\t\t\t\t\t\t\t\t<\/a>\n\t\t\t\t\t\t\t<a class=\"e-gallery-item elementor-gallery-item elementor-animated-content\" href=\"https:\/\/szonyimuzeum.hu\/wp-content\/uploads\/2024\/05\/IMG_7429_jpg-scaled.jpg\">\n\t\t\t\t\t<div class=\"e-gallery-image elementor-gallery-item__image\" data-thumbnail=\"https:\/\/szonyimuzeum.hu\/wp-content\/uploads\/2024\/05\/IMG_7429_jpg-150x150.jpg\" data-width=\"150\" data-height=\"150\" aria-label=\"\" role=\"img\" ><\/div>\n\t\t\t\t\t\t\t\t\t\t\t<div class=\"elementor-gallery-item__overlay\"><\/div>\n\t\t\t\t\t\t\t\t\t\t\t\t\t\t<\/a>\n\t\t\t\t\t\t\t<a class=\"e-gallery-item elementor-gallery-item elementor-animated-content\" href=\"https:\/\/szonyimuzeum.hu\/wp-content\/uploads\/2024\/05\/Szonyi_Apa-es-lanya_PLAKAT.jpg\">\n\t\t\t\t\t<div class=\"e-gallery-image elementor-gallery-item__image\" data-thumbnail=\"https:\/\/szonyimuzeum.hu\/wp-content\/uploads\/2024\/05\/Szonyi_Apa-es-lanya_PLAKAT-150x150.jpg\" data-width=\"150\" data-height=\"150\" aria-label=\"\" role=\"img\" ><\/div>\n\t\t\t\t\t\t\t\t\t\t\t<div class=\"elementor-gallery-item__overlay\"><\/div>\n\t\t\t\t\t\t\t\t\t\t\t\t\t\t<\/a>\n\t\t\t\t\t<\/div>\n\t\t\t\t\t<\/div>\n\t\t\t\t<\/div>\n\t\t\t\t<\/div>\n\t\t\t\t\t<\/div>\n\t\t\t\t<\/div>\n\t\t<div class=\"elementor-element elementor-element-341ee5c e-flex e-con-boxed e-con e-parent\" data-id=\"341ee5c\" data-element_type=\"container\">\n\t\t\t\t\t<div class=\"e-con-inner\">\n\t\t<div class=\"elementor-element elementor-element-502a95c e-con-full e-flex e-con e-child\" data-id=\"502a95c\" data-element_type=\"container\">\n\t\t\t\t<div class=\"elementor-element elementor-element-c75a6c8 elementor-widget elementor-widget-text-editor\" data-id=\"c75a6c8\" data-element_type=\"widget\" data-widget_type=\"text-editor.default\">\n\t\t\t\t<div class=\"elementor-widget-container\">\n\t\t\t\t\t\t\t\t\t<p>Dans l'exposition P\u00e8re et fille - Le monde de l'enfance dans les peintures d'Istv\u00e1n Sz\u0151nyi, nous avons \u00e9galement pens\u00e9 aux plus jeunes visiteurs du mus\u00e9e. Pendant que les parents regardent l'exposition, les plus petits ne s'ennuieront pas non plus ! Les dessins d'enfance d'Istv\u00e1n Sz\u0151nyi et de sa s\u0153ur Anna sont expos\u00e9s sur les murs \u00e0 leur hauteur.\u00a0<\/p>\t\t\t\t\t\t\t\t<\/div>\n\t\t\t\t<\/div>\n\t\t\t\t<\/div>\n\t\t<div class=\"elementor-element elementor-element-b13f1fa e-con-full e-flex e-con e-child\" data-id=\"b13f1fa\" data-element_type=\"container\">\n\t\t\t\t<\/div>\n\t\t\t\t\t<\/div>\n\t\t\t\t<\/div>\n\t\t<div class=\"elementor-element elementor-element-936237f e-flex e-con-boxed e-con e-parent\" data-id=\"936237f\" data-element_type=\"container\">\n\t\t\t\t\t<div class=\"e-con-inner\">\n\t\t<div class=\"elementor-element elementor-element-d54cc5d e-con-full e-flex e-con e-child\" data-id=\"d54cc5d\" data-element_type=\"container\">\n\t\t\t\t<div class=\"elementor-element elementor-element-0940a80 elementor-widget elementor-widget-video\" data-id=\"0940a80\" data-element_type=\"widget\" data-settings=\"{&quot;youtube_url&quot;:&quot;https:\\\/\\\/youtu.be\\\/JTG7hwKH-OM&quot;,&quot;video_type&quot;:&quot;youtube&quot;,&quot;controls&quot;:&quot;yes&quot;}\" data-widget_type=\"video.default\">\n\t\t\t\t<div class=\"elementor-widget-container\">\n\t\t\t\t\t\t\t<div class=\"elementor-wrapper elementor-open-inline\">\n\t\t\t<div class=\"elementor-video\"><\/div>\t\t<\/div>\n\t\t\t\t\t\t<\/div>\n\t\t\t\t<\/div>\n\t\t\t\t<\/div>\n\t\t<div class=\"elementor-element elementor-element-7fefaa7 e-con-full e-flex e-con e-child\" data-id=\"7fefaa7\" data-element_type=\"container\">\n\t\t\t\t<\/div>\n\t\t\t\t\t<\/div>\n\t\t\t\t<\/div>\n\t\t<div class=\"elementor-element elementor-element-0448510 e-flex e-con-boxed e-con e-parent\" data-id=\"0448510\" data-element_type=\"container\">\n\t\t\t\t\t<div class=\"e-con-inner\">\n\t\t\t\t<div class=\"elementor-element elementor-element-fe32896 elementor-widget-divider--view-line_icon elementor-view-default elementor-widget-divider--element-align-center elementor-widget elementor-widget-divider\" data-id=\"fe32896\" data-element_type=\"widget\" data-widget_type=\"divider.default\">\n\t\t\t\t<div class=\"elementor-widget-container\">\n\t\t\t\t\t\t\t<div class=\"elementor-divider\">\n\t\t\t<span class=\"elementor-divider-separator\">\n\t\t\t\t\t\t\t<div class=\"elementor-icon elementor-divider__element\">\n\t\t\t\t\t<i aria-hidden=\"true\" class=\"fas fa-pen-nib\"><\/i><\/div>\n\t\t\t\t\t\t<\/span>\n\t\t<\/div>\n\t\t\t\t\t\t<\/div>\n\t\t\t\t<\/div>\n\t\t\t\t\t<\/div>\n\t\t\t\t<\/div>\n\t\t\t\t<section class=\"elementor-section elementor-top-section elementor-element elementor-element-cdaf1f0 elementor-section-boxed elementor-section-height-default elementor-section-height-default\" data-id=\"cdaf1f0\" data-element_type=\"section\">\n\t\t\t\t\t\t<div class=\"elementor-container elementor-column-gap-default\">\n\t\t\t\t\t<div class=\"elementor-column elementor-col-66 elementor-top-column elementor-element elementor-element-d347e20\" data-id=\"d347e20\" data-element_type=\"column\">\n\t\t\t<div class=\"elementor-widget-wrap elementor-element-populated\">\n\t\t\t\t\t\t<div class=\"elementor-element elementor-element-a1773b7 elementor-widget elementor-widget-text-editor\" data-id=\"a1773b7\" data-element_type=\"widget\" data-widget_type=\"text-editor.default\">\n\t\t\t\t<div class=\"elementor-widget-container\">\n\t\t\t\t\t\t\t\t\t<h6><span style=\"color: #7393b3;\"><strong>23 septembre 2023 - 28 avril 2024.<\/strong><\/span><\/h6><h4><strong style=\"color: #7393b3;\">Zebeg\u00e9ny \u00e0 travers les yeux de Sz\u0151nyi - La vie au bord de l'eau<\/strong><\/h4><h4><strong>Une exposition d'\u0153uvres graphiques d'Istv\u00e1n Sz\u0151nyi rarement vues a \u00e9t\u00e9 inaugur\u00e9e au mus\u00e9e comm\u00e9moratif Sz\u0151nyi Istv\u00e1n de Zebeg\u00e9ny. Alors que la premi\u00e8re de ces deux expositions portait sur la vie dans les villages de Zebeg\u00e9ny, la seconde se concentre sur la vie au bord de l'eau.<\/strong>\u00a0<strong>Les aquarelles, dessins et gravures pr\u00e9sent\u00e9s ici ont pour th\u00e8me l'environnement idyllique d\u00e9couvert par Sz\u0151nyi, le paysage danubien et les personnes qui vivent avec lui.<\/strong><\/h4><p>Tout comme l'exposition pr\u00e9c\u00e9dente, la plupart des \u0153uvres graphiques, qui constituent une part importante de l'\u0153uvre de Sz\u0151nyi, sont des esquisses, des \u00e9tudes, une sorte de note visuelle, parfois un instantan\u00e9 saisi en quelques traits, parfois une composition plus \u00e9labor\u00e9e, refl\u00e9tant l'attachement profond de Sz\u0151nyi \u00e0 Zebeg\u00e9ny et au Danube.<\/p><p>Sz\u0151nyi, l'un des plus grands succ\u00e8s de la g\u00e9n\u00e9ration des peintres hongrois de l'entre-deux-guerres, a quitt\u00e9 la capitale pour Zebeg\u00e9ny en 1924, \u00e0 l'\u00e2ge de trente ans, en tant que jeune couple mari\u00e9, ce qui a marqu\u00e9 un tournant dans sa vie et dans son art. C'est l\u00e0 qu'il a trouv\u00e9 tout ce dont il avait besoin pour d\u00e9velopper son art, qu'il a d\u00e9couvert l'unit\u00e9 ins\u00e9parable de l'homme et du paysage, et la beaut\u00e9 des choses simples. Ses principaux sujets, outre la courbe du Danube, sont la vie du village, sa famille et le paysage environnant. Il a pass\u00e9 beaucoup de temps \u00e0 capturer la vie au bord de l'eau, les p\u00eacheurs, les gens qui attendent le passeur, les bateaux qui se balancent dans la solitude et le paysage du Danube en g\u00e9n\u00e9ral. Avec son style lyrique, il a imagin\u00e9 l'Arcadie idyllique d'un petit village au bord du Danube, dans lequel le fleuve et les gens qui vivent \u00e0 ses c\u00f4t\u00e9s jouent un r\u00f4le pr\u00e9pond\u00e9rant.<\/p><p>En tant que membre du cercle Gresham, fond\u00e9 au milieu des ann\u00e9es 1920, Sz\u0151nyi fait partie de ces artistes qui, apr\u00e8s la Grande Guerre et les \u00e9v\u00e9nements qui ont suivi en Hongrie, ont choisi une retraite tranquille plut\u00f4t qu'un engagement social actif. Les membres du cercle ne croyaient pas que les choses pouvaient changer, n'\u00e9taient pas politiques, se distanciaient des aspirations artistiques modernes et \u00e9taient tr\u00e8s \u00e9loign\u00e9s de l'esprit d'avant-garde. Ils croyaient en des valeurs \u00e9ternelles, comme la nature, et en une peinture bas\u00e9e sur la nature, qui avait ses racines \u00e0 Nagyb\u00e1nya. Le petit village de Zebeg\u00e9ny, cach\u00e9 dans les collines de la boucle du Danube, offrait un cadre id\u00e9al pour s'immerger dans la beaut\u00e9 simple de la nature et de la vie.<\/p><p>Sz\u0151nyi a r\u00e9alis\u00e9 d'innombrables esquisses et \u00e9tudes, captivantes par leur fra\u00eecheur et leur spontan\u00e9it\u00e9. Les images, qui peuvent \u00eatre consid\u00e9r\u00e9es comme des \u0153uvres d'art \u00e0 part enti\u00e8re, retracent les coulisses du processus cr\u00e9atif et montrent l'artiste exp\u00e9rimentant diff\u00e9rentes techniques, m\u00e9thodes de composition, couleurs et lumi\u00e8res.<\/p><p>Outre les peintures de Zebeg\u00e9ny, l'exposition comprend \u00e9galement des croquis et des aquarelles r\u00e9alis\u00e9s au cours de ses voyages, y compris les peintures qu'il a faites en Italie au cours des derniers mois de sa vie.<\/p><p>En 1957 et 1959, Sz\u0151nyi rendit visite \u00e0 sa fille Zsuzsa \u00e0 Rome, qui avait \u00e9migr\u00e9 avec son mari, M\u00e1ty\u00e1s Triznya, en 1949. Lors de sa derni\u00e8re visite en 1959, elle r\u00e9alisa de nombreux croquis sur les plages et dans les ports des environs de Rome, rattrapant ainsi ce qu'elle avait manqu\u00e9 lors de son s\u00e9jour \u00e0 Rome en 1929. Ce mat\u00e9riel devait faire l'objet d'une exposition en Italie, qui fut annul\u00e9e apr\u00e8s la mort de M\u00e1ty\u00e1s Triznya en 1960.<\/p>\t\t\t\t\t\t\t\t<\/div>\n\t\t\t\t<\/div>\n\t\t\t\t\t<\/div>\n\t\t<\/div>\n\t\t\t\t<div class=\"elementor-column elementor-col-33 elementor-top-column elementor-element elementor-element-9d5eb3d\" data-id=\"9d5eb3d\" data-element_type=\"column\">\n\t\t\t<div class=\"elementor-widget-wrap elementor-element-populated\">\n\t\t\t\t\t\t<div class=\"elementor-element elementor-element-303f294 elementor-widget elementor-widget-gallery\" data-id=\"303f294\" data-element_type=\"widget\" data-settings=\"{&quot;gallery_layout&quot;:&quot;masonry&quot;,&quot;columns&quot;:2,&quot;lazyload&quot;:&quot;yes&quot;,&quot;columns_tablet&quot;:2,&quot;columns_mobile&quot;:1,&quot;gap&quot;:{&quot;unit&quot;:&quot;px&quot;,&quot;size&quot;:10,&quot;sizes&quot;:[]},&quot;gap_laptop&quot;:{&quot;unit&quot;:&quot;px&quot;,&quot;size&quot;:10,&quot;sizes&quot;:[]},&quot;gap_tablet&quot;:{&quot;unit&quot;:&quot;px&quot;,&quot;size&quot;:10,&quot;sizes&quot;:[]},&quot;gap_mobile&quot;:{&quot;unit&quot;:&quot;px&quot;,&quot;size&quot;:10,&quot;sizes&quot;:[]},&quot;link_to&quot;:&quot;file&quot;,&quot;overlay_background&quot;:&quot;yes&quot;,&quot;content_hover_animation&quot;:&quot;fade-in&quot;}\" data-widget_type=\"gallery.default\">\n\t\t\t\t<div class=\"elementor-widget-container\">\n\t\t\t\t\t\t\t<div class=\"elementor-gallery__container\">\n\t\t\t\t\t\t\t<a class=\"e-gallery-item elementor-gallery-item elementor-animated-content\" href=\"https:\/\/szonyimuzeum.hu\/wp-content\/uploads\/2024\/04\/IMG_5604-scaled.jpg\">\n\t\t\t\t\t<div class=\"e-gallery-image elementor-gallery-item__image\" data-thumbnail=\"https:\/\/szonyimuzeum.hu\/wp-content\/uploads\/2024\/04\/IMG_5604-150x150.jpg\" data-width=\"150\" data-height=\"150\" aria-label=\"\" role=\"img\" ><\/div>\n\t\t\t\t\t\t\t\t\t\t\t<div class=\"elementor-gallery-item__overlay\"><\/div>\n\t\t\t\t\t\t\t\t\t\t\t\t\t\t<\/a>\n\t\t\t\t\t\t\t<a class=\"e-gallery-item elementor-gallery-item elementor-animated-content\" href=\"https:\/\/szonyimuzeum.hu\/wp-content\/uploads\/2024\/04\/IMG_3293_1_-scaled.jpg\">\n\t\t\t\t\t<div class=\"e-gallery-image elementor-gallery-item__image\" data-thumbnail=\"https:\/\/szonyimuzeum.hu\/wp-content\/uploads\/2024\/04\/IMG_3293_1_-150x150.jpg\" data-width=\"150\" data-height=\"150\" aria-label=\"\" role=\"img\" ><\/div>\n\t\t\t\t\t\t\t\t\t\t\t<div class=\"elementor-gallery-item__overlay\"><\/div>\n\t\t\t\t\t\t\t\t\t\t\t\t\t\t<\/a>\n\t\t\t\t\t\t\t<a class=\"e-gallery-item elementor-gallery-item elementor-animated-content\" href=\"https:\/\/szonyimuzeum.hu\/wp-content\/uploads\/2024\/04\/IMG_3286_mod_-scaled.jpg\">\n\t\t\t\t\t<div class=\"e-gallery-image elementor-gallery-item__image\" data-thumbnail=\"https:\/\/szonyimuzeum.hu\/wp-content\/uploads\/2024\/04\/IMG_3286_mod_-150x150.jpg\" data-width=\"150\" data-height=\"150\" aria-label=\"\" role=\"img\" ><\/div>\n\t\t\t\t\t\t\t\t\t\t\t<div class=\"elementor-gallery-item__overlay\"><\/div>\n\t\t\t\t\t\t\t\t\t\t\t\t\t\t<\/a>\n\t\t\t\t\t\t\t<a class=\"e-gallery-item elementor-gallery-item elementor-animated-content\" href=\"https:\/\/szonyimuzeum.hu\/wp-content\/uploads\/2024\/01\/Szonyi_AVizpartiElet_plakat_OK2-1-scaled.jpg\">\n\t\t\t\t\t<div class=\"e-gallery-image elementor-gallery-item__image\" data-thumbnail=\"https:\/\/szonyimuzeum.hu\/wp-content\/uploads\/2024\/01\/Szonyi_AVizpartiElet_plakat_OK2-1-150x150.jpg\" data-width=\"150\" data-height=\"150\" aria-label=\"\" role=\"img\" ><\/div>\n\t\t\t\t\t\t\t\t\t\t\t<div class=\"elementor-gallery-item__overlay\"><\/div>\n\t\t\t\t\t\t\t\t\t\t\t\t\t\t<\/a>\n\t\t\t\t\t<\/div>\n\t\t\t\t\t<\/div>\n\t\t\t\t<\/div>\n\t\t\t\t\t<\/div>\n\t\t<\/div>\n\t\t\t\t\t<\/div>\n\t\t<\/section>\n\t\t\t\t<section class=\"elementor-section elementor-top-section elementor-element elementor-element-7dfd2c7 elementor-section-boxed elementor-section-height-default elementor-section-height-default\" data-id=\"7dfd2c7\" data-element_type=\"section\">\n\t\t\t\t\t\t<div class=\"elementor-container elementor-column-gap-default\">\n\t\t\t\t\t<div class=\"elementor-column elementor-col-50 elementor-top-column elementor-element elementor-element-d427e15\" data-id=\"d427e15\" data-element_type=\"column\">\n\t\t\t<div class=\"elementor-widget-wrap elementor-element-populated\">\n\t\t\t\t\t\t<div class=\"elementor-element elementor-element-6c10cf4 elementor-widget elementor-widget-video\" data-id=\"6c10cf4\" data-element_type=\"widget\" data-settings=\"{&quot;youtube_url&quot;:&quot;https:\\\/\\\/www.youtube.com\\\/watch?v=KpsSzdgx3cY&amp;list=PL4XTcfODh9Hyjcs3Tfz2VLxcsMjcULKaG&quot;,&quot;lazy_load&quot;:&quot;yes&quot;,&quot;video_type&quot;:&quot;youtube&quot;,&quot;controls&quot;:&quot;yes&quot;}\" data-widget_type=\"video.default\">\n\t\t\t\t<div class=\"elementor-widget-container\">\n\t\t\t\t\t\t\t<div class=\"elementor-wrapper elementor-open-inline\">\n\t\t\t<div class=\"elementor-video\"><\/div>\t\t<\/div>\n\t\t\t\t\t\t<\/div>\n\t\t\t\t<\/div>\n\t\t\t\t\t<\/div>\n\t\t<\/div>\n\t\t\t\t<div class=\"elementor-column elementor-col-50 elementor-top-column elementor-element elementor-element-f5c14e4\" data-id=\"f5c14e4\" data-element_type=\"column\">\n\t\t\t<div class=\"elementor-widget-wrap\">\n\t\t\t\t\t\t\t<\/div>\n\t\t<\/div>\n\t\t\t\t\t<\/div>\n\t\t<\/section>\n\t\t\t\t<section class=\"elementor-section elementor-top-section elementor-element elementor-element-9483663 elementor-section-boxed elementor-section-height-default elementor-section-height-default\" data-id=\"9483663\" data-element_type=\"section\">\n\t\t\t\t\t\t<div class=\"elementor-container elementor-column-gap-default\">\n\t\t\t\t\t<div class=\"elementor-column elementor-col-50 elementor-top-column elementor-element elementor-element-e0e4d45\" data-id=\"e0e4d45\" data-element_type=\"column\">\n\t\t\t<div class=\"elementor-widget-wrap elementor-element-populated\">\n\t\t\t\t\t\t<div class=\"elementor-element elementor-element-93ca68f elementor-widget elementor-widget-text-editor\" data-id=\"93ca68f\" data-element_type=\"widget\" data-widget_type=\"text-editor.default\">\n\t\t\t\t<div class=\"elementor-widget-container\">\n\t\t\t\t\t\t\t\t\t<p>Consultez le catalogue de l'exposition Zebeg\u00e9ny \u00e0 travers les yeux de Sz\u0151nyi :<\/p>\t\t\t\t\t\t\t\t<\/div>\n\t\t\t\t<\/div>\n\t\t\t\t\t<\/div>\n\t\t<\/div>\n\t\t\t\t<div class=\"elementor-column elementor-col-50 elementor-top-column elementor-element elementor-element-07b12e0\" data-id=\"07b12e0\" data-element_type=\"column\">\n\t\t\t<div class=\"elementor-widget-wrap\">\n\t\t\t\t\t\t\t<\/div>\n\t\t<\/div>\n\t\t\t\t\t<\/div>\n\t\t<\/section>\n\t\t\t\t<section class=\"elementor-section elementor-top-section elementor-element elementor-element-4164eb0 elementor-section-boxed elementor-section-height-default elementor-section-height-default\" data-id=\"4164eb0\" data-element_type=\"section\">\n\t\t\t\t\t\t<div class=\"elementor-container elementor-column-gap-default\">\n\t\t\t\t\t<div class=\"elementor-column elementor-col-50 elementor-top-column elementor-element elementor-element-e368e92\" data-id=\"e368e92\" data-element_type=\"column\">\n\t\t\t<div class=\"elementor-widget-wrap elementor-element-populated\">\n\t\t\t\t\t\t<div class=\"elementor-element elementor-element-591729e elementor-widget elementor-widget-video\" data-id=\"591729e\" data-element_type=\"widget\" data-settings=\"{&quot;youtube_url&quot;:&quot;https:\\\/\\\/youtu.be\\\/oXAra8nx-Uk&quot;,&quot;video_type&quot;:&quot;youtube&quot;,&quot;controls&quot;:&quot;yes&quot;}\" data-widget_type=\"video.default\">\n\t\t\t\t<div class=\"elementor-widget-container\">\n\t\t\t\t\t\t\t<div class=\"elementor-wrapper elementor-open-inline\">\n\t\t\t<div class=\"elementor-video\"><\/div>\t\t<\/div>\n\t\t\t\t\t\t<\/div>\n\t\t\t\t<\/div>\n\t\t\t\t\t<\/div>\n\t\t<\/div>\n\t\t\t\t<div class=\"elementor-column elementor-col-50 elementor-top-column elementor-element elementor-element-3bba9a9\" data-id=\"3bba9a9\" data-element_type=\"column\">\n\t\t\t<div class=\"elementor-widget-wrap\">\n\t\t\t\t\t\t\t<\/div>\n\t\t<\/div>\n\t\t\t\t\t<\/div>\n\t\t<\/section>\n\t\t<div class=\"elementor-element elementor-element-5cb4d59 e-flex e-con-boxed e-con e-parent\" data-id=\"5cb4d59\" data-element_type=\"container\">\n\t\t\t\t\t<div class=\"e-con-inner\">\n\t\t\t\t<div class=\"elementor-element elementor-element-0737d46 elementor-widget-divider--view-line_icon elementor-view-default elementor-widget-divider--element-align-center elementor-widget elementor-widget-divider\" data-id=\"0737d46\" data-element_type=\"widget\" data-widget_type=\"divider.default\">\n\t\t\t\t<div class=\"elementor-widget-container\">\n\t\t\t\t\t\t\t<div class=\"elementor-divider\">\n\t\t\t<span class=\"elementor-divider-separator\">\n\t\t\t\t\t\t\t<div class=\"elementor-icon elementor-divider__element\">\n\t\t\t\t\t<i aria-hidden=\"true\" class=\"fas fa-pen-nib\"><\/i><\/div>\n\t\t\t\t\t\t<\/span>\n\t\t<\/div>\n\t\t\t\t\t\t<\/div>\n\t\t\t\t<\/div>\n\t\t\t\t\t<\/div>\n\t\t\t\t<\/div>\n\t\t\t\t<section class=\"elementor-section elementor-top-section elementor-element elementor-element-d8dba63 elementor-section-boxed elementor-section-height-default elementor-section-height-default\" data-id=\"d8dba63\" data-element_type=\"section\">\n\t\t\t\t\t\t<div class=\"elementor-container elementor-column-gap-default\">\n\t\t\t\t\t<div class=\"elementor-column elementor-col-66 elementor-top-column elementor-element elementor-element-4d09813\" data-id=\"4d09813\" data-element_type=\"column\">\n\t\t\t<div class=\"elementor-widget-wrap elementor-element-populated\">\n\t\t\t\t\t\t<div class=\"elementor-element elementor-element-e0ed54e elementor-widget elementor-widget-text-editor\" data-id=\"e0ed54e\" data-element_type=\"widget\" data-widget_type=\"text-editor.default\">\n\t\t\t\t<div class=\"elementor-widget-container\">\n\t\t\t\t\t\t\t\t\t<h6><span style=\"color: #7393b3;\"><strong>20 mai 2023 - 17 septembre 2023.<\/strong><\/span><\/h6><h3><span style=\"color: #7393b3;\"><strong>Zebeg\u00e9ny \u00e0 travers les yeux de Sz\u0151nyi - La vie du village<\/strong><\/span><\/h3><p>L'exposition est une s\u00e9lection du mat\u00e9riel graphique de la collection, que les visiteurs ne peuvent voir qu'\u00e0 des occasions sp\u00e9ciales. Les aquarelles, dessins et gravures expos\u00e9s sont des impressions artistiques de la vie rurale simple que Sz\u0151nyi aimait tant.<\/p><p>Sz\u0151nyi a trouv\u00e9 \u00e0 Zebeg\u00e9ny tout ce dont il avait besoin pour d\u00e9velopper son art. Il a pu \u00e9tudier de pr\u00e8s l'unit\u00e9 ins\u00e9parable de l'homme et du paysage, et s'immerger dans la beaut\u00e9 des choses simples. Apr\u00e8s son installation, les principaux sujets de sa peinture sont devenus le paysage, la vie du village, sa famille et sa vie quotidienne idyllique, avec les animaux et les objets qu'il utilisait tous les jours.<\/p><p>Il a r\u00e9alis\u00e9 d'innombrables croquis et \u00e9tudes - captivants par leur fra\u00eecheur et leur spontan\u00e9it\u00e9 - de personnes et d'animaux au travail, saisis dans des instants vol\u00e9s. Ces images, qui peuvent \u00eatre consid\u00e9r\u00e9es comme des \u0153uvres d'art \u00e0 part enti\u00e8re, r\u00e9v\u00e8lent les coulisses du processus cr\u00e9atif, montrant l'artiste en train d'exp\u00e9rimenter diff\u00e9rentes techniques, compositions, couleurs et lumi\u00e8res, qu'il utilisera plus tard dans ses peintures sur panneau. Sz\u0151nyi collectait constamment des mat\u00e9riaux pour ses peintures, capturant tout ce qu'il trouvait d'int\u00e9ressant dans le monde qui l'entourait. Il est parti d'une vision r\u00e9aliste, mais ses \u0153uvres vont au-del\u00e0 du naturalisme. Elles sont caract\u00e9ris\u00e9es par le lyrisme de Sz\u0151nyi, la s\u00e9r\u00e9nit\u00e9 et l'humanit\u00e9 qui \u00e9manent de lui et qui transparaissent dans toutes ses \u0153uvres.<\/p><p><span style=\"color: #525252;\"><strong>L'exposition temporaire est ouverte du 20 mai au 13 ao\u00fbt.<\/strong><\/span><\/p>\t\t\t\t\t\t\t\t<\/div>\n\t\t\t\t<\/div>\n\t\t\t\t\t<\/div>\n\t\t<\/div>\n\t\t\t\t<div class=\"elementor-column elementor-col-33 elementor-top-column elementor-element elementor-element-e29737d\" data-id=\"e29737d\" data-element_type=\"column\">\n\t\t\t<div class=\"elementor-widget-wrap elementor-element-populated\">\n\t\t\t\t\t\t<div class=\"elementor-element elementor-element-e7f96db elementor-widget elementor-widget-gallery\" data-id=\"e7f96db\" data-element_type=\"widget\" data-settings=\"{&quot;gallery_layout&quot;:&quot;justified&quot;,&quot;lazyload&quot;:&quot;yes&quot;,&quot;ideal_row_height&quot;:{&quot;unit&quot;:&quot;px&quot;,&quot;size&quot;:200,&quot;sizes&quot;:[]},&quot;ideal_row_height_laptop&quot;:{&quot;unit&quot;:&quot;px&quot;,&quot;size&quot;:150,&quot;sizes&quot;:[]},&quot;ideal_row_height_tablet&quot;:{&quot;unit&quot;:&quot;px&quot;,&quot;size&quot;:150,&quot;sizes&quot;:[]},&quot;ideal_row_height_mobile&quot;:{&quot;unit&quot;:&quot;px&quot;,&quot;size&quot;:150,&quot;sizes&quot;:[]},&quot;gap&quot;:{&quot;unit&quot;:&quot;px&quot;,&quot;size&quot;:10,&quot;sizes&quot;:[]},&quot;gap_laptop&quot;:{&quot;unit&quot;:&quot;px&quot;,&quot;size&quot;:10,&quot;sizes&quot;:[]},&quot;gap_tablet&quot;:{&quot;unit&quot;:&quot;px&quot;,&quot;size&quot;:10,&quot;sizes&quot;:[]},&quot;gap_mobile&quot;:{&quot;unit&quot;:&quot;px&quot;,&quot;size&quot;:10,&quot;sizes&quot;:[]},&quot;link_to&quot;:&quot;file&quot;,&quot;overlay_background&quot;:&quot;yes&quot;,&quot;content_hover_animation&quot;:&quot;fade-in&quot;}\" data-widget_type=\"gallery.default\">\n\t\t\t\t<div class=\"elementor-widget-container\">\n\t\t\t\t\t\t\t<div class=\"elementor-gallery__container\">\n\t\t\t\t\t\t\t<a class=\"e-gallery-item elementor-gallery-item elementor-animated-content\" href=\"https:\/\/szonyimuzeum.hu\/wp-content\/uploads\/2024\/04\/IMG_8406-regi-scaled.jpg\">\n\t\t\t\t\t<div class=\"e-gallery-image elementor-gallery-item__image\" data-thumbnail=\"https:\/\/szonyimuzeum.hu\/wp-content\/uploads\/2024\/04\/IMG_8406-regi-571x700.jpg\" data-width=\"571\" data-height=\"700\" aria-label=\"\" role=\"img\" ><\/div>\n\t\t\t\t\t\t\t\t\t\t\t<div class=\"elementor-gallery-item__overlay\"><\/div>\n\t\t\t\t\t\t\t\t\t\t\t\t\t\t<\/a>\n\t\t\t\t\t\t\t<a class=\"e-gallery-item elementor-gallery-item elementor-animated-content\" href=\"https:\/\/szonyimuzeum.hu\/wp-content\/uploads\/2024\/04\/IMG_5251-scaled.jpg\">\n\t\t\t\t\t<div class=\"e-gallery-image elementor-gallery-item__image\" data-thumbnail=\"https:\/\/szonyimuzeum.hu\/wp-content\/uploads\/2024\/04\/IMG_5251-700x525.jpg\" data-width=\"700\" data-height=\"525\" aria-label=\"\" role=\"img\" ><\/div>\n\t\t\t\t\t\t\t\t\t\t\t<div class=\"elementor-gallery-item__overlay\"><\/div>\n\t\t\t\t\t\t\t\t\t\t\t\t\t\t<\/a>\n\t\t\t\t\t\t\t<a class=\"e-gallery-item elementor-gallery-item elementor-animated-content\" href=\"https:\/\/szonyimuzeum.hu\/wp-content\/uploads\/2024\/04\/IMG_8390.jpg\">\n\t\t\t\t\t<div class=\"e-gallery-image elementor-gallery-item__image\" data-thumbnail=\"https:\/\/szonyimuzeum.hu\/wp-content\/uploads\/2024\/04\/IMG_8390-700x586.jpg\" data-width=\"700\" data-height=\"586\" aria-label=\"\" role=\"img\" ><\/div>\n\t\t\t\t\t\t\t\t\t\t\t<div class=\"elementor-gallery-item__overlay\"><\/div>\n\t\t\t\t\t\t\t\t\t\t\t\t\t\t<\/a>\n\t\t\t\t\t\t\t<a class=\"e-gallery-item elementor-gallery-item elementor-animated-content\" href=\"https:\/\/szonyimuzeum.hu\/wp-content\/uploads\/2024\/05\/Szonyi_AFalusiElet_plakat03-scaled.jpg\">\n\t\t\t\t\t<div class=\"e-gallery-image elementor-gallery-item__image\" data-thumbnail=\"https:\/\/szonyimuzeum.hu\/wp-content\/uploads\/2024\/05\/Szonyi_AFalusiElet_plakat03-495x700.jpg\" data-width=\"495\" data-height=\"700\" aria-label=\"\" role=\"img\" ><\/div>\n\t\t\t\t\t\t\t\t\t\t\t<div class=\"elementor-gallery-item__overlay\"><\/div>\n\t\t\t\t\t\t\t\t\t\t\t\t\t\t<\/a>\n\t\t\t\t\t<\/div>\n\t\t\t\t\t<\/div>\n\t\t\t\t<\/div>\n\t\t\t\t\t<\/div>\n\t\t<\/div>\n\t\t\t\t\t<\/div>\n\t\t<\/section>\n\t\t<div class=\"elementor-element elementor-element-7f0aa62 e-flex e-con-boxed e-con e-parent\" data-id=\"7f0aa62\" data-element_type=\"container\">\n\t\t\t\t\t<div class=\"e-con-inner\">\n\t\t\t\t<div class=\"elementor-element elementor-element-3ae60c5 elementor-widget-divider--view-line_icon elementor-view-default elementor-widget-divider--element-align-center elementor-widget elementor-widget-divider\" data-id=\"3ae60c5\" data-element_type=\"widget\" data-widget_type=\"divider.default\">\n\t\t\t\t<div class=\"elementor-widget-container\">\n\t\t\t\t\t\t\t<div class=\"elementor-divider\">\n\t\t\t<span class=\"elementor-divider-separator\">\n\t\t\t\t\t\t\t<div class=\"elementor-icon elementor-divider__element\">\n\t\t\t\t\t<i aria-hidden=\"true\" class=\"fas fa-pen-nib\"><\/i><\/div>\n\t\t\t\t\t\t<\/span>\n\t\t<\/div>\n\t\t\t\t\t\t<\/div>\n\t\t\t\t<\/div>\n\t\t\t\t\t<\/div>\n\t\t\t\t<\/div>\n\t\t\t\t<section class=\"elementor-section elementor-top-section elementor-element elementor-element-29f49ee elementor-section-boxed elementor-section-height-default elementor-section-height-default\" data-id=\"29f49ee\" data-element_type=\"section\">\n\t\t\t\t\t\t<div class=\"elementor-container elementor-column-gap-default\">\n\t\t\t\t\t<div class=\"elementor-column elementor-col-66 elementor-top-column elementor-element elementor-element-395b5ba\" data-id=\"395b5ba\" data-element_type=\"column\">\n\t\t\t<div class=\"elementor-widget-wrap elementor-element-populated\">\n\t\t\t\t\t\t<div class=\"elementor-element elementor-element-59ee5ec elementor-widget elementor-widget-text-editor\" data-id=\"59ee5ec\" data-element_type=\"widget\" data-widget_type=\"text-editor.default\">\n\t\t\t\t<div class=\"elementor-widget-container\">\n\t\t\t\t\t\t\t\t\t<h6><span style=\"color: #7393b3;\"><strong>Mai 2021 - d\u00e9cembre 2022\u00a0<\/strong><\/span><\/h6><h3><span style=\"color: #7393b3;\"><strong>Deux cr\u00e9ateurs, le ma\u00eetre et le disciple<\/strong><\/span><\/h3><h4><span style=\"color: #7393b3;\"><strong><em>Une s\u00e9lection d'\u0153uvres d'Istv\u00e1n Sz\u0151nyi et de M\u00e1ty\u00e1s Triznya d'Italie.<\/em><\/strong><\/span><\/h4><p>Nous montrons Rome et ses environs \u00e0 travers les yeux de deux artistes, ma\u00eetre et disciple, beau-p\u00e8re et gendre. Parall\u00e8lement \u00e0 son travail de cr\u00e9ation, Istv\u00e1n Sz\u0151nyi \u00e9tait \u00e9galement enseignant. Son gendre M\u00e1ty\u00e1s Triznya a \u00e9t\u00e9 son \u00e9l\u00e8ve dans son \u00e9cole priv\u00e9e. Il a non seulement appris les ficelles du m\u00e9tier aupr\u00e8s de son beau-p\u00e8re, mais ils \u00e9taient \u00e9galement amis. Peu avant sa mort, il a t\u00e9moign\u00e9 de leur relation :<\/p><p><em>\"Il a fallu de longues, longues d\u00e9cennies avant de pouvoir prendre un pinceau en toute s\u00e9curit\u00e9, surtout dans l'ombre d'un grand peintre comme Istv\u00e1n Sz\u0151nyi...\"<\/em><\/p>\t\t\t\t\t\t\t\t<\/div>\n\t\t\t\t<\/div>\n\t\t\t\t\t<\/div>\n\t\t<\/div>\n\t\t\t\t<div class=\"elementor-column elementor-col-33 elementor-top-column elementor-element elementor-element-721077a\" data-id=\"721077a\" data-element_type=\"column\">\n\t\t\t<div class=\"elementor-widget-wrap elementor-element-populated\">\n\t\t\t\t\t\t<div class=\"elementor-element elementor-element-1dfe12c elementor-widget elementor-widget-gallery\" data-id=\"1dfe12c\" data-element_type=\"widget\" data-settings=\"{&quot;gallery_layout&quot;:&quot;masonry&quot;,&quot;columns&quot;:2,&quot;lazyload&quot;:&quot;yes&quot;,&quot;columns_tablet&quot;:2,&quot;columns_mobile&quot;:1,&quot;gap&quot;:{&quot;unit&quot;:&quot;px&quot;,&quot;size&quot;:10,&quot;sizes&quot;:[]},&quot;gap_laptop&quot;:{&quot;unit&quot;:&quot;px&quot;,&quot;size&quot;:10,&quot;sizes&quot;:[]},&quot;gap_tablet&quot;:{&quot;unit&quot;:&quot;px&quot;,&quot;size&quot;:10,&quot;sizes&quot;:[]},&quot;gap_mobile&quot;:{&quot;unit&quot;:&quot;px&quot;,&quot;size&quot;:10,&quot;sizes&quot;:[]},&quot;link_to&quot;:&quot;file&quot;,&quot;overlay_background&quot;:&quot;yes&quot;,&quot;content_hover_animation&quot;:&quot;fade-in&quot;}\" data-widget_type=\"gallery.default\">\n\t\t\t\t<div class=\"elementor-widget-container\">\n\t\t\t\t\t\t\t<div class=\"elementor-gallery__container\">\n\t\t\t\t\t\t\t<a class=\"e-gallery-item elementor-gallery-item elementor-animated-content\" href=\"https:\/\/szonyimuzeum.hu\/wp-content\/uploads\/2024\/05\/1.jpg\">\n\t\t\t\t\t<div class=\"e-gallery-image elementor-gallery-item__image\" data-thumbnail=\"https:\/\/szonyimuzeum.hu\/wp-content\/uploads\/2024\/05\/1-150x150.jpg\" data-width=\"150\" data-height=\"150\" aria-label=\"\" role=\"img\" ><\/div>\n\t\t\t\t\t\t\t\t\t\t\t<div class=\"elementor-gallery-item__overlay\"><\/div>\n\t\t\t\t\t\t\t\t\t\t\t\t\t\t<\/a>\n\t\t\t\t\t\t\t<a class=\"e-gallery-item elementor-gallery-item elementor-animated-content\" href=\"https:\/\/szonyimuzeum.hu\/wp-content\/uploads\/2024\/05\/IMG_9230_-scaled.jpg\">\n\t\t\t\t\t<div class=\"e-gallery-image elementor-gallery-item__image\" data-thumbnail=\"https:\/\/szonyimuzeum.hu\/wp-content\/uploads\/2024\/05\/IMG_9230_-150x150.jpg\" data-width=\"150\" data-height=\"150\" aria-label=\"\" role=\"img\" ><\/div>\n\t\t\t\t\t\t\t\t\t\t\t<div class=\"elementor-gallery-item__overlay\"><\/div>\n\t\t\t\t\t\t\t\t\t\t\t\t\t\t<\/a>\n\t\t\t\t\t\t\t<a class=\"e-gallery-item elementor-gallery-item elementor-animated-content\" href=\"https:\/\/szonyimuzeum.hu\/wp-content\/uploads\/2024\/05\/IMG_9231_-scaled.jpg\">\n\t\t\t\t\t<div class=\"e-gallery-image elementor-gallery-item__image\" data-thumbnail=\"https:\/\/szonyimuzeum.hu\/wp-content\/uploads\/2024\/05\/IMG_9231_-150x150.jpg\" data-width=\"150\" data-height=\"150\" aria-label=\"\" role=\"img\" ><\/div>\n\t\t\t\t\t\t\t\t\t\t\t<div class=\"elementor-gallery-item__overlay\"><\/div>\n\t\t\t\t\t\t\t\t\t\t\t\t\t\t<\/a>\n\t\t\t\t\t\t\t<a class=\"e-gallery-item elementor-gallery-item elementor-animated-content\" href=\"https:\/\/szonyimuzeum.hu\/wp-content\/uploads\/2024\/05\/6-scaled.jpg\">\n\t\t\t\t\t<div class=\"e-gallery-image elementor-gallery-item__image\" data-thumbnail=\"https:\/\/szonyimuzeum.hu\/wp-content\/uploads\/2024\/05\/6-150x150.jpg\" data-width=\"150\" data-height=\"150\" aria-label=\"\" role=\"img\" ><\/div>\n\t\t\t\t\t\t\t\t\t\t\t<div class=\"elementor-gallery-item__overlay\"><\/div>\n\t\t\t\t\t\t\t\t\t\t\t\t\t\t<\/a>\n\t\t\t\t\t<\/div>\n\t\t\t\t\t<\/div>\n\t\t\t\t<\/div>\n\t\t\t\t\t<\/div>\n\t\t<\/div>\n\t\t\t\t\t<\/div>\n\t\t<\/section>\n\t\t<div class=\"elementor-element elementor-element-cba8f49 e-flex e-con-boxed e-con e-parent\" data-id=\"cba8f49\" data-element_type=\"container\">\n\t\t\t\t\t<div class=\"e-con-inner\">\n\t\t\t\t<div class=\"elementor-element elementor-element-02eeece elementor-widget-divider--view-line_icon elementor-view-default elementor-widget-divider--element-align-center elementor-widget elementor-widget-divider\" data-id=\"02eeece\" data-element_type=\"widget\" data-widget_type=\"divider.default\">\n\t\t\t\t<div class=\"elementor-widget-container\">\n\t\t\t\t\t\t\t<div class=\"elementor-divider\">\n\t\t\t<span class=\"elementor-divider-separator\">\n\t\t\t\t\t\t\t<div class=\"elementor-icon elementor-divider__element\">\n\t\t\t\t\t<i aria-hidden=\"true\" class=\"fas fa-pen-nib\"><\/i><\/div>\n\t\t\t\t\t\t<\/span>\n\t\t<\/div>\n\t\t\t\t\t\t<\/div>\n\t\t\t\t<\/div>\n\t\t\t\t\t<\/div>\n\t\t\t\t<\/div>\n\t\t\t\t<section class=\"elementor-section elementor-top-section elementor-element elementor-element-2fe25379 elementor-section-boxed elementor-section-height-default elementor-section-height-default\" data-id=\"2fe25379\" data-element_type=\"section\">\n\t\t\t\t\t\t<div class=\"elementor-container elementor-column-gap-default\">\n\t\t\t\t\t<div class=\"elementor-column elementor-col-66 elementor-top-column elementor-element elementor-element-699e9403\" data-id=\"699e9403\" data-element_type=\"column\">\n\t\t\t<div class=\"elementor-widget-wrap elementor-element-populated\">\n\t\t\t\t\t\t<div class=\"elementor-element elementor-element-5416e2ec elementor-widget elementor-widget-text-editor\" data-id=\"5416e2ec\" data-element_type=\"widget\" data-widget_type=\"text-editor.default\">\n\t\t\t\t<div class=\"elementor-widget-container\">\n\t\t\t\t\t\t\t\t\t<h6><strong><span style=\"color: #7393b3;\">23 octobre 2019 - 14 mai 2020.<\/span><\/strong><\/h6><h3><span style=\"color: #7393b3;\"><strong>Visages, confessions<\/strong><\/span><\/h3><h5><span style=\"color: #7393b3;\"><strong>Autoportrait<\/strong><\/span><\/h5><p>D\u00e8s le d\u00e9but de sa carri\u00e8re, Sz\u0151nyi a cherch\u00e9 \u00e0 s'immortaliser. Les \u0153uvres forment une \"galerie d'autoportraits\" presque coh\u00e9rente, montrant le visage de l'artiste en constante \u00e9volution. Ses toutes premi\u00e8res peintures de la p\u00e9riode 1910-11, en d\u00e9pit de leur \u00e9ventualit\u00e9, pr\u00e9sentent d\u00e9j\u00e0 l'image d'un artiste conscient de lui-m\u00eame.<\/p><h5><span style=\"color: #7393b3;\"><strong>Portraits de famille <\/strong><\/span><\/h5><p>Dans les peintures de Sz\u0151nyi, les membres de sa famille et ses proches jouent un r\u00f4le pr\u00e9pond\u00e9rant. \u00c0 partir de 1924 en particulier, les tableaux de ses parents et de ses fr\u00e8res et s\u0153urs sont remplac\u00e9s par des portraits de sa femme et de son enfant. Les personnages qu'il aimait le plus ont \u00e9t\u00e9 repr\u00e9sent\u00e9s de la mani\u00e8re et avec les techniques les plus diverses. Des dessins frais au crayon et au fusain aux gravures reproduites et aux grands panneaux peints. Dans la derni\u00e8re section de l'exposition, vous verrez d'autres portraits des personnages et des figures typiques de la vie du village de Zebeg\u00e9ny que vous avez trouv\u00e9s.<\/p>\t\t\t\t\t\t\t\t<\/div>\n\t\t\t\t<\/div>\n\t\t\t\t\t<\/div>\n\t\t<\/div>\n\t\t\t\t<div class=\"elementor-column elementor-col-33 elementor-top-column elementor-element elementor-element-23559fcd\" data-id=\"23559fcd\" data-element_type=\"column\">\n\t\t\t<div class=\"elementor-widget-wrap elementor-element-populated\">\n\t\t\t\t\t\t<div class=\"elementor-element elementor-element-82d86af elementor-widget elementor-widget-gallery\" data-id=\"82d86af\" data-element_type=\"widget\" data-settings=\"{&quot;gallery_layout&quot;:&quot;masonry&quot;,&quot;columns&quot;:2,&quot;lazyload&quot;:&quot;yes&quot;,&quot;columns_tablet&quot;:2,&quot;columns_mobile&quot;:1,&quot;gap&quot;:{&quot;unit&quot;:&quot;px&quot;,&quot;size&quot;:10,&quot;sizes&quot;:[]},&quot;gap_laptop&quot;:{&quot;unit&quot;:&quot;px&quot;,&quot;size&quot;:10,&quot;sizes&quot;:[]},&quot;gap_tablet&quot;:{&quot;unit&quot;:&quot;px&quot;,&quot;size&quot;:10,&quot;sizes&quot;:[]},&quot;gap_mobile&quot;:{&quot;unit&quot;:&quot;px&quot;,&quot;size&quot;:10,&quot;sizes&quot;:[]},&quot;link_to&quot;:&quot;file&quot;,&quot;overlay_background&quot;:&quot;yes&quot;,&quot;content_hover_animation&quot;:&quot;fade-in&quot;}\" data-widget_type=\"gallery.default\">\n\t\t\t\t<div class=\"elementor-widget-container\">\n\t\t\t\t\t\t\t<div class=\"elementor-gallery__container\">\n\t\t\t\t\t\t\t<a class=\"e-gallery-item elementor-gallery-item elementor-animated-content\" href=\"https:\/\/szonyimuzeum.hu\/wp-content\/uploads\/2024\/05\/IMG_4605-scaled.jpg\">\n\t\t\t\t\t<div class=\"e-gallery-image elementor-gallery-item__image\" data-thumbnail=\"https:\/\/szonyimuzeum.hu\/wp-content\/uploads\/2024\/05\/IMG_4605-150x150.jpg\" data-width=\"150\" data-height=\"150\" aria-label=\"\" role=\"img\" ><\/div>\n\t\t\t\t\t\t\t\t\t\t\t<div class=\"elementor-gallery-item__overlay\"><\/div>\n\t\t\t\t\t\t\t\t\t\t\t\t\t\t<\/a>\n\t\t\t\t\t\t\t<a class=\"e-gallery-item elementor-gallery-item elementor-animated-content\" href=\"https:\/\/szonyimuzeum.hu\/wp-content\/uploads\/2024\/05\/IMG_4613-scaled.jpg\">\n\t\t\t\t\t<div class=\"e-gallery-image elementor-gallery-item__image\" data-thumbnail=\"https:\/\/szonyimuzeum.hu\/wp-content\/uploads\/2024\/05\/IMG_4613-150x150.jpg\" data-width=\"150\" data-height=\"150\" aria-label=\"\" role=\"img\" ><\/div>\n\t\t\t\t\t\t\t\t\t\t\t<div class=\"elementor-gallery-item__overlay\"><\/div>\n\t\t\t\t\t\t\t\t\t\t\t\t\t\t<\/a>\n\t\t\t\t\t\t\t<a class=\"e-gallery-item elementor-gallery-item elementor-animated-content\" href=\"https:\/\/szonyimuzeum.hu\/wp-content\/uploads\/2024\/05\/IMG_4614-scaled.jpg\">\n\t\t\t\t\t<div class=\"e-gallery-image elementor-gallery-item__image\" data-thumbnail=\"https:\/\/szonyimuzeum.hu\/wp-content\/uploads\/2024\/05\/IMG_4614-150x150.jpg\" data-width=\"150\" data-height=\"150\" aria-label=\"\" role=\"img\" ><\/div>\n\t\t\t\t\t\t\t\t\t\t\t<div class=\"elementor-gallery-item__overlay\"><\/div>\n\t\t\t\t\t\t\t\t\t\t\t\t\t\t<\/a>\n\t\t\t\t\t\t\t<a class=\"e-gallery-item elementor-gallery-item elementor-animated-content\" href=\"https:\/\/szonyimuzeum.hu\/wp-content\/uploads\/2024\/05\/IMG_4625-scaled.jpg\">\n\t\t\t\t\t<div class=\"e-gallery-image elementor-gallery-item__image\" data-thumbnail=\"https:\/\/szonyimuzeum.hu\/wp-content\/uploads\/2024\/05\/IMG_4625-150x150.jpg\" data-width=\"150\" data-height=\"150\" aria-label=\"\" role=\"img\" ><\/div>\n\t\t\t\t\t\t\t\t\t\t\t<div class=\"elementor-gallery-item__overlay\"><\/div>\n\t\t\t\t\t\t\t\t\t\t\t\t\t\t<\/a>\n\t\t\t\t\t<\/div>\n\t\t\t\t\t<\/div>\n\t\t\t\t<\/div>\n\t\t\t\t\t<\/div>\n\t\t<\/div>\n\t\t\t\t\t<\/div>\n\t\t<\/section>\n\t\t\t\t<\/div>","protected":false},"excerpt":{"rendered":"<p>Id\u0151szaki ki\u00e1ll\u00edt\u00e1sok 2026. m\u00e1rcius 27 &#8211; 2026. m\u00e1jus 10. NEM CSAK FEST\u0150 &#8211; Sz\u0151nyi Istv\u00e1n (1894-1960) m\u0171v\u00e9sz \u00e9s emberment\u0151 c\u00edm\u0171 id\u0151szaki ki\u00e1ll\u00edt\u00e1sunk m\u00e1jus 10-ig l\u00e1togathat\u00f3. \u201eAz \u00e9let nem t\u0171r halogat\u00e1st, [&hellip;]<\/p>","protected":false},"author":1,"featured_media":0,"parent":0,"menu_order":0,"comment_status":"closed","ping_status":"closed","template":"","meta":{"ngg_post_thumbnail":0,"_price":"","_stock":"","_tribe_ticket_header":"","_tribe_default_ticket_provider":"","_tribe_ticket_capacity":"0","_ticket_start_date":"","_ticket_end_date":"","_tribe_ticket_show_description":"","_tribe_ticket_show_not_going":false,"_tribe_ticket_use_global_stock":"","_tribe_ticket_global_stock_level":"","_global_stock_mode":"","_global_stock_cap":"","_tribe_rsvp_for_event":"","_tribe_ticket_going_count":"","_tribe_ticket_not_going_count":"","_tribe_tickets_list":"[]","_tribe_ticket_has_attendee_info_fields":false,"_mc_calendar":[],"footnotes":"","_tec_slr_enabled":"","_tec_slr_layout":""},"class_list":["post-1455","page","type-page","status-publish","hentry"],"ticketed":false,"_links":{"self":[{"href":"https:\/\/szonyimuzeum.hu\/fr\/wp-json\/wp\/v2\/pages\/1455","targetHints":{"allow":["GET"]}}],"collection":[{"href":"https:\/\/szonyimuzeum.hu\/fr\/wp-json\/wp\/v2\/pages"}],"about":[{"href":"https:\/\/szonyimuzeum.hu\/fr\/wp-json\/wp\/v2\/types\/page"}],"author":[{"embeddable":true,"href":"https:\/\/szonyimuzeum.hu\/fr\/wp-json\/wp\/v2\/users\/1"}],"replies":[{"embeddable":true,"href":"https:\/\/szonyimuzeum.hu\/fr\/wp-json\/wp\/v2\/comments?post=1455"}],"version-history":[{"count":436,"href":"https:\/\/szonyimuzeum.hu\/fr\/wp-json\/wp\/v2\/pages\/1455\/revisions"}],"predecessor-version":[{"id":14213,"href":"https:\/\/szonyimuzeum.hu\/fr\/wp-json\/wp\/v2\/pages\/1455\/revisions\/14213"}],"wp:attachment":[{"href":"https:\/\/szonyimuzeum.hu\/fr\/wp-json\/wp\/v2\/media?parent=1455"}],"curies":[{"name":"wp","href":"https:\/\/api.w.org\/{rel}","templated":true}]}}